{"id":3,"date":"2025-07-03T16:00:15","date_gmt":"2025-07-03T16:00:15","guid":{"rendered":"http:\/\/sh00358\/cgi\/addon_GT.cgi?s=GT::WP::Install::Cpanel+%28rzuupxmy%29+-+127.0.0.1+%5Bnocaller%5D\/?page_id=3"},"modified":"2026-04-07T11:28:52","modified_gmt":"2026-04-07T09:28:52","slug":"datenschutz","status":"publish","type":"page","link":"https:\/\/physiotherapie-pregler.de\/de\/datenschutz\/","title":{"rendered":"Datenschutz"},"content":{"rendered":"\n<div class=\"section-wrapper\" data-id=\"9RKYVf\"><section class=\"wp-block-gutenverse-section guten-element guten-section guten-9RKYVf layout-boxed align-stretch\"><div class=\"guten-container guten-column-gap-default\">\n<div class=\"wp-block-gutenverse-column guten-element guten-column guten-2H1Fz1\"><div class=\"guten-column-wrapper\" data-id=\"2H1Fz1\">\n<p aria-label=\"Text Paragraph\" class=\"guten-element gutenverse-text guten-CtF1zc\">Zuletzt aktualisiert: April 7, 2026<br><br><\/p>\n\n\n\n<p aria-label=\"Text Paragraph\" class=\"guten-element gutenverse-text guten-9PFk27\">Diese Datenschutzerkl\u00e4rung beschreibt Unsere Richtlinien und Verfahren f\u00fcr die Erhebung, Verwendung und Offenlegung Ihrer Informationen, wenn Sie den Dienst nutzen, und informiert Sie \u00fcber Ihre Datenschutzrechte und dar\u00fcber, wie das Gesetz Sie sch\u00fctzt.<\/p>\n\n\n\n<p aria-label=\"Text Paragraph\" class=\"guten-element gutenverse-text guten-oLoVDd\">Wir verwenden Ihre personenbezogenen Daten, um den Dienst bereitzustellen und zu verbessern. Durch die Nutzung des Dienstes erkl\u00e4ren Sie sich mit der Erhebung und Verwendung von Informationen gem\u00e4\u00df dieser Datenschutzerkl\u00e4rung einverstanden.<\/p>\n\n\n\n<h2 class=\"wp-block-gutenverse-heading guten-element guten-ww1mTV\">Auslegung<\/h2>\n\n\n\n<h3 class=\"wp-block-gutenverse-heading guten-element guten-ZKDOGs\">Auslegung<\/h3>\n\n\n\n<p aria-label=\"Text Paragraph\" class=\"guten-element gutenverse-text guten-TJLp7i\">W\u00f6rter, deren Anfangsbuchstabe gro\u00dfgeschrieben ist, haben eine unter den folgenden Bedingungen definierte Bedeutung. Die folgenden Definitionen haben die gleiche Bedeutung, unabh\u00e4ngig davon, ob sie im Singular oder im Plural erscheinen.<\/p>\n\n\n\n<h3 class=\"wp-block-gutenverse-heading guten-element guten-JwvFMb\">Definitionen<\/h3>\n\n\n\n<p aria-label=\"Text Paragraph\" class=\"guten-element gutenverse-text guten-SSatB8\">F\u00fcr die Zwecke dieser Datenschutzerkl\u00e4rung bezeichnet:<\/p>\n\n\n\n<ul style=\"font-size:14px\" class=\"wp-block-list\">\n<li class=\"\"><strong>Konto<\/strong> bezeichnet ein einzigartiges Konto, das f\u00fcr Sie erstellt wurde, um auf unseren Dienst oder Teile unseres Dienstes zuzugreifen.<\/li>\n\n\n\n<li class=\"\"><strong>Verbundenes Unternehmen<\/strong> bezeichnet eine Einheit, die eine Partei kontrolliert, von ihr kontrolliert wird oder mit ihr unter gemeinsamer Kontrolle steht, wobei \u201eKontrolle\u201c den Besitz von 50 % oder mehr der Anteile, Eigenkapitalanteile oder anderen Wertpapiere bedeutet, die zur Stimmabgabe bei der Wahl von Direktoren oder anderen Gesch\u00e4ftsf\u00fchrungsorganen berechtigen.<\/li>\n\n\n\n<li class=\"\"><strong>Das Unternehmen<\/strong> (u. a. als \u201edas Unternehmen\u201c, \u201eWir\u201c, \u201eUns\u201c oder \u201eUnser\u201c in dieser Vereinbarung bezeichnet) bezieht sich auf Private Physiotherapie Pregler, Gr\u00fcnwalderstra\u00dfe 49, 81547 M\u00fcnchen. Im Sinne der DSGVO ist das Unternehmen der Verantwortliche.<\/li>\n\n\n\n<li class=\"\"><strong>Cookies<\/strong> sind kleine Dateien, die von einer Website auf Ihrem Computer, Mobilger\u00e4t oder einem anderen Ger\u00e4t platziert werden und unter anderem Details \u00fcber Ihren Browserverlauf auf dieser Website enthalten.<\/li>\n\n\n\n<li class=\"\"><strong>Land<\/strong> bezieht sich auf: Bayern, Deutschland.<\/li>\n\n\n\n<li class=\"\"><strong>Verantwortlicher<\/strong> im Sinne der DSGVO (Datenschutz-Grundverordnung) bezieht sich auf das Unternehmen als die juristische Person, die allein oder gemeinsam mit anderen \u00fcber die Zwecke und Mittel der Verarbeitung personenbezogener Daten entscheidet.<\/li>\n\n\n\n<li class=\"\"><strong>Ger\u00e4t<\/strong> bezeichnet jedes Ger\u00e4t, das auf den Dienst zugreifen kann, wie z. B. ein Computer, ein Mobiltelefon oder ein digitales Tablet.<\/li>\n\n\n\n<li class=\"\"><strong>DSGVO<\/strong> bezieht sich auf die EU-Datenschutz-Grundverordnung.<\/li>\n\n\n\n<li class=\"\"><strong>Personenbezogene Daten<\/strong> sind alle Informationen, die sich auf eine identifizierte oder identifizierbare nat\u00fcrliche Person beziehen. Im Sinne der DSGVO bezeichnen personenbezogene Daten alle Informationen, die sich auf Sie beziehen, wie z. B. Name, Identifikationsnummer, Standortdaten, Online-Kennung oder ein oder mehrere Faktoren, die Ausdruck der physischen, physiologischen, genetischen, psychischen, wirtschaftlichen, kulturellen oder sozialen Identit\u00e4t sind.<\/li>\n\n\n\n<li class=\"\"><strong>Dienst<\/strong> bezieht sich auf die Website.<\/li>\n\n\n\n<li class=\"\"><strong>Dienstleister<\/strong> bezeichnet jede nat\u00fcrliche oder juristische Person, die die Daten im Auftrag des Unternehmens verarbeitet. Es bezieht sich auf Drittunternehmen oder Einzelpersonen, die vom Unternehmen beauftragt wurden, den Dienst zu unterst\u00fctzen, den Dienst im Namen des Unternehmens bereitzustellen, mit dem Dienst verbundene Dienstleistungen zu erbringen oder das Unternehmen bei der Analyse der Nutzung des Dienstes zu unterst\u00fctzen. Im Sinne der DSGVO gelten Dienstleister als Auftragsverarbeiter.<\/li>\n\n\n\n<li class=\"\"><strong>Website<\/strong> bezieht sich auf Private Physiotherapie Pregler, erreichbar unter: <a href=\"https:\/\/physiotherapie-pregler.de\">https:\/\/physiotherapie-pregler.de<\/a><\/li>\n\n\n\n<li class=\"\"><strong>Nutzungsdaten<\/strong> beziehen sich auf automatisch erhobene Daten, die entweder durch die Nutzung des Dienstes oder aus der Infrastruktur des Dienstes selbst generiert werden (z. B. die Dauer eines Seitenbesuchs).<\/li>\n\n\n\n<li class=\"\"><strong>Sie<\/strong> bezeichnet die nat\u00fcrliche Person, die auf den Dienst zugreift oder diesen nutzt, bzw. das Unternehmen oder eine andere juristische Person, in deren Namen diese Person auf den Dienst zugreift oder diesen nutzt, je nach Fall. Gem\u00e4\u00df DSGVO k\u00f6nnen Sie als die betroffene Person (Data Subject) oder als Nutzer (User) bezeichnet werden, da Sie die Person sind, die den Dienst nutzt.<\/li>\n<\/ul>\n\n\n\n<h2 class=\"wp-block-gutenverse-heading guten-element guten-GCC4ZU\">Erhebung und Verwendung Ihrer personenbezogenen Daten<\/h2>\n\n\n\n<h3 class=\"wp-block-gutenverse-heading guten-element guten-CTW3kq\">Arten der erhobenen Daten<\/h3>\n\n\n\n<h4 class=\"wp-block-gutenverse-heading guten-element guten-gYaD7e\"><strong>Personenbezogene Daten<\/strong><\/h4>\n\n\n\n<p aria-label=\"Text Paragraph\" class=\"guten-element gutenverse-text guten-9YUGHw\">W\u00e4hrend der Nutzung Unseres Dienstes bitten wir Sie m\u00f6glicherweise, Uns bestimmte personenbezogene Informationen zur Verf\u00fcgung zu stellen, die dazu verwendet werden k\u00f6nnen, Sie zu kontaktieren oder zu identifizieren. Personenbezogene Daten k\u00f6nnen unter anderem sein:<\/p>\n\n\n\n<ul style=\"font-size:14px\" class=\"wp-block-list\">\n<li class=\"\">E-Mail-Adresse<\/li>\n\n\n\n<li class=\"\">Vorname und Nachname<\/li>\n\n\n\n<li class=\"\">Nutzungsdaten<\/li>\n<\/ul>\n\n\n\n<h4 class=\"wp-block-gutenverse-heading guten-element guten-HTmJFq\"><strong>Nutzungsdaten<\/strong><\/h4>\n\n\n\n<p aria-label=\"Text Paragraph\" class=\"guten-element gutenverse-text guten-kbY9dD\">Nutzungsdaten werden bei der Nutzung des Dienstes automatisch erhoben.<\/p>\n\n\n\n<p aria-label=\"Text Paragraph\" class=\"guten-element gutenverse-text guten-bz3Xgk\">Nutzungsdaten k\u00f6nnen Informationen wie die Internetprotokoll-Adresse Ihres Ger\u00e4ts (z. B. IP-Adresse), den Browsertyp, die Browserversion, die von Ihnen besuchten Seiten Unseres Dienstes, den Zeitpunkt und das Datum Ihres Besuchs, die auf diesen Seiten verbrachte Zeit, eindeutige Ger\u00e4tekennungen und andere Diagnosedaten enthalten.<\/p>\n\n\n\n<p aria-label=\"Text Paragraph\" class=\"guten-element gutenverse-text guten-1RyHej\">Wenn Sie mit oder \u00fcber ein mobiles Ger\u00e4t auf den Dienst zugreifen, erfassen Wir m\u00f6glicherweise bestimmte Informationen automatisch, einschlie\u00dflich, aber nicht beschr\u00e4nkt auf den Typ des von Ihnen verwendeten mobilen Ger\u00e4ts, die eindeutige ID Ihres mobilen Ger\u00e4ts, die IP-Adresse Ihres mobilen Ger\u00e4ts, Ihr mobiles Betriebssystem, den Typ des von Ihnen verwendeten mobilen Internetbrowsers, eindeutige Ger\u00e4tekennungen und andere Diagnosedaten.<\/p>\n\n\n\n<p aria-label=\"Text Paragraph\" class=\"guten-element gutenverse-text guten-0RQYoz\">Wir k\u00f6nnen auch Informationen erfassen, die Ihr Browser sendet, wann immer Sie Unseren Dienst besuchen oder wenn Sie \u00fcber ein mobiles Ger\u00e4t auf den Dienst zugreifen.<\/p>\n\n\n\n<h4 class=\"wp-block-gutenverse-heading guten-element guten-V9nWcR\">Tracking-Technologien und Cookies<\/h4>\n\n\n\n<p aria-label=\"Text Paragraph\" class=\"guten-element gutenverse-text guten-QQrwDx\">Wir verwenden Cookies und \u00e4hnliche Tracking-Technologien, um die Aktivit\u00e4ten auf Unserem Dienst zu verfolgen und bestimmte Informationen zu speichern. Die verwendeten Tracking-Technologien sind Beacons, Tags und Skripte, um Informationen zu sammeln und zu verfolgen sowie Unseren Dienst zu verbessern und zu analysieren.<\/p>\n\n\n\n<ul style=\"font-size:14px\" class=\"wp-block-list\">\n<li class=\"\"><strong>Cookies oder Browser-Cookies.<\/strong> Ein Cookie ist eine kleine Datei, die auf Ihrem Ger\u00e4t gespeichert wird. Sie k\u00f6nnen Va\u0161 Browser so anweisen, dass er alle Cookies ablehnt oder anzeigt, wenn ein Cookie gesendet wird. Wenn Sie jedoch keine Cookies akzeptieren, k\u00f6nnen Sie m\u00f6glicherweise einige Teile Unseres Dienstes nicht nutzen. Sofern Sie Va\u0161 Browser-Einstellung nicht so angepasst haben, dass Cookies abgelehnt werden, kann Unser Dienst Cookies verwenden.<\/li>\n\n\n\n<li class=\"\"><strong>Web Beacons.<\/strong> Bestimmte Abschnitte Unseres Dienstes und Unserer E-Mails k\u00f6nnen kleine elektronische Dateien enthalten, die als Web Beacons bekannt sind (auch als Clear Gifs, Pixel-Tags und Single-Pixel-Gifs bezeichnet), die es dem Unternehmen beispielsweise erm\u00f6glichen, Benutzer zu z\u00e4hlen, die diese Seiten besucht oder eine E-Mail ge\u00f6ffnet haben, sowie f\u00fcr andere damit zusammenh\u00e4ngende Website-Statistiken.<\/li>\n<\/ul>\n\n\n\n<p aria-label=\"Text Paragraph\" class=\"guten-element gutenverse-text guten-enHWeh\">Cookies k\u00f6nnen \u201epersistente\u201c oder \u201eSitzungs-Cookies\u201c (Session Cookies) sein. Persistente Cookies verbleiben auf Ihrem Computer oder Mobilger\u00e4t, wenn Sie offline gehen, w\u00e4hrend Sitzungs-Cookies gel\u00f6scht werden, sobald Sie Ihren Webbrowser schlie\u00dfen.<\/p>\n\n\n\n<p aria-label=\"Text Paragraph\" class=\"guten-element gutenverse-text guten-h9FZCF\">Wir verwenden sowohl Sitzungs- als auch persistente Cookies f\u00fcr die unten aufgef\u00fchrten Zwecke:<\/p>\n\n\n\n<ul style=\"font-size:14px\" class=\"wp-block-list\">\n<li class=\"\"><strong>Notwendige \/ Essenzielle Cookies<\/strong> Typ: Sitzungs-Cookies Verwaltet durch: Uns Zweck: Diese Cookies sind unerl\u00e4sslich, um Ihnen \u00fcber die Website verf\u00fcgbare Dienste bereitzustellen und Ihnen die Nutzung einiger Funktionen zu erm\u00f6glichen. Sie helfen bei der Authentifizierung von Benutzern und verhindern die betr\u00fcgerische Nutzung von Benutzerkonten. Ohne diese Cookies k\u00f6nnen die von Ihnen angeforderten Dienste nicht bereitgestellt werden, und Wir verwenden diese Cookies nur, um Ihnen diese Dienste bereitzustellen.<\/li>\n\n\n\n<li class=\"\"><strong>Cookies-Richtlinie \/ Akzeptanz-Cookies f\u00fcr Hinweise<\/strong> Typ: Persistente Cookies Verwaltet durch: Uns Zweck: Diese Cookies stellen fest, ob Benutzer der Verwendung von Cookies auf der Website zugestimmt haben.<\/li>\n\n\n\n<li class=\"\"><strong>Funktionalit\u00e4ts-Cookies<\/strong> Typ: Persistente Cookies Verwaltet durch: Uns Zweck: Diese Cookies erm\u00f6glichen es uns, Entscheidungen zu speichern, die Sie bei der Nutzung der Website treffen, wie z. B. die Speicherung Ihrer Logindaten oder Sprachpr\u00e4ferenzen. Der Zweck dieser Cookies ist es, Ihnen ein pers\u00f6nlicheres Erlebnis zu bieten und zu vermeiden, dass Sie Ihre Einstellungen jedes Mal neu eingeben m\u00fcssen, wenn Sie die Website nutzen.<\/li>\n\n\n\n<li class=\"\"><strong>Tracking- und Leistungs-Cookies<\/strong> Typ: Persistente Cookies Verwaltet durch: Drittanbieter Zweck: Diese Cookies werden verwendet, um Informationen \u00fcber den Datenverkehr auf der Website und die Nutzung der Website durch die Benutzer zu verfolgen. Die \u00fcber diese Cookies gesammelten Informationen k\u00f6nnen Sie direkt oder indirekt als individuellen Besucher identifizieren. Dies liegt daran, dass die gesammelten Informationen in der Regel mit einer pseudonymen Kennung verkn\u00fcpft sind, die dem Ger\u00e4t zugeordnet ist, mit dem Sie auf die Website zugreifen. Wir k\u00f6nnen diese Cookies auch verwenden, um neue Seiten, Funktionen oder neue Funktionen der Website zu testen, um zu sehen, wie unsere Benutzer darauf reagieren.<\/li>\n\n\n\n<li class=\"\"><strong>Targeting- und Werbe-Cookies<\/strong> Typ: Persistente Cookies Verwaltet durch: Drittanbieter Zweck: Diese Cookies verfolgen Ihre Surfgewohnheiten, um es Uns zu erm\u00f6glichen, Werbung anzuzeigen, die mit gr\u00f6\u00dferer Wahrscheinlichkeit f\u00fcr Sie von Interesse ist. Diese Cookies verwenden Informationen \u00fcber Ihren Browserverlauf, um Sie mit anderen Benutzern zu gruppieren, die \u00e4hnliche Interessen haben. Basierend auf diesen Informationen und mit Unserer Erlaubnis k\u00f6nnen Drittanbieter Cookies platzieren, um ihnen zu erm\u00f6glichen, Anzeigen zu schalten, von denen wir glauben, dass sie f\u00fcr Ihre Interessen relevant sind, w\u00e4hrend Sie sich auf Websites Dritter befinden.<\/li>\n<\/ul>\n\n\n\n<p aria-label=\"Text Paragraph\" class=\"guten-element gutenverse-text guten-FDqiEs\">Weitere Informationen \u00fcber die von uns verwendeten Cookies und Ihre Wahlm\u00f6glichkeiten in Bezug auf Cookies finden Sie in unserer Cookie-Richtlinie oder im Abschnitt \u201eCookies\u201c unserer Datenschutzerkl\u00e4rung.<\/p>\n\n\n\n<h3 class=\"wp-block-gutenverse-heading guten-element guten-4gKsv8\">Verwendung Ihrer personenbezogenen Daten<\/h3>\n\n\n\n<p aria-label=\"Text Paragraph\" class=\"guten-element gutenverse-text guten-3wmywI\">Das Unternehmen kann personenbezogene Daten f\u00fcr die folgenden Zwecke verwenden:<\/p>\n\n\n\n<ul style=\"font-size:14px\" class=\"wp-block-list\">\n<li class=\"\"><strong>Zur Bereitstellung und Aufrechterhaltung unseres Dienstes<\/strong>, einschlie\u00dflich der \u00dcberwachung der Nutzung unseres Dienstes.<\/li>\n\n\n\n<li class=\"\"><strong>Zur Verwaltung Ihres Kontos:<\/strong> Um Ihre Registrierung als Nutzer des Dienstes zu verwalten. Die von Ihnen bereitgestellten personenbezogenen Daten k\u00f6nnen Ihnen Zugang zu verschiedenen Funktionen des Dienstes verschaffen, die Ihnen als registriertem Nutzer zur Verf\u00fcgung stehen.<\/li>\n\n\n\n<li class=\"\"><strong>Zur Vertragserf\u00fcllung:<\/strong> Die Entwicklung, Einhaltung und Durchf\u00fchrung des Kaufvertrags f\u00fcr die Produkte, Artikel oder Dienstleistungen, die Sie erworben haben, oder eines anderen Vertrages mit Uns \u00fcber den Dienst.<\/li>\n\n\n\n<li class=\"\"><strong>Um Sie zu kontaktieren: <\/strong>Um Sie per E-Mail, Telefonanruf, SMS oder andere gleichwertige Formen elektronischer Kommunikation zu kontaktieren, wie z. B. Push-Benachrichtigungen einer mobilen Anwendung \u00fcber Aktualisierungen oder informative Mitteilungen im Zusammenhang mit den Funktionen, Produkten oder vertraglich vereinbarten Dienstleistungen, einschlie\u00dflich Sicherheitsupdates, sofern dies f\u00fcr deren Implementierung erforderlich oder angemessen ist.<\/li>\n\n\n\n<li class=\"\"><strong>Um Ihnen<\/strong> Neuigkeiten, Sonderangebote und allgemeine Informationen \u00fcber andere von uns angebotene Waren, Dienstleistungen und Veranstaltungen zukommen zu lassen, die denen \u00e4hneln, die Sie bereits gekauft oder angefragt haben, es sei denn, Sie haben sich gegen den Erhalt solcher Informationen entschieden.<\/li>\n\n\n\n<li class=\"\"><strong>Zur Verwaltung Ihrer Anfragen: <\/strong>Um Ihre Anfragen an Uns zu bearbeiten und zu verwalten.<\/li>\n\n\n\n<li class=\"\"><strong>F\u00fcr Gesch\u00e4fts\u00fcbertragungen: <\/strong>Wir k\u00f6nnen Ihre Informationen verwenden, um eine Fusion, Ver\u00e4u\u00dferung, Umstrukturierung, Reorganisation, Aufl\u00f6sung oder einen anderen Verkauf oder eine \u00dcbertragung einiger oder aller unserer Verm\u00f6genswerte zu bewerten oder durchzuf\u00fchren, sei es als fortlaufendes Unternehmen oder im Rahmen eines Konkurses, einer Liquidation oder eines \u00e4hnlichen Verfahrens, bei dem die von uns \u00fcber unsere Dienstnutzer gespeicherten personenbezogenen Daten zu den \u00fcbertragenen Verm\u00f6genswerten geh\u00f6ren.<\/li>\n\n\n\n<li class=\"\"><strong>F\u00fcr andere Zwecke: <\/strong>Wir k\u00f6nnen Ihre Informationen f\u00fcr andere Zwecke verwenden, wie z. B. Datenanalyse, Identifizierung von Nutzungstrends, Feststellung der Wirksamkeit unserer Werbekampagnen und zur Bewertung und Verbesserung unseres Dienstes, unserer Produkte, Dienstleistungen, unseres Marketings und Ihrer Erfahrung.<\/li>\n<\/ul>\n\n\n\n<p aria-label=\"Text Paragraph\" class=\"guten-element gutenverse-text guten-Roasc8\">Wir k\u00f6nnen Ihre personenbezogenen Informationen in den folgenden Situationen weitergeben:<\/p>\n\n\n\n<ul style=\"font-size:14px\" class=\"wp-block-list\">\n<li class=\"\"><strong>Mit Dienstleistern:<\/strong> Wir k\u00f6nnen Ihre personenbezogenen Informationen mit Dienstleistern teilen, um die Nutzung unseres Dienstes zu \u00fcberwachen und zu analysieren und um Sie zu kontaktieren.<\/li>\n\n\n\n<li class=\"\"><strong>F\u00fcr Gesch\u00e4fts\u00fcbertragungen:<\/strong> Wir k\u00f6nnen Ihre personenbezogenen Informationen im Zusammenhang mit oder w\u00e4hrend der Verhandlungen \u00fcber eine Fusion, den Verkauf von Unternehmensverm\u00f6gen, eine Finanzierung oder den Erwerb unseres gesamten Unternehmens ili eines Teils davon an ein anderes Unternehmen weitergeben oder \u00fcbertragen.<\/li>\n\n\n\n<li class=\"\"><strong>Mit verbundenen Unternehmen:<\/strong> Wir k\u00f6nnen Ihre Informationen mit unseren verbundenen Unternehmen teilen. In diesem Fall verlangen wir von diesen Unternehmen, dass sie diese Datenschutzerkl\u00e4rung einhalten. Zu den verbundenen Unternehmen geh\u00f6ren unsere Muttergesellschaft und alle anderen Tochtergesellschaften, Joint-Venture-Partner oder andere Unternehmen, die wir kontrollieren oder die unter gemeinsamer Kontrolle mit uns stehen.<\/li>\n\n\n\n<li class=\"\"><strong>Mit Gesch\u00e4ftspartnern: <\/strong>Wir k\u00f6nnen Ihre Informationen mit unseren Gesch\u00e4ftspartnern teilen, um Ihnen bestimmte Produkte, Dienstleistungen oder Werbeaktionen anzubieten.<\/li>\n\n\n\n<li class=\"\"><strong>Mit anderen Nutzern:<\/strong> Wenn Sie personenbezogene Informationen teilen oder anderweitig in \u00f6ffentlichen Bereichen mit anderen Nutzern interagieren, k\u00f6nnen diese Informationen von allen Nutzern eingesehen i au\u00dferhalb \u00f6ffentlich verbreitet werden.<\/li>\n\n\n\n<li class=\"\"><strong>Mit Ihrer Zustimmung:<\/strong> Wir k\u00f6nnen Ihre personenbezogenen Informationen mit Ihrer Zustimmung f\u00fcr jeden anderen Zweck offenlegen.<\/li>\n<\/ul>\n\n\n\n<h3 class=\"wp-block-gutenverse-heading guten-element guten-ddNOLY\">Aufbewahrung Ihrer personenbezogenen Daten<\/h3>\n\n\n\n<p aria-label=\"Text Paragraph\" class=\"guten-element gutenverse-text guten-heB9CP\">Das Unternehmen bewahrt Nutzungsdaten auch f\u00fcr interne Analysezwecke auf. Nutzungsdaten werden im Allgemeinen f\u00fcr einen k\u00fcrzeren Zeitraum aufbewahrt, es sei denn, diese Daten werden zur St\u00e4rkung der Sicherheit oder zur Verbesserung der Funktionalit\u00e4t unseres Dienstes verwendet, oder wir sind gesetzlich verpflichtet, diese Daten f\u00fcr l\u00e4ngere Zeitr\u00e4ume aufzubewahren.<\/p>\n\n\n\n<h3 class=\"wp-block-gutenverse-heading guten-element guten-QghFWT\">\u00dcbertragung Ihrer personenbezogenen Daten<\/h3>\n\n\n\n<p aria-label=\"Text Paragraph\" class=\"guten-element gutenverse-text guten-dcrZG2\">Das Unternehmen wird alle vern\u00fcnftigerweise notwendigen Schritte unternehmen, um sicherzustellen, dass Ihre Daten sicher und in \u00dcbereinstimmung mit dieser Datenschutzerkl\u00e4rung behandelt werden. Es findet keine \u00dcbertragung Ihrer personenbezogenen Daten an eine Organisation oder ein Land statt, sofern keine angemessenen Kontrollen vorhanden sind, die die Sicherheit Ihrer Daten und anderer personenbezogener Informationen einschlie\u00dfen.<\/p>\n\n\n\n<h3 class=\"wp-block-gutenverse-heading guten-element guten-JFHMEr\">L\u00f6schen Ihrer personenbezogenen Daten<\/h3>\n\n\n\n<p aria-label=\"Text Paragraph\" class=\"guten-element gutenverse-text guten-lqfxK7\">Sie haben das Recht zu l\u00f6schen oder zu verlangen, dass Wir Sie beim L\u00f6schen der personenbezogenen Daten unterst\u00fctzen, die Wir \u00fcber Sie gesammelt haben.<\/p>\n\n\n\n<p aria-label=\"Text Paragraph\" class=\"guten-element gutenverse-text guten-x6DOSg\">Unser Dienst gibt Ihnen m\u00f6glicherweise die M\u00f6glichkeit, bestimmte Informationen \u00fcber Sie innerhalb des Dienstes zu l\u00f6schen.<\/p>\n\n\n\n<p aria-label=\"Text Paragraph\" class=\"guten-element gutenverse-text guten-yBXk0J\">Sie k\u00f6nnen Ihre Informationen jederzeit aktualisieren, \u00e4ndern oder l\u00f6schen, indem Sie sich bei Ihrem Konto anmelden, falls Sie eines haben, und den Bereich f\u00fcr Kontoeinstellungen besuchen, in dem Sie Ihre personenbezogenen Daten verwalten k\u00f6nnen. Sie k\u00f6nnen uns auch kontaktieren, um Zugang zu den personenbezogenen Daten, die Sie uns zur Verf\u00fcgung gestellt haben, zu verlangen, diese zu korrigirati oder zu l\u00f6schen.<\/p>\n\n\n\n<p aria-label=\"Text Paragraph\" class=\"guten-element gutenverse-text guten-BCqyYg\">Bitte beachten Sie jedoch, dass Wir bestimmte Informationen m\u00f6glicherweise aufbewahren m\u00fcssen, wenn Wir dazu gesetzlich verpflichtet sind oder eine rechtm\u00e4\u00dfige Grundlage daf\u00fcr haben.<\/p>\n\n\n\n<h3 class=\"wp-block-gutenverse-heading guten-element guten-rjYX7d\">Offenlegung Ihrer personenbezogenen Daten<\/h3>\n\n\n\n<h4 class=\"wp-block-gutenverse-heading guten-element guten-Zv1lw7\">Gesch\u00e4ftstransaktionen<\/h4>\n\n\n\n<p aria-label=\"Text Paragraph\" class=\"guten-element gutenverse-text guten-PJaOLd\">Wenn das Unternehmen an einer Fusion, einer \u00dcbernahme oder einem Verkauf von Verm\u00f6genswerten beteiligt ist, k\u00f6nnen Ihre personenbezogenen Daten \u00fcbertragen werden. Wir werden Sie benachrichtigen, bevor Ihre personenbezogenen Daten \u00fcbertragen werden und einer anderen Datenschutzerkl\u00e4rung unterliegen.<\/p>\n\n\n\n<h4 class=\"wp-block-gutenverse-heading guten-element guten-QUWsD2\">Strafverfolgung<\/h4>\n\n\n\n<p aria-label=\"Text Paragraph\" class=\"guten-element gutenverse-text guten-dAK4PP\">Unter bestimmten Umst\u00e4nden kann das Unternehmen verpflichtet sein, Ihre personenbezogenen Daten offenzulegen, wenn dies gesetzlich vorgeschrieben ist oder als Reaktion auf g\u00fcltige Anfragen von Beh\u00f6rden (z. B. ein Gericht oder eine Regierungsbeh\u00f6rde) erfolgt.<\/p>\n\n\n\n<h4 class=\"wp-block-gutenverse-heading guten-element guten-wrGqmf\">Sonstige rechtliche Anforderungen<\/h4>\n\n\n\n<p aria-label=\"Text Paragraph\" class=\"guten-element gutenverse-text guten-jKegej\">Das Unternehmen kann Ihre personenbezogenen Daten im guten Glauben offenlegen, dass eine solche Ma\u00dfnahme erforderlich ist, um:<\/p>\n\n\n\n<ul style=\"font-size:14px\" class=\"wp-block-list\">\n<li class=\"\">Einer gesetzlichen Verpflichtung nachzukommen<\/li>\n\n\n\n<li class=\"\">Die Rechte oder das Eigentum des Unternehmens zu sch\u00fctzen und zu verteidigen<\/li>\n\n\n\n<li class=\"\">M\u00f6gliches Fehlverhalten im Zusammenhang mit dem Dienst zu verhindern oder zu untersuchen<\/li>\n\n\n\n<li class=\"\">Die pers\u00f6nliche Sicherheit der Nutzer des Dienstes oder der \u00d6ffentlichkeit zu sch\u00fctzen<\/li>\n\n\n\n<li class=\"\">Vor rechtlicher Haftung zu sch\u00fctzen<\/li>\n<\/ul>\n\n\n\n<h3 class=\"wp-block-gutenverse-heading guten-element guten-mVzMrr\">Sicherheit Ihrer personenbezogenen Daten<\/h3>\n\n\n\n<p aria-label=\"Text Paragraph\" class=\"guten-element gutenverse-text guten-I4uG3i\">Die Sicherheit Ihrer personenbezogenen Daten ist Uns wichtig, aber denken Sie daran, dass keine Methode der \u00dcbertragung \u00fcber das Internet oder Methode der elektronischen Speicherung zu 100 % sicher ist. Obwohl Wir uns bem\u00fchen, kommerziell akzeptable Mittel zum Schutz Ihrer personenbezogenen Daten einzusetzen, k\u00f6nnen Wir deren absolute Sicherheit nicht garantieren.<\/p>\n\n\n\n<h2 class=\"wp-block-gutenverse-heading guten-element guten-djzfpJ\">Datenschutz gem\u00e4\u00df DSGVO<\/h2>\n\n\n\n<h3 class=\"wp-block-gutenverse-heading guten-element guten-BDYFGY\">Rechtsgrundlage f\u00fcr die Verarbeitung personenbezogener Daten nach der DSGVO<\/h3>\n\n\n\n<p aria-label=\"Text Paragraph\" class=\"guten-element gutenverse-text guten-UqKrAm\">Wir k\u00f6nnen personenbezogene Daten unter den folgenden Bedingungen verarbeiten:<\/p>\n\n\n\n<ul style=\"font-size:14px\" class=\"wp-block-list\">\n<li class=\"\"><strong>Einwilligung:<\/strong> Sie haben Ihre Einwilligung zur Verarbeitung personenbezogener Daten f\u00fcr einen oder mehrere bestimmte Zwecke erteilt.<\/li>\n\n\n\n<li class=\"\"><strong>Vertragserf\u00fcllung:<\/strong> Die Bereitstellung personenbezogener Daten ist f\u00fcr die Erf\u00fcllung einer Vereinbarung mit Ihnen erforderlich.<\/li>\n\n\n\n<li class=\"\"><strong>Rechtliche Verpflichtungen:<\/strong> Die Verarbeitung personenbezogener Daten ist zur Erf\u00fcllung einer rechtlichen Verpflichtung erforderlich.<\/li>\n\n\n\n<li class=\"\"><strong>Lebenswichtige Interessen:<\/strong> Die Verarbeitung personenbezogener Daten ist erforderlich, um Ihre lebenswichtigen Interessen zu sch\u00fctzen.<\/li>\n\n\n\n<li class=\"\"><strong>\u00d6ffentliche Interessen:<\/strong> Die Verarbeitung personenbezogener Daten steht im Zusammenhang mit einer Aufgabe, die im \u00f6ffentlichen Interesse liegt.<\/li>\n\n\n\n<li class=\"\"><strong>Berechtigte Interessen:<\/strong> Die Verarbeitung personenbezogener Daten ist zur Wahrung der berechtigten Interessen des Unternehmens erforderlich.<\/li>\n<\/ul>\n\n\n\n<p aria-label=\"Text Paragraph\" class=\"guten-element gutenverse-text guten-oYmI4m\">In jedem Fall hilft das Unternehmen gerne dabei, die spezifische Rechtsgrundlage zu kl\u00e4ren, die f\u00fcr die Verarbeitung gilt, insbesondere ob die Bereitstellung personenbezogener Daten eine gesetzliche oder vertragliche Anforderung oder eine f\u00fcr den Abschluss eines Vertrages erforderliche Anforderung ist.<\/p>\n\n\n\n<h3 class=\"wp-block-gutenverse-heading guten-element guten-Enzp9X\">Ihre Rechte gem\u00e4\u00df DSGVO<\/h3>\n\n\n\n<p aria-label=\"Text Paragraph\" class=\"guten-element gutenverse-text guten-9vSu32\">Das Unternehmen verpflichtet sich, die Vertraulichkeit Ihrer personenbezogenen Daten zu wahren und zu garantieren, dass Sie Ihre Rechte aus\u00fcben k\u00f6nnen.<\/p>\n\n\n\n<p aria-label=\"Text Paragraph\" class=\"guten-element gutenverse-text guten-RJYdVF\">Im Rahmen dieser Datenschutzerkl\u00e4rung und kraft Gesetzes, sofern Sie sich innerhalb der EU befinden, haben Sie das Recht auf:<\/p>\n\n\n\n<ul style=\"font-size:14px\" class=\"wp-block-list\">\n<li class=\"\"><strong>Auskunft \u00fcber Ihre personenbezogenen Daten verlangen. <\/strong>Das Recht, auf die Informationen, die Wir \u00fcber Sie haben, zuzugreifen, sie zu aktualisieren oder zu l\u00f6schen. Sofern m\u00f6glich, k\u00f6nnen Sie direkt in Ihren Kontoeinstellungen auf Ihre personenbezogenen Daten zugreifen, diese aktualisieren oder deren L\u00f6schung beantragen. Wenn Sie diese Aktionen nicht selbst durchf\u00fchren k\u00f6nnen, kontaktieren Sie uns bitte, damit Wir Sie unterst\u00fctzen k\u00f6nnen. Dies erm\u00f6glicht es Ihnen auch, eine Kopie der personenbezogenen Daten zu erhalten, die Wir \u00fcber Sie gespeichert haben.<\/li>\n\n\n\n<li class=\"\"><strong>Berichtigung der personenbezogenen Daten verlangen, die Wir \u00fcber Sie gespeichert haben. <\/strong>Sie haben das Recht, unvollst\u00e4ndige oder unrichtige Informationen, die Wir \u00fcber Sie haben, korrigieren zu lassen.<\/li>\n\n\n\n<li class=\"\"><strong>Widerspruch gegen die Verarbeitung Ihrer personenbezogenen Daten einlegen.<\/strong> Dieses Recht besteht, wenn Wir uns auf ein berechtigtes Interesse als Rechtsgrundlage f\u00fcr Unsere Verarbeitung st\u00fctzen und Ihre besondere Situation Sie dazu veranlasst, der Verarbeitung Ihrer personenbezogenen Daten aus diesem Grund zu widersprechen. Sie haben auch das Recht auf Widerspruch, wenn Wir Ihre personenbezogenen Daten f\u00fcr Direktmarketingzwecke verarbeiten.<\/li>\n\n\n\n<li class=\"\"><strong>L\u00f6schung Ihrer personenbezogenen Daten verlangen. <\/strong>Sie haben das Recht, Uns aufzufordern, personenbezogene Daten zu l\u00f6schen ili zu entfernen, wenn kein triftiger Grund f\u00fcr Uns besteht, die Verarbeitung fortzusetzen.<\/li>\n\n\n\n<li class=\"\"><strong>Die \u00dcbertragung Ihrer personenbezogenen Daten verlangen. <\/strong>Wir stellen Ihnen oder einem von Ihnen gew\u00e4hlten Dritten Ihre personenbezogenen Daten in einem strukturierten, g\u00e4ngigen und maschinenlesbaren Format zur Verf\u00fcgung. Bitte beachten Sie, dass dieses Recht nur f\u00fcr automatisierte Informationen gilt, f\u00fcr deren Nutzung Sie Uns urspr\u00fcnglich Ihre Einwilligung erteilt haben oder die Wir zur Erf\u00fcllung eines Vertrages mit Ihnen verwendet haben.<\/li>\n\n\n\n<li class=\"\"><strong>Ihre Einwilligung widerrufen.<\/strong> Sie haben das Recht, Ihre Einwilligung zur Nutzung Ihrer personenbezogenen Daten zu widerrufen. Wenn Sie Ihre Einwilligung widerrufen, k\u00f6nnen Wir Ihnen m\u00f6glicherweise keinen Zugang zu bestimmten spezifischen Funktionen des Dienstes gew\u00e4hren.<\/li>\n<\/ul>\n\n\n\n<h3 class=\"wp-block-gutenverse-heading guten-element guten-cIhz5T\">Aus\u00fcbung Ihrer DSGVO-Datenschutzrechte<\/h3>\n\n\n\n<p aria-label=\"Text Paragraph\" class=\"guten-element gutenverse-text guten-r8x3lU\">Sie k\u00f6nnen Ihre Rechte auf Auskunft, Berichtigung, L\u00f6schung und Widerspruch aus\u00fcben, indem Sie Uns kontaktieren. Bitte beachten Sie, dass Wir Sie m\u00f6glicherweise bitten, Ihre Identit\u00e4t zu verifizieren, bevor Wir auf solche Anfragen antworten. Wenn Sie eine Anfrage stellen, werden Wir Unser Bestes tun, um Vam so schnell wie m\u00f6glich zu antworten. <\/p>\n\n\n\n<p aria-label=\"Text Paragraph\" class=\"guten-element gutenverse-text guten-QRDzGm\">Sie haben das Recht, sich bei einer Datenschutzbeh\u00f6rde \u00fcber Unsere Erhebung und Verwendung Ihrer personenbezogenen Daten zu beschweren. F\u00fcr weitere Informationen wenden Sie sich bitte an Ihre lokale Datenschutzbeh\u00f6rde im Europ\u00e4ischen Wirtschaftsraum (EWR).<\/p>\n\n\n\n<h2 class=\"wp-block-gutenverse-heading guten-element guten-UzagE7\">Schutz der Privatsph\u00e4re von Kindern<\/h2>\n\n\n\n<p aria-label=\"Text Paragraph\" class=\"guten-element gutenverse-text guten-T7nHy7\">Unser Dienst richtet sich nicht an Personen unter 13 Jahren. Wir sammeln nicht wissentlich personenbezogene Daten von Personen unter 13 Jahren. Wenn Sie ein Elternteil oder Erziehungsberechtigter sind und wissen, dass Ihr Kind Uns personenbezogene Daten zur Verf\u00fcgung gestellt hat, kontaktieren Sie uns bitte. Wenn Wir erfahren, dass Wir personenbezogene Daten von Personen pod 13 Jahren ohne \u00dcberpr\u00fcfung der elterlichen Zustimmung gesammelt haben, ergreifen Wir Schritte, um diese Informationen von Unseren Servern zu entfernen.<\/p>\n\n\n\n<p aria-label=\"Text Paragraph\" class=\"guten-element gutenverse-text guten-xmH03E\">Wenn Wir Uns auf die Einwilligung als Rechtsgrundlage f\u00fcr die Verarbeitung Ihrer Informationen st\u00fctzen m\u00fcssen und Ihr Land die Einwilligung eines Elternteils erfordert, ben\u00f6tigen Wir m\u00f6glicherweise die Einwilligung Ihrer Eltern, bevor Wir diese Informationen sammeln und verwenden.<\/p>\n\n\n\n<h2 class=\"wp-block-gutenverse-heading guten-element guten-n946Ty\">Links zu anderen Websites<\/h2>\n\n\n\n<p aria-label=\"Text Paragraph\" class=\"guten-element gutenverse-text guten-XdtXii\">Wir haben keine Kontrolle \u00fcber den Inhalt, die Datenschutzrichtlinien oder Praktiken von Websites oder Diensten Dritter und \u00fcbernehmen daf\u00fcr keine Verantwortung.<\/p>\n\n\n\n<h2 class=\"wp-block-gutenverse-heading guten-element guten-i5s2OV\">\u00c4nderungen dieser Datenschutzerkl\u00e4rung<\/h2>\n\n\n\n<p aria-label=\"Text Paragraph\" class=\"guten-element gutenverse-text guten-U1XVcu\">Es wird empfohlen, diese Datenschutzerkl\u00e4rung regelm\u00e4\u00dfig auf \u00c4nderungen zu \u00fcberpr\u00fcfen. \u00c4nderungen an dieser Datenschutzerkl\u00e4rung treten in Kraft, wenn sie auf dieser Seite ver\u00f6ffentlicht werden.<\/p>\n\n\n\n<h2 class=\"wp-block-gutenverse-heading guten-element guten-KBqSfd\">Kontaktieren Sie uns<\/h2>\n\n\n\n<p aria-label=\"Text Paragraph\" class=\"guten-element gutenverse-text guten-lr9HMm\">Wenn Sie Fragen zu dieser Datenschutzerkl\u00e4rung haben, k\u00f6nnen Sie uns kontaktieren:<\/p>\n\n\n\n<ul style=\"font-size:14px\" class=\"wp-block-list\">\n<li class=\"\"><strong>Per E-Mail:<\/strong> <a href=\"mailto:privacy@physiotherapie-pregler.de\" target=\"_blank\" rel=\"noreferrer noopener nofollow\">privacy@physiotherapie-pregler.de<\/a><\/li>\n\n\n\n<li class=\"\"><strong>Per Telefon:<\/strong> <a data-type=\"tel\" data-id=\"tel:+4917632968761\" href=\"tel:+4917632968761\">+49 176 32968761<\/a><\/li>\n\n\n\n<li class=\"\"><strong>Durch Besuch dieser Seite auf unserer Website:<\/strong> <a href=\"https:\/\/physiotherapie-pregler.de\/de\/kontakt\/\">https:\/\/physiotherapie-pregler.de\/de\/kontakt\/<\/a><\/li>\n<\/ul>\n<\/div><\/div>\n<\/div><\/section><\/div>\n","protected":false},"excerpt":{"rendered":"","protected":false},"author":1,"featured_media":0,"parent":0,"menu_order":0,"comment_status":"closed","ping_status":"closed","template":"wp-custom-template-legal-pages","meta":{"nf_dc_page":"","footnotes":""},"class_list":["post-3","page","type-page","status-publish","hentry"],"yoast_head":"<!-- This site is optimized with the Yoast SEO plugin v27.3 - https:\/\/yoast.com\/product\/yoast-seo-wordpress\/ -->\n<title>Datenschutz - Private Physiotherapie Pregler<\/title>\n<meta name=\"robots\" content=\"noindex, nofollow\" \/>\n<meta property=\"og:locale\" content=\"de_DE\" \/>\n<meta property=\"og:type\" content=\"article\" \/>\n<meta property=\"og:title\" content=\"Datenschutz - Private Physiotherapie Pregler\" \/>\n<meta property=\"og:url\" content=\"https:\/\/physiotherapie-pregler.de\/de\/datenschutz\/\" \/>\n<meta property=\"og:site_name\" content=\"Private Physiotherapie Pregler\" \/>\n<meta property=\"article:modified_time\" content=\"2026-04-07T09:28:52+00:00\" \/>\n<meta name=\"twitter:card\" content=\"summary_large_image\" \/>\n<script type=\"application\/ld+json\" class=\"yoast-schema-graph\">{\"@context\":\"https:\\\/\\\/schema.org\",\"@graph\":[{\"@type\":\"WebPage\",\"@id\":\"https:\\\/\\\/physiotherapie-pregler.de\\\/datenschutz\\\/\",\"url\":\"https:\\\/\\\/physiotherapie-pregler.de\\\/datenschutz\\\/\",\"name\":\"Datenschutz - Private Physiotherapie Pregler\",\"isPartOf\":{\"@id\":\"https:\\\/\\\/rzu.upx.mybluehost.me\\\/#website\"},\"datePublished\":\"2025-07-03T16:00:15+00:00\",\"dateModified\":\"2026-04-07T09:28:52+00:00\",\"breadcrumb\":{\"@id\":\"https:\\\/\\\/physiotherapie-pregler.de\\\/datenschutz\\\/#breadcrumb\"},\"inLanguage\":\"de\",\"potentialAction\":[{\"@type\":\"ReadAction\",\"target\":[\"https:\\\/\\\/physiotherapie-pregler.de\\\/datenschutz\\\/\"]}]},{\"@type\":\"BreadcrumbList\",\"@id\":\"https:\\\/\\\/physiotherapie-pregler.de\\\/datenschutz\\\/#breadcrumb\",\"itemListElement\":[{\"@type\":\"ListItem\",\"position\":1,\"name\":\"Home\",\"item\":\"https:\\\/\\\/physiotherapie-pregler.de\\\/\"},{\"@type\":\"ListItem\",\"position\":2,\"name\":\"Datenschutz\"}]},{\"@type\":\"WebSite\",\"@id\":\"https:\\\/\\\/rzu.upx.mybluehost.me\\\/#website\",\"url\":\"https:\\\/\\\/rzu.upx.mybluehost.me\\\/\",\"name\":\"Private Physiotherapie Pregler\",\"description\":\"PRIVATE PHYSIOTHERAPIE PREGLER\",\"publisher\":{\"@id\":\"https:\\\/\\\/rzu.upx.mybluehost.me\\\/#organization\"},\"alternateName\":\"Private Physiotherapie Pregler\",\"potentialAction\":[{\"@type\":\"SearchAction\",\"target\":{\"@type\":\"EntryPoint\",\"urlTemplate\":\"https:\\\/\\\/rzu.upx.mybluehost.me\\\/?s={search_term_string}\"},\"query-input\":{\"@type\":\"PropertyValueSpecification\",\"valueRequired\":true,\"valueName\":\"search_term_string\"}}],\"inLanguage\":\"de\"},{\"@type\":\"Organization\",\"@id\":\"https:\\\/\\\/rzu.upx.mybluehost.me\\\/#organization\",\"name\":\"Private Physiotherapie Pregler\",\"alternateName\":\"Private Physiotherapie Pregler\",\"url\":\"https:\\\/\\\/rzu.upx.mybluehost.me\\\/\",\"logo\":{\"@type\":\"ImageObject\",\"inLanguage\":\"de\",\"@id\":\"https:\\\/\\\/rzu.upx.mybluehost.me\\\/#\\\/schema\\\/logo\\\/image\\\/\",\"url\":\"https:\\\/\\\/physiotherapie-pregler.de\\\/wp-content\\\/uploads\\\/2025\\\/07\\\/Physiotherapie-Pregler-Logo-Green.webp\",\"contentUrl\":\"https:\\\/\\\/physiotherapie-pregler.de\\\/wp-content\\\/uploads\\\/2025\\\/07\\\/Physiotherapie-Pregler-Logo-Green.webp\",\"width\":512,\"height\":512,\"caption\":\"Private Physiotherapie Pregler\"},\"image\":{\"@id\":\"https:\\\/\\\/rzu.upx.mybluehost.me\\\/#\\\/schema\\\/logo\\\/image\\\/\"},\"sameAs\":[\"https:\\\/\\\/www.instagram.com\\\/physiopregler\\\/\"]}]}<\/script>\n<!-- \/ Yoast SEO plugin. -->","yoast_head_json":{"title":"Datenschutz - Private Physiotherapie Pregler","robots":{"index":"noindex","follow":"nofollow"},"og_locale":"de_DE","og_type":"article","og_title":"Datenschutz - Private Physiotherapie Pregler","og_url":"https:\/\/physiotherapie-pregler.de\/de\/datenschutz\/","og_site_name":"Private Physiotherapie Pregler","article_modified_time":"2026-04-07T09:28:52+00:00","twitter_card":"summary_large_image","schema":{"@context":"https:\/\/schema.org","@graph":[{"@type":"WebPage","@id":"https:\/\/physiotherapie-pregler.de\/datenschutz\/","url":"https:\/\/physiotherapie-pregler.de\/datenschutz\/","name":"Datenschutz - Private Physiotherapie Pregler","isPartOf":{"@id":"https:\/\/rzu.upx.mybluehost.me\/#website"},"datePublished":"2025-07-03T16:00:15+00:00","dateModified":"2026-04-07T09:28:52+00:00","breadcrumb":{"@id":"https:\/\/physiotherapie-pregler.de\/datenschutz\/#breadcrumb"},"inLanguage":"de","potentialAction":[{"@type":"ReadAction","target":["https:\/\/physiotherapie-pregler.de\/datenschutz\/"]}]},{"@type":"BreadcrumbList","@id":"https:\/\/physiotherapie-pregler.de\/datenschutz\/#breadcrumb","itemListElement":[{"@type":"ListItem","position":1,"name":"Home","item":"https:\/\/physiotherapie-pregler.de\/"},{"@type":"ListItem","position":2,"name":"Datenschutz"}]},{"@type":"WebSite","@id":"https:\/\/rzu.upx.mybluehost.me\/#website","url":"https:\/\/rzu.upx.mybluehost.me\/","name":"Private Physiotherapie Pregler","description":"PRIVATE PHYSIOTHERAPIE PREGLER","publisher":{"@id":"https:\/\/rzu.upx.mybluehost.me\/#organization"},"alternateName":"Private Physiotherapie Pregler","potentialAction":[{"@type":"SearchAction","target":{"@type":"EntryPoint","urlTemplate":"https:\/\/rzu.upx.mybluehost.me\/?s={search_term_string}"},"query-input":{"@type":"PropertyValueSpecification","valueRequired":true,"valueName":"search_term_string"}}],"inLanguage":"de"},{"@type":"Organization","@id":"https:\/\/rzu.upx.mybluehost.me\/#organization","name":"Private Physiotherapie Pregler","alternateName":"Private Physiotherapie Pregler","url":"https:\/\/rzu.upx.mybluehost.me\/","logo":{"@type":"ImageObject","inLanguage":"de","@id":"https:\/\/rzu.upx.mybluehost.me\/#\/schema\/logo\/image\/","url":"https:\/\/physiotherapie-pregler.de\/wp-content\/uploads\/2025\/07\/Physiotherapie-Pregler-Logo-Green.webp","contentUrl":"https:\/\/physiotherapie-pregler.de\/wp-content\/uploads\/2025\/07\/Physiotherapie-Pregler-Logo-Green.webp","width":512,"height":512,"caption":"Private Physiotherapie Pregler"},"image":{"@id":"https:\/\/rzu.upx.mybluehost.me\/#\/schema\/logo\/image\/"},"sameAs":["https:\/\/www.instagram.com\/physiopregler\/"]}]}},"_links":{"self":[{"href":"https:\/\/physiotherapie-pregler.de\/de\/wp-json\/wp\/v2\/pages\/3","targetHints":{"allow":["GET"]}}],"collection":[{"href":"https:\/\/physiotherapie-pregler.de\/de\/wp-json\/wp\/v2\/pages"}],"about":[{"href":"https:\/\/physiotherapie-pregler.de\/de\/wp-json\/wp\/v2\/types\/page"}],"author":[{"embeddable":true,"href":"https:\/\/physiotherapie-pregler.de\/de\/wp-json\/wp\/v2\/users\/1"}],"replies":[{"embeddable":true,"href":"https:\/\/physiotherapie-pregler.de\/de\/wp-json\/wp\/v2\/comments?post=3"}],"version-history":[{"count":5,"href":"https:\/\/physiotherapie-pregler.de\/de\/wp-json\/wp\/v2\/pages\/3\/revisions"}],"predecessor-version":[{"id":1016,"href":"https:\/\/physiotherapie-pregler.de\/de\/wp-json\/wp\/v2\/pages\/3\/revisions\/1016"}],"wp:attachment":[{"href":"https:\/\/physiotherapie-pregler.de\/de\/wp-json\/wp\/v2\/media?parent=3"}],"curies":[{"name":"wp","href":"https:\/\/api.w.org\/{rel}","templated":true}]}}