{"id":762,"date":"2025-08-05T09:07:37","date_gmt":"2025-08-05T07:07:37","guid":{"rendered":"https:\/\/physiotherapie-pregler.de\/?page_id=762"},"modified":"2026-04-20T09:23:02","modified_gmt":"2026-04-20T07:23:02","slug":"home","status":"publish","type":"page","link":"https:\/\/physiotherapie-pregler.de\/de\/","title":{"rendered":"Home"},"content":{"rendered":"\n<div class=\"wp-block-cover alignfull\" style=\"margin-top:0px;margin-bottom:0px;padding-top:0px;padding-right:0px;padding-bottom:0px;padding-left:0px;min-height:100vh;aspect-ratio:unset;\"><img decoding=\"async\" width=\"1024\" height=\"576\" loading=\"lazy\" class=\"wp-block-cover__image-background wp-image-951 size-large\" alt=\"Private-Physiotherapie-Pregler-Home-Hero\" src=\"https:\/\/physiotherapie-pregler.de\/wp-content\/uploads\/2025\/08\/Private-Physiotherapie-Pregler-Home-Hero-1024x576.webp\" style=\"object-position:25% 50%\" data-object-fit=\"cover\" data-object-position=\"25% 50%\" srcset=\"https:\/\/physiotherapie-pregler.de\/wp-content\/uploads\/2025\/08\/Private-Physiotherapie-Pregler-Home-Hero-1024x576.webp 1024w, https:\/\/physiotherapie-pregler.de\/wp-content\/uploads\/2025\/08\/Private-Physiotherapie-Pregler-Home-Hero-300x169.webp 300w, https:\/\/physiotherapie-pregler.de\/wp-content\/uploads\/2025\/08\/Private-Physiotherapie-Pregler-Home-Hero-768x432.webp 768w, https:\/\/physiotherapie-pregler.de\/wp-content\/uploads\/2025\/08\/Private-Physiotherapie-Pregler-Home-Hero-1536x864.webp 1536w, https:\/\/physiotherapie-pregler.de\/wp-content\/uploads\/2025\/08\/Private-Physiotherapie-Pregler-Home-Hero-18x10.webp 18w, https:\/\/physiotherapie-pregler.de\/wp-content\/uploads\/2025\/08\/Private-Physiotherapie-Pregler-Home-Hero.webp 1920w\" sizes=\"auto, (max-width: 1024px) 100vw, 1024px\" \/><span aria-hidden=\"true\" class=\"wp-block-cover__background has-contrast-background-color has-background-dim-60 has-background-dim\"><\/span><div class=\"wp-block-cover__inner-container is-layout-flow wp-block-cover-is-layout-flow\">\n<div class=\"section-wrapper\" data-id=\"gjcSy4\"><section class=\"wp-block-gutenverse-section guten-element guten-section guten-gjcSy4 layout-boxed align-stretch\"><div class=\"guten-container guten-column-gap-no\">\n<div class=\"wp-block-gutenverse-column guten-element guten-column guten-faP3qy\"><div class=\"guten-column-wrapper\" data-id=\"faP3qy\">\n<div class=\"section-wrapper\" data-id=\"oAECVV\"><section class=\"wp-block-gutenverse-section guten-element guten-section guten-oAECVV layout-fullwidth align-stretch\"><div class=\"guten-container guten-column-gap-no\">\n<div class=\"wp-block-gutenverse-column guten-element guten-column guten-MfWb6Z\"><div class=\"guten-column-wrapper\" data-id=\"MfWb6Z\">\n<div class=\"wp-block-gutenverse-image guten-element guten-image guten-p2eA3G\"><a class=\"guten-image-wrapper\" href=\"https:\/\/physiotherapie-pregler.de\/\"><img decoding=\"async\" loading=\"lazy\" class=\"gutenverse-image-box-filled\" src=\"https:\/\/physiotherapie-pregler.de\/wp-content\/uploads\/2025\/08\/Physiotherapie-Pregler-Logo-White.webp\" height=\"512\" width=\"512\" alt=\"Physiotherapie-Pregler-Logo-White\"\/><\/a><\/div>\n<\/div><\/div>\n\n\n\n<div class=\"wp-block-gutenverse-column guten-element guten-column guten-ulCumo\"><div class=\"guten-column-wrapper\" data-id=\"ulCumo\">\n<h2 class=\"wp-block-gutenverse-heading guten-element guten-tzz4iF\">Private Physiotherapie Pregler<\/h2>\n<\/div><\/div>\n<\/div><\/section><\/div>\n\n\n\n<div class=\"guten-element guten-spacer guten-Hnj85Y\"><\/div>\n\n\n\n<h4 class=\"wp-block-gutenverse-heading guten-element guten-K6ElWH\">Pers\u00f6nliche 1:1 Physiotherapie im M\u00fcnchner S\u00fcden oder bei Ihnen Zuhause <\/h4>\n\n\n\n<div class=\"guten-element guten-spacer guten-8k1Blf\"><\/div>\n\n\n\n<p aria-label=\"Text Paragraph\" class=\"guten-element gutenverse-text guten-kJOUPM\">Professionelle Behandlung in der Praxis oder bei Ihnen Zuhause, klare Empfehlungen und 60 Minuten Zeit pro Termin \u2013 f\u00fcr nachhaltige Fortschritte und mehr Lebensqualit\u00e4t. <\/p>\n\n\n\n<div class=\"guten-element guten-button-wrapper guten-3W2iC9\"><a class=\"guten-button guten-button-md\" href=\"#Services\"><span>Zu den Behandlungen<\/span><\/a><\/div>\n<\/div><\/div>\n<\/div><\/section><\/div>\n<\/div><\/div>\n\n\n\n<div class=\"section-wrapper\" data-id=\"Ld0OV5\"><section class=\"wp-block-gutenverse-section guten-element guten-section guten-Ld0OV5 layout-boxed align-stretch\" id=\"Services\"><div class=\"guten-container guten-column-gap-no\">\n<div class=\"wp-block-gutenverse-column guten-element guten-column guten-3jOhVA\"><div class=\"guten-column-wrapper\" data-id=\"3jOhVA\">\n<h2 class=\"wp-block-gutenverse-heading guten-element guten-I8Asy9\">Behandlungen<\/h2>\n<\/div><\/div>\n\n\n\n<div class=\"wp-block-gutenverse-column guten-element guten-column guten-Map118\"><div class=\"guten-column-wrapper\" data-id=\"Map118\">\n<div class=\"section-wrapper\" data-id=\"PlCMcJ\"><section class=\"wp-block-gutenverse-section guten-element guten-section guten-PlCMcJ layout-boxed align-stretch\"><div class=\"guten-container guten-column-gap-default\">\n<div class=\"wp-block-gutenverse-column guten-element guten-column guten-2xsTGt\"><div class=\"guten-column-wrapper\" data-id=\"2xsTGt\">\n<div class=\"service-img-zoom guten-element guten-wrap-helper no-margin guten-2QIfDZ block with-url\" onclick=\"window.open('https:\/\/physiotherapie-pregler.de\/services\/krankengymnastik\/', '_self');\"><div class=\"guten-inner-wrap\" data-id=\"2QIfDZ\">\n<div class=\"okrugla-slika wp-block-gutenverse-image guten-element guten-image guten-31w2Rv\"><div class=\"guten-image-wrapper\"><img decoding=\"async\" loading=\"lazy\" class=\"gutenverse-image-box-filled\" src=\"https:\/\/physiotherapie-pregler.de\/wp-content\/uploads\/2025\/07\/Krankengymnastik.webp\" height=\"600\" width=\"900\" alt=\"Krankengymnastik\"\/><\/div><\/div>\n\n\n\n<div class=\"wp-block-group is-vertical is-content-justification-center is-layout-flex wp-container-core-group-is-layout-dd49f625 wp-block-group-is-layout-flex\" style=\"min-height:150px;padding-top:30px\">\n<h5 class=\"wp-block-gutenverse-heading guten-element guten-iWvpOT\">Krankengymnastik<\/h5>\n\n\n\n<p aria-label=\"Text Paragraph\" class=\"guten-element gutenverse-text guten-xLZLlV\">Aktive und passive Therapie zur Verbesserung von Beweglichkeit, Kraft und Funktion.<\/p>\n<\/div>\n<\/div><\/div>\n<\/div><\/div>\n\n\n\n<div class=\"wp-block-gutenverse-column guten-element guten-column guten-Qghzwc\"><div class=\"guten-column-wrapper\" data-id=\"Qghzwc\">\n<div class=\"service-img-zoom guten-element guten-wrap-helper no-margin guten-JDOsfu block with-url\" onclick=\"window.open('https:\/\/physiotherapie-pregler.de\/services\/manuelle-therapie\/', '_self');\"><div class=\"guten-inner-wrap\" data-id=\"JDOsfu\">\n<div class=\"okrugla-slika wp-block-gutenverse-image guten-element guten-image guten-SWLgSX\"><div class=\"guten-image-wrapper\"><img decoding=\"async\" loading=\"lazy\" class=\"gutenverse-image-box-filled\" src=\"https:\/\/physiotherapie-pregler.de\/wp-content\/uploads\/2025\/07\/manuelle-therapie.webp\" height=\"677\" width=\"1000\" alt=\"manuelle-therapie\"\/><\/div><\/div>\n\n\n\n<div class=\"wp-block-group is-vertical is-content-justification-center is-layout-flex wp-container-core-group-is-layout-dd49f625 wp-block-group-is-layout-flex\" style=\"min-height:150px;padding-top:30px\">\n<h5 class=\"wp-block-gutenverse-heading guten-element guten-DJnOMd\">Manuelle Therapie<\/h5>\n\n\n\n<p aria-label=\"Text Paragraph\" class=\"guten-element gutenverse-text guten-h8M2Iu\">Gezielte Behandlung von Gelenken, Muskeln und Nerven zur Schmerzlinderung.<\/p>\n<\/div>\n<\/div><\/div>\n<\/div><\/div>\n\n\n\n<div class=\"wp-block-gutenverse-column guten-element guten-column guten-HRIfHs\"><div class=\"guten-column-wrapper\" data-id=\"HRIfHs\">\n<div class=\"service-img-zoom guten-element guten-wrap-helper no-margin guten-AQXoIE block with-url\" onclick=\"window.open('https:\/\/physiotherapie-pregler.de\/services\/manuelle-lymphdrainage\/', '_self');\"><div class=\"guten-inner-wrap\" data-id=\"AQXoIE\">\n<div class=\"okrugla-slika wp-block-gutenverse-image guten-element guten-image guten-iHDCAw\"><div class=\"guten-image-wrapper\"><img decoding=\"async\" loading=\"lazy\" class=\"gutenverse-image-box-filled\" src=\"https:\/\/physiotherapie-pregler.de\/wp-content\/uploads\/2025\/07\/lymphatic-drainage-massage-therapy-propel-physiotherapy.webp\" height=\"1080\" width=\"1920\" alt=\"lymphatic-drainage-massage-therapy-propel-physiotherapy\"\/><\/div><\/div>\n\n\n\n<div class=\"wp-block-group is-vertical is-content-justification-center is-layout-flex wp-container-core-group-is-layout-dd49f625 wp-block-group-is-layout-flex\" style=\"min-height:150px;padding-top:30px\">\n<h5 class=\"wp-block-gutenverse-heading guten-element guten-WWCxkL\">Manuelle Lymphdrainage<\/h5>\n\n\n\n<p aria-label=\"Text Paragraph\" class=\"guten-element gutenverse-text guten-W1lWTv\">Sanfte Technik zur Reduktion von Schwellungen und F\u00f6rderung des Lymphflusses.<\/p>\n<\/div>\n<\/div><\/div>\n<\/div><\/div>\n<\/div><\/section><\/div>\n<\/div><\/div>\n\n\n\n<div class=\"wp-block-gutenverse-column guten-element guten-column guten-7fL0k8\"><div class=\"guten-column-wrapper\" data-id=\"7fL0k8\">\n<div class=\"section-wrapper\" data-id=\"oxbecg\"><section class=\"wp-block-gutenverse-section guten-element guten-section guten-oxbecg layout-boxed align-stretch\"><div class=\"guten-container guten-column-gap-default\">\n<div class=\"wp-block-gutenverse-column guten-element guten-column guten-0VmFAT\"><div class=\"guten-column-wrapper\" data-id=\"0VmFAT\">\n<div class=\"service-img-zoom guten-element guten-wrap-helper no-margin guten-Ien5FQ block with-url\" onclick=\"window.open('https:\/\/physiotherapie-pregler.de\/services\/klassische-massagetherapie\/', '_self');\"><div class=\"guten-inner-wrap\" data-id=\"Ien5FQ\">\n<div class=\"okrugla-slika wp-block-gutenverse-image guten-element guten-image guten-u6BjIv\"><div class=\"guten-image-wrapper\"><img decoding=\"async\" loading=\"lazy\" class=\"gutenverse-image-box-filled\" src=\"https:\/\/physiotherapie-pregler.de\/wp-content\/uploads\/2025\/07\/photo-1639162906614-0603b0ae95fd.webp\" height=\"1200\" width=\"800\" alt=\"Klassische Massagetherapie\"\/><\/div><\/div>\n\n\n\n<div class=\"wp-block-group is-vertical is-content-justification-center is-layout-flex wp-container-core-group-is-layout-dd49f625 wp-block-group-is-layout-flex\" style=\"min-height:150px;padding-top:30px\">\n<h5 class=\"wp-block-gutenverse-heading guten-element guten-cWyRFS\">Klassische Massagetherapie<\/h5>\n\n\n\n<p aria-label=\"Text Paragraph\" class=\"guten-element gutenverse-text guten-PhAak7\">Lockerung verspannter Muskulatur und F\u00f6rderung der Durchblutung.<\/p>\n<\/div>\n<\/div><\/div>\n<\/div><\/div>\n\n\n\n<div class=\"wp-block-gutenverse-column guten-element guten-column guten-IFx9NA\"><div class=\"guten-column-wrapper\" data-id=\"IFx9NA\">\n<div class=\"service-img-zoom guten-element guten-wrap-helper no-margin guten-ezL8PJ block with-url\" onclick=\"window.open('https:\/\/physiotherapie-pregler.de\/services\/waermetherapie\/', '_self');\"><div class=\"guten-inner-wrap\" data-id=\"ezL8PJ\">\n<div class=\"okrugla-slika wp-block-gutenverse-image guten-element guten-image guten-LbdVTK\"><div class=\"guten-image-wrapper\"><img decoding=\"async\" loading=\"lazy\" class=\"gutenverse-image-box-filled\" src=\"https:\/\/physiotherapie-pregler.de\/wp-content\/uploads\/2025\/07\/waermetherapie_koeln_rodenkirchen.webp\" height=\"768\" width=\"1024\" alt=\"W\u00e4rmetherapie\"\/><\/div><\/div>\n\n\n\n<div class=\"wp-block-group is-vertical is-content-justification-center is-layout-flex wp-container-core-group-is-layout-dd49f625 wp-block-group-is-layout-flex\" style=\"min-height:150px;padding-top:30px\">\n<h5 class=\"wp-block-gutenverse-heading guten-element guten-EKsu4u\">W\u00e4rmetherapie<\/h5>\n\n\n\n<p aria-label=\"Text Paragraph\" class=\"guten-element gutenverse-text guten-VWda19\">W\u00e4rmeanwendungen zur Muskelentspannung und Schmerzlinderung.<\/p>\n<\/div>\n<\/div><\/div>\n<\/div><\/div>\n\n\n\n<div class=\"wp-block-gutenverse-column guten-element guten-column guten-T2pXJh\"><div class=\"guten-column-wrapper\" data-id=\"T2pXJh\">\n<div class=\"service-img-zoom guten-element guten-wrap-helper no-margin guten-MzXVEo block with-url\" onclick=\"window.open('https:\/\/physiotherapie-pregler.de\/services\/kaeltetherapie\/', '_self');\"><div class=\"guten-inner-wrap\" data-id=\"MzXVEo\">\n<div class=\"okrugla-slika wp-block-gutenverse-image guten-element guten-image guten-7EX8ok\"><div class=\"guten-image-wrapper\"><img decoding=\"async\" loading=\"lazy\" class=\"gutenverse-image-box-filled\" src=\"https:\/\/physiotherapie-pregler.de\/wp-content\/uploads\/2025\/07\/Kryotherapie-Physiotherapie-in-Bruehl-1024x682-1.webp\" height=\"682\" width=\"1024\" alt=\"K\u00e4ltetherapie\"\/><\/div><\/div>\n\n\n\n<div class=\"wp-block-group is-vertical is-content-justification-center is-layout-flex wp-container-core-group-is-layout-dd49f625 wp-block-group-is-layout-flex\" style=\"min-height:150px;padding-top:30px\">\n<h5 class=\"wp-block-gutenverse-heading guten-element guten-tZPJbX\">K\u00e4ltetherapie<\/h5>\n\n\n\n<p aria-label=\"Text Paragraph\" class=\"guten-element gutenverse-text guten-JAAtkL\">K\u00e4ltebehandlung zur Hemmung von Entz\u00fcndungen und Reduktion von Schmerzen.<\/p>\n<\/div>\n<\/div><\/div>\n<\/div><\/div>\n<\/div><\/section><\/div>\n<\/div><\/div>\n\n\n\n<div class=\"wp-block-gutenverse-column guten-element guten-column guten-XWy697\"><div class=\"guten-column-wrapper\" data-id=\"XWy697\">\n<div class=\"section-wrapper\" data-id=\"k50nH0\"><section class=\"wp-block-gutenverse-section guten-element guten-section guten-k50nH0 layout-boxed align-stretch\"><div class=\"guten-container guten-column-gap-default\">\n<div class=\"wp-block-gutenverse-column guten-element guten-column guten-YrkjqK\"><div class=\"guten-column-wrapper\" data-id=\"YrkjqK\">\n<div class=\"service-img-zoom guten-element guten-wrap-helper no-margin guten-lrYJCR block with-url\" onclick=\"window.open('https:\/\/physiotherapie-pregler.de\/services\/elektrotherapie\/', '_self');\"><div class=\"guten-inner-wrap\" data-id=\"lrYJCR\">\n<div class=\"okrugla-slika wp-block-gutenverse-image guten-element guten-image guten-o9T0nl\"><div class=\"guten-image-wrapper\"><img decoding=\"async\" loading=\"lazy\" class=\"gutenverse-image-box-filled\" src=\"https:\/\/physiotherapie-pregler.de\/wp-content\/uploads\/2025\/07\/Electrotherapy.webp\" height=\"733\" width=\"1100\" alt=\"Elektrotherapie\"\/><\/div><\/div>\n\n\n\n<div class=\"wp-block-group is-vertical is-content-justification-center is-layout-flex wp-container-core-group-is-layout-dd49f625 wp-block-group-is-layout-flex\" style=\"min-height:150px;padding-top:30px\">\n<h5 class=\"wp-block-gutenverse-heading guten-element guten-zdCaHq\">Elektrotherapie<\/h5>\n\n\n\n<p aria-label=\"Text Paragraph\" class=\"guten-element gutenverse-text guten-SdMFi6\">Elektrische Impulse zur Muskelstimulation und Unterst\u00fctzung der Heilung.<\/p>\n<\/div>\n<\/div><\/div>\n<\/div><\/div>\n\n\n\n<div class=\"wp-block-gutenverse-column guten-element guten-column guten-YLzwes\"><div class=\"guten-column-wrapper\" data-id=\"YLzwes\">\n<div class=\"service-img-zoom guten-element guten-wrap-helper no-margin guten-iNnaIF block with-url\" onclick=\"window.open('https:\/\/physiotherapie-pregler.de\/services\/kinesio-taping\/', '_self');\"><div class=\"guten-inner-wrap\" data-id=\"iNnaIF\">\n<div class=\"okrugla-slika wp-block-gutenverse-image guten-element guten-image guten-gxaFl7\"><div class=\"guten-image-wrapper\"><img decoding=\"async\" loading=\"lazy\" class=\"gutenverse-image-box-filled\" src=\"https:\/\/physiotherapie-pregler.de\/wp-content\/uploads\/2025\/07\/shutterstock_259032671.webp\" height=\"667\" width=\"1000\" alt=\"Kinesio-Taping\"\/><\/div><\/div>\n\n\n\n<div class=\"wp-block-group is-vertical is-content-justification-center is-layout-flex wp-container-core-group-is-layout-dd49f625 wp-block-group-is-layout-flex\" style=\"min-height:150px;padding-top:30px\">\n<h5 class=\"wp-block-gutenverse-heading guten-element guten-pp7BZw\">Kinesio-Taping<\/h5>\n\n\n\n<p aria-label=\"Text Paragraph\" class=\"guten-element gutenverse-text guten-5AMWOo\">Elastische Tapes zur Unterst\u00fctzung von Muskeln und Gelenken.<\/p>\n<\/div>\n<\/div><\/div>\n<\/div><\/div>\n\n\n\n<div class=\"wp-block-gutenverse-column guten-element guten-column guten-soL1d8\"><div class=\"guten-column-wrapper\" data-id=\"soL1d8\">\n<div class=\"service-img-zoom guten-element guten-wrap-helper no-margin guten-hrbBB3 block with-url\" onclick=\"window.open('https:\/\/physiotherapie-pregler.de\/services\/schroepfen\/', '_self');\"><div class=\"guten-inner-wrap\" data-id=\"hrbBB3\">\n<div class=\"okrugla-slika wp-block-gutenverse-image guten-element guten-image guten-EIuFiv\"><div class=\"guten-image-wrapper\"><img decoding=\"async\" loading=\"lazy\" class=\"gutenverse-image-box-filled\" src=\"https:\/\/physiotherapie-pregler.de\/wp-content\/uploads\/2025\/07\/schroepfmassage_vorschaubild.webp\" height=\"575\" width=\"800\" alt=\"Schr\u00f6pfen\"\/><\/div><\/div>\n\n\n\n<div class=\"wp-block-group is-vertical is-content-justification-center is-layout-flex wp-container-core-group-is-layout-dd49f625 wp-block-group-is-layout-flex\" style=\"min-height:150px;padding-top:30px\">\n<h5 class=\"wp-block-gutenverse-heading guten-element guten-6VvGdM\">Schr\u00f6pfen<\/h5>\n\n\n\n<p aria-label=\"Text Paragraph\" class=\"guten-element gutenverse-text guten-bYOQXD\">Unterdrucktechnik zur F\u00f6rderung der Durchblutung und L\u00f6sung von Verspannungen.<\/p>\n<\/div>\n<\/div><\/div>\n<\/div><\/div>\n<\/div><\/section><\/div>\n<\/div><\/div>\n<\/div><\/section><\/div>\n\n\n\n<div class=\"guten-element guten-spacer guten-D8ijPX\"><\/div>\n\n\n\n<div class=\"section-wrapper\" data-id=\"YRyA4Z\"><section class=\"wp-block-gutenverse-section guten-element guten-section guten-YRyA4Z layout-boxed align-stretch\"><div class=\"guten-container guten-column-gap-default\">\n<div class=\"wp-block-gutenverse-column guten-element guten-column guten-4ytscJ\"><div class=\"guten-column-wrapper\" data-id=\"4ytscJ\">\n<div class=\"guten-element guten-wrap-helper no-margin guten-ZiTkvO block\"><div class=\"guten-inner-wrap\" data-id=\"ZiTkvO\">\n<p aria-label=\"Text Paragraph\" class=\"guten-element gutenverse-text guten-4XUYNa\">Warum ich?<\/p>\n<\/div><\/div>\n\n\n\n<h2 class=\"wp-block-gutenverse-heading guten-element guten-eGGeNF\">Private Physiotherapie Pregler<\/h2>\n\n\n\n<div class=\"section-wrapper\" data-id=\"ktZhOO\"><section class=\"wp-block-gutenverse-section guten-element guten-section guten-ktZhOO layout-fullwidth align-stretch\"><div class=\"guten-container guten-column-gap-narrow\">\n<div class=\"wp-block-gutenverse-column guten-element guten-column guten-o6OpOs\"><div class=\"guten-column-wrapper\" data-id=\"o6OpOs\">\n<p aria-label=\"Text Paragraph\" class=\"guten-element gutenverse-text guten-Qbe8BH\">In meiner Praxis f\u00fcr Physiotherapie im M\u00fcnchner S\u00fcden oder bei Ihnen Zuhause stehen Sie als Mensch im Mittelpunkt \u2013 mit Ihren individuellen Beschwerden, Zielen und Lebensumst\u00e4nden. Mit fundierter Fachkompetenz und moderner Befundung biete ich Ihnen eine evidenzbasierte, zielgerichtete Behandlung auf Augenh\u00f6he. Ob akute Schmerzen, chronische Beschwerden oder pr\u00e4ventive Begleitung: Ich unterst\u00fctze Sie dabei, Ihre Beweglichkeit zu verbessern, Beschwerden nachhaltig zu lindern und Ihre Lebensqualit\u00e4t zu steigern \u2013 professionell, pers\u00f6nlich und verl\u00e4sslich.<\/p>\n\n\n\n<div class=\"section-wrapper\" data-id=\"0HpKW7\"><section class=\"wp-block-gutenverse-section guten-element guten-section guten-0HpKW7 layout-fullwidth align-stretch\"><div class=\"guten-container guten-column-gap-default\">\n<div class=\"wp-block-gutenverse-column guten-element guten-column guten-4NJods\"><div class=\"guten-column-wrapper\" data-id=\"4NJods\">\n<div class=\"guten-element guten-icon-list guten-lY5s9r\"><div class=\" list-wrapper \">\n<div class=\"guten-element guten-icon-list-item guten-C8OTuE\"><div class=\"list-divider\"><\/div><a id=\"guten-C8OTuE\"><i class=\"fas fa-check\"><\/i><span class=\"list-text \">60 Minuten Behandlungszeit pro Termin<\/span><\/a><\/div>\n\n\n\n<div class=\"guten-element guten-icon-list-item guten-O2mM7q\"><div class=\"list-divider\"><\/div><a id=\"guten-O2mM7q\"><i class=\"fas fa-check\"><\/i><span class=\"list-text \">Individuelle 1:1 Betreuung ohne Zeitdruck<\/span><\/a><\/div>\n\n\n\n<div class=\"guten-element guten-icon-list-item guten-X7Ck2o\"><div class=\"list-divider\"><\/div><a id=\"guten-X7Ck2o\"><i class=\"fas fa-check\"><\/i><span class=\"list-text \">Hausbesuche<\/span><\/a><\/div>\n\n\n\n<div class=\"guten-element guten-icon-list-item guten-Nmckso\"><div class=\"list-divider\"><\/div><a id=\"guten-Nmckso\"><i class=\"fas fa-check\"><\/i><span class=\"list-text \">Evidenzbasierte Physiotherapie<\/span><\/a><\/div>\n<\/div><\/div>\n<\/div><\/div>\n\n\n\n<div class=\"wp-block-gutenverse-column guten-element guten-column guten-Qagyc0\"><div class=\"guten-column-wrapper\" data-id=\"Qagyc0\">\n<div class=\"guten-element guten-icon-list guten-tVM2Kj\"><div class=\" list-wrapper \">\n<div class=\"guten-element guten-icon-list-item guten-pi6OHG\"><div class=\"list-divider\"><\/div><a id=\"guten-pi6OHG\"><i class=\"fas fa-check\"><\/i><span class=\"list-text \">Moderne Befundung und Therapieplanung<\/span><\/a><\/div>\n\n\n\n<div class=\"guten-element guten-icon-list-item guten-fQERL5\"><div class=\"list-divider\"><\/div><a id=\"guten-fQERL5\"><i class=\"fas fa-check\"><\/i><span class=\"list-text \">Behandlung auf Augenh\u00f6he<\/span><\/a><\/div>\n\n\n\n<div class=\"guten-element guten-icon-list-item guten-RMig5x\"><div class=\"list-divider\"><\/div><a id=\"guten-RMig5x\"><i class=\"fas fa-check\"><\/i><span class=\"list-text \">Praxis im M\u00fcnchner S\u00fcden<\/span><\/a><\/div>\n<\/div><\/div>\n<\/div><\/div>\n<\/div><\/section><\/div>\n<\/div><\/div>\n\n\n\n<div class=\"wp-block-gutenverse-column guten-element guten-column guten-swOZf1\"><div class=\"guten-column-wrapper\" data-id=\"swOZf1\">\n<div class=\"wp-block-gutenverse-image guten-element guten-image guten-OcCaes\"><div class=\"guten-image-wrapper\"><img decoding=\"async\" class=\"gutenverse-image-box-filled\" src=\"https:\/\/physiotherapie-pregler.de\/wp-content\/uploads\/2025\/07\/Physiotherapie-Pregler-Physio-Home-scaled.webp\" height=\"2560\" width=\"2560\" alt=\"Private Physiotherapie Pregler Home\" loading=\"lazy\"\/><\/div><\/div>\n<\/div><\/div>\n<\/div><\/section><\/div>\n<\/div><\/div>\n<\/div><\/section><\/div>\n\n\n\n<div class=\"section-wrapper\" data-id=\"hDKd5w\"><section class=\"wp-block-gutenverse-section guten-element guten-section guten-hDKd5w layout-boxed align-stretch\"><div class=\"guten-container guten-column-gap-default\">\n<div class=\"wp-block-gutenverse-column guten-element guten-column guten-ffT889\"><div class=\"guten-column-wrapper\" data-id=\"ffT889\">\n<div class=\"guten-element guten-wrap-helper no-margin guten-o7sUHB block\"><div class=\"guten-inner-wrap\" data-id=\"o7sUHB\">\n<p aria-label=\"Text Paragraph\" class=\"guten-element gutenverse-text guten-aBrG2p\">\u00dcber Mich<\/p>\n<\/div><\/div>\n\n\n\n<h2 class=\"wp-block-gutenverse-heading guten-element guten-stoQIh\">Pamina Pregler<\/h2>\n\n\n\n<div class=\"section-wrapper\" data-id=\"ppDQLM\"><section class=\"wp-block-gutenverse-section guten-element guten-section guten-ppDQLM layout-fullwidth align-stretch\"><div class=\"guten-container guten-column-gap-no\">\n<div class=\"wp-block-gutenverse-column guten-element guten-column guten-ZTZyEC\"><div class=\"guten-column-wrapper\" data-id=\"ZTZyEC\">\n<p aria-label=\"Text Paragraph\" class=\"guten-element gutenverse-text guten-pL0l9x\">Als ehemalige B\u00fchnent\u00e4nzerin besch\u00e4ftige ich mich seit fr\u00fchester Kindheit mit Bewegung und K\u00f6rperbewusstsein. Heute arbeite ich als staatlich gepr\u00fcfte Physiotherapeutin in M\u00fcnchen &#8211; mit Schwerpunkt im orthop\u00e4disch-chirurgischen Bereich und zus\u00e4tzlicher Expertise durch Fortbildungen in Manueller Therapie, Lymphdrainage und Vagustherapie. <br><br>Mein Fokus liegt auf einer modernen Befunderhebung, einer individuellen Therapie, die Ihre Ursachen erkennt und nachhaltig unterst\u00fctzt und zudem an Ihren Alltag, Sport oder Beruf abgestimmt wird. <\/p>\n\n\n\n<div class=\"guten-element guten-button-wrapper guten-pxlatR\"><a class=\"guten-button guten-button-md\" href=\"https:\/\/physiotherapie-pregler.de\/ueber-mich\/\"><span>Mehr \u00fcber mich<\/span><\/a><\/div>\n<\/div><\/div>\n\n\n\n<div class=\"wp-block-gutenverse-column guten-element guten-column guten-RhHZjI\"><div class=\"guten-column-wrapper\" data-id=\"RhHZjI\">\n<div class=\"wp-block-gutenverse-image guten-element guten-image guten-er5tLb\"><div class=\"guten-image-wrapper\"><img decoding=\"async\" loading=\"lazy\" class=\"gutenverse-image-box-filled\" src=\"https:\/\/physiotherapie-pregler.de\/wp-content\/uploads\/2025\/07\/Pregler-Female-Avatar.webp\" height=\"500\" width=\"500\" alt=\"Pregler-Female-Avatar\"\/><\/div><\/div>\n<\/div><\/div>\n<\/div><\/section><\/div>\n\n\n\n<div class=\"section-wrapper\" data-id=\"KGfkJi\"><section class=\"wp-block-gutenverse-section guten-element guten-section guten-KGfkJi layout-fullwidth align-stretch\"><div class=\"guten-container guten-column-gap-narrow\">\n<div class=\"wp-block-gutenverse-column guten-element guten-column guten-eIMeSu\"><div class=\"guten-column-wrapper\" data-id=\"eIMeSu\">\n<div class=\"guten-element guten-0PnBRs guten-icon-box icon-position-top\"><div class=\"guten-icon-box-wrapper hover-from-left\"><div class=\"icon-box icon-box-header\"><div class=\"icon bg-style-color\"><i class=\"far fa-user icon-style-color\"><\/i><\/div><\/div><div class=\"icon-box icon-box-body\"><h2 class=\"title\">Ausbildung<\/h2><p class=\"icon-box-description\">Staatliche Berufsfachschule f\u00fcr Physiotherapie<br>(LMU Klinikum Gro\u00dfhadern 2017-2020),<br>Studium f\u00fcr Physiotherapie (OTH Regensburg 2018-2021)<\/p><\/div><\/div><\/div>\n<\/div><\/div>\n\n\n\n<div class=\"wp-block-gutenverse-column guten-element guten-column guten-b1V7ht\"><div class=\"guten-column-wrapper\" data-id=\"b1V7ht\">\n<div class=\"guten-element guten-h9widA guten-icon-box icon-position-top\"><div class=\"guten-icon-box-wrapper hover-from-left\"><div class=\"icon-box icon-box-header\"><div class=\"icon bg-style-color\"><i class=\"far fa-user icon-style-color\"><\/i><\/div><\/div><div class=\"icon-box icon-box-body\"><h2 class=\"title\">Qualifikationen<\/h2><p class=\"icon-box-description\">Lymphdrainage (2020), <br>Manuelle Therapie (Maitland 2023),<br>Vagustherapie (2024)<\/p><\/div><\/div><\/div>\n<\/div><\/div>\n<\/div><\/section><\/div>\n\n\n\n<div class=\"section-wrapper\" data-id=\"XDHJsA\"><section class=\"wp-block-gutenverse-section guten-element guten-section guten-XDHJsA layout-fullwidth align-stretch\"><div class=\"guten-container guten-column-gap-narrow\">\n<div class=\"wp-block-gutenverse-column guten-element guten-column guten-ZLp7EH\"><div class=\"guten-column-wrapper\" data-id=\"ZLp7EH\">\n<div class=\"guten-element guten-CAKceO guten-icon-box icon-position-top\"><div class=\"guten-icon-box-wrapper hover-from-left\"><div class=\"icon-box icon-box-header\"><div class=\"icon bg-style-color\"><i class=\"far fa-user icon-style-color\"><\/i><\/div><\/div><div class=\"icon-box icon-box-body\"><h2 class=\"title\">Erfahrung<\/h2><p class=\"icon-box-description\">Physiotherapeutin<br>in M\u00fcnchner Praxen<br>(seit 2020)<\/p><\/div><\/div><\/div>\n<\/div><\/div>\n\n\n\n<div class=\"wp-block-gutenverse-column guten-element guten-column guten-4qKfSA\"><div class=\"guten-column-wrapper\" data-id=\"4qKfSA\">\n<div class=\"guten-element guten-Xp8idl guten-icon-box icon-position-top\"><div class=\"guten-icon-box-wrapper hover-from-left\"><div class=\"icon-box icon-box-header\"><div class=\"icon bg-style-color\"><i class=\"far fa-user icon-style-color\"><\/i><\/div><\/div><div class=\"icon-box icon-box-body\"><h2 class=\"title\">Sprachen<\/h2><p class=\"icon-box-description\">Deutsch<br>Englisch (C1)<br>Spanisch (A1)<\/p><\/div><\/div><\/div>\n<\/div><\/div>\n<\/div><\/section><\/div>\n<\/div><\/div>\n<\/div><\/section><\/div>\n\n\n\n<div class=\"section-wrapper\" data-id=\"BHd0dv\"><section class=\"wp-block-gutenverse-section guten-element guten-section guten-BHd0dv layout-boxed align-stretch\"><div class=\"guten-container guten-column-gap-default\">\n<div class=\"wp-block-gutenverse-column guten-element guten-column guten-5C7909\"><div class=\"guten-column-wrapper\" data-id=\"5C7909\">\n<div class=\"guten-element guten-wrap-helper no-margin guten-NAv5W0 block\"><div class=\"guten-inner-wrap\" data-id=\"NAv5W0\">\n<p aria-label=\"Text Paragraph\" class=\"guten-element gutenverse-text guten-wLPIWK\">Ablauf &#038; Behandlungszeit<\/p>\n<\/div><\/div>\n\n\n\n<h2 class=\"wp-block-gutenverse-heading guten-element guten-roQnam\">Physiotherapie mit Zeit und Struktur<\/h2>\n\n\n\n<div class=\"section-wrapper\" data-id=\"iL2pCj\"><section class=\"wp-block-gutenverse-section guten-element guten-section guten-iL2pCj layout-fullwidth align-stretch\"><div class=\"guten-container guten-column-gap-narrow\">\n<div class=\"wp-block-gutenverse-column guten-element guten-column guten-OhAi2O\"><div class=\"guten-column-wrapper\" data-id=\"OhAi2O\">\n<p aria-label=\"Text Paragraph\" class=\"guten-element gutenverse-text guten-coZtXs\">In meiner Praxis oder direkt bei Ihnen Zuhause, erhalten Sie physiotherapeutische Einzeltermine von jeweils 60 Minuten Dauer. Diese Zeit erm\u00f6glicht eine gr\u00fcndliche Befundung, eine individuell abgestimmte Behandlung und Raum f\u00fcr pers\u00f6nliche Beratung. So kann gezielt auf Ihre Beschwerden eingegangen und ein nachhaltiger Therapieerfolg gef\u00f6rdert werden \u2013 ohne Zeitdruck und mit voller Aufmerksamkeit f\u00fcr Ihre Gesundheit.<\/p>\n\n\n\n<div class=\"guten-element guten-button-wrapper guten-9ZngDU\"><a class=\"guten-button guten-button-sm\" href=\"https:\/\/physiotherapie-pregler.de\/kontakt\/\"><span>Kontakt aufnehmen<\/span><\/a><\/div>\n<\/div><\/div>\n<\/div><\/section><\/div>\n\n\n\n<div class=\"section-wrapper\" data-id=\"golk3U\"><section class=\"wp-block-gutenverse-section guten-element guten-section guten-golk3U layout-fullwidth align-stretch\"><div class=\"guten-container guten-column-gap-narrow\">\n<div class=\"wp-block-gutenverse-column guten-element guten-column guten-9lyIpE\"><div class=\"guten-column-wrapper\" data-id=\"9lyIpE\">\n<div class=\"guten-element guten-accordions-wrapper guten-nxYD3K\"><div class=\"guten-accordions\">\n<div class=\"accordion-item guten-4ZPyeZ\"><div class=\"accordion-heading\"><div class=\"accordion-icon\"><span class=\"accordion-icon-open\"><i class=\"fas fa-arrow-alt-circle-down\"><\/i><\/span><span class=\"accordion-icon-closed\"><i class=\"fas fa-arrow-alt-circle-right\"><\/i><\/span><\/div><h2 class=\"accordion-text\">Was ist Physiotherapie?<\/h2><\/div><div class=\"accordion-body\"><div class=\"accordion-content\">\n<p aria-label=\"Text Paragraph\" class=\"guten-element gutenverse-text guten-JIpoXD\">Physiotherapie umfasst aktive und passive Ma\u00dfnahmen zur Wiederherstellung, Erhaltung und F\u00f6rderung k\u00f6rperlicher Funktionen. Sie basiert auf medizinischen Leitlinien und wird individuell auf die Beschwerden und Ziele der Patient*innen abgestimmt.<\/p>\n<\/div><\/div><\/div>\n\n\n\n<div class=\"accordion-item guten-vLwRgC\"><div class=\"accordion-heading\"><div class=\"accordion-icon\"><span class=\"accordion-icon-open\"><i class=\"fas fa-arrow-alt-circle-down\"><\/i><\/span><span class=\"accordion-icon-closed\"><i class=\"fas fa-arrow-alt-circle-right\"><\/i><\/span><\/div><h2 class=\"accordion-text\">Welche Beschwerden werden behandelt?<\/h2><\/div><div class=\"accordion-body\"><div class=\"accordion-content\">\n<p aria-label=\"Text Paragraph\" class=\"guten-element gutenverse-text guten-QyIWyl\">Behandelt werden funktionelle St\u00f6rungen des Bewegungsapparats, z. B. R\u00fccken- und Gelenkschmerzen, muskul\u00e4re Dysbalancen, Bewegungseinschr\u00e4nkungen sowie Beschwerden nach Operationen, Verletzungen oder bei neurologischen Erkrankungen.<\/p>\n<\/div><\/div><\/div>\n\n\n\n<div class=\"accordion-item guten-LCco79\"><div class=\"accordion-heading\"><div class=\"accordion-icon\"><span class=\"accordion-icon-open\"><i class=\"fas fa-arrow-alt-circle-down\"><\/i><\/span><span class=\"accordion-icon-closed\"><i class=\"fas fa-arrow-alt-circle-right\"><\/i><\/span><\/div><h2 class=\"accordion-text\">Wie l\u00e4uft eine Behandlung ab?<\/h2><\/div><div class=\"accordion-body\"><div class=\"accordion-content\">\n<p aria-label=\"Text Paragraph\" class=\"guten-element gutenverse-text guten-huG5tq\">Nach einer ausf\u00fchrlichen Befundaufnahme werden die passenden Ma\u00dfnahmen ausgew\u00e4hlt. Dazu geh\u00f6ren manuelle Techniken, aktive \u00dcbungen sowie Beratung zur Alltagsgestaltung. Die Behandlung erfolgt indikationsbezogen, strukturiert und zielorientiert.<\/p>\n<\/div><\/div><\/div>\n\n\n\n<div class=\"accordion-item guten-eDd96W\"><div class=\"accordion-heading\"><div class=\"accordion-icon\"><span class=\"accordion-icon-open\"><i class=\"fas fa-arrow-alt-circle-down\"><\/i><\/span><span class=\"accordion-icon-closed\"><i class=\"fas fa-arrow-alt-circle-right\"><\/i><\/span><\/div><h2 class=\"accordion-text\">Wie lang ist eine Behandlungseinheit?<\/h2><\/div><div class=\"accordion-body\"><div class=\"accordion-content\">\n<p aria-label=\"Text Paragraph\" class=\"guten-element gutenverse-text guten-qWLxVo\">In dieser Praxis sind physiotherapeutische Einheiten grunds\u00e4tzlich auf 60 Minuten angesetzt. Der erweiterte Zeitrahmen erm\u00f6glicht eine strukturierte Befundung, eine individuell abgestimmte Behandlung sowie gezielte therapeutische Beratung \u2013 ohne Zeitdruck und mit hoher Behandlungsqualit\u00e4t.<\/p>\n<\/div><\/div><\/div>\n\n\n\n<div class=\"accordion-item guten-579GTD\"><div class=\"accordion-heading\"><div class=\"accordion-icon\"><span class=\"accordion-icon-open\"><i class=\"fas fa-arrow-alt-circle-down\"><\/i><\/span><span class=\"accordion-icon-closed\"><i class=\"fas fa-arrow-alt-circle-right\"><\/i><\/span><\/div><h2 class=\"accordion-text\">Ben\u00f6tige ich eine \u00e4rztliche Verordnung?<\/h2><\/div><div class=\"accordion-body\"><div class=\"accordion-content\">\n<p aria-label=\"Text Paragraph\" class=\"guten-element gutenverse-text guten-LldoSb\">Privatversicherte und Selbstzahler*innen k\u00f6nnen auch ohne Verordnung behandelt werden. Ohne Rezept werden die Kosten in der Regel nicht von der privaten Krankenversicherung erstattet. Eine vorherige medizinische Abkl\u00e4rung wird grunds\u00e4tzlich empfohlen.<\/p>\n<\/div><\/div><\/div>\n\n\n\n<div class=\"accordion-item guten-4QTLU2\"><div class=\"accordion-heading\"><div class=\"accordion-icon\"><span class=\"accordion-icon-open\"><i class=\"fas fa-arrow-alt-circle-down\"><\/i><\/span><span class=\"accordion-icon-closed\"><i class=\"fas fa-arrow-alt-circle-right\"><\/i><\/span><\/div><h2 class=\"accordion-text\">Wie viele Sitzungen sind \u00fcblich?<\/h2><\/div><div class=\"accordion-body\"><div class=\"accordion-content\">\n<p aria-label=\"Text Paragraph\" class=\"guten-element gutenverse-text guten-U41DaP\">Die Anzahl der Sitzungen richtet sich nach Diagnose, Therapieziel und individuellem Verlauf. H\u00e4ufig werden physiotherapeutische Leistungen als Paket (z. B. 10 Einheiten) verordnet und bei Bedarf angepasst.<\/p>\n<\/div><\/div><\/div>\n\n\n\n<div class=\"accordion-item guten-bORxPu\"><div class=\"accordion-heading\"><div class=\"accordion-icon\"><span class=\"accordion-icon-open\"><i class=\"fas fa-arrow-alt-circle-down\"><\/i><\/span><span class=\"accordion-icon-closed\"><i class=\"fas fa-arrow-alt-circle-right\"><\/i><\/span><\/div><h2 class=\"accordion-text\">Wer \u00fcbernimmt die Kosten?<\/h2><\/div><div class=\"accordion-body\"><div class=\"accordion-content\">\n<p aria-label=\"Text Paragraph\" class=\"guten-element gutenverse-text guten-psGPco\">Die Kosten\u00fcbernahme h\u00e4ngt vom Versicherungsstatus ab. Privatversicherte erhalten eine Rechnung nach Geb\u00fchrenordnung f\u00fcr Heilberufe (Geb\u00fcTh). Selbstzahler*innen erhalten vor Behandlungsbeginn ein transparentes Angebot.<\/p>\n<\/div><\/div><\/div>\n\n\n\n<div class=\"accordion-item guten-cTyb17\"><div class=\"accordion-heading\"><div class=\"accordion-icon\"><span class=\"accordion-icon-open\"><i class=\"fas fa-arrow-alt-circle-down\"><\/i><\/span><span class=\"accordion-icon-closed\"><i class=\"fas fa-arrow-alt-circle-right\"><\/i><\/span><\/div><h2 class=\"accordion-text\">Was sollte ich zur ersten Sitzung mitbringen?<\/h2><\/div><div class=\"accordion-body\"><div class=\"accordion-content\">\n<p aria-label=\"Text Paragraph\" class=\"guten-element gutenverse-text guten-ffU9hc\">Bitte bringen Sie die \u00e4rztliche Verordnung (falls vorhanden), relevante medizinische Unterlagen (z. B. Befunde, OP-Berichte) sowie bequeme Kleidung mit. Ein Handtuch f\u00fcr die Behandlungsliege ist ebenfalls empfehlenswert.<\/p>\n<\/div><\/div><\/div>\n\n\n\n<div class=\"accordion-item guten-wQn1fP active\"><div class=\"accordion-heading\"><div class=\"accordion-icon\"><span class=\"accordion-icon-open\"><i class=\"fas fa-arrow-alt-circle-down\"><\/i><\/span><span class=\"accordion-icon-closed\"><i class=\"fas fa-arrow-alt-circle-right\"><\/i><\/span><\/div><h2 class=\"accordion-text\">Kann ich Termine flexibel buchen oder verschieben?<\/h2><\/div><div class=\"accordion-body\"><div class=\"accordion-content\">\n<p aria-label=\"Text Paragraph\" class=\"guten-element gutenverse-text guten-fuaMLt\">Ja, das Terminmanagement erfolgt digital und erm\u00f6glicht flexible Buchungs- und \u00c4nderungsm\u00f6glichkeiten. Bitte beachten Sie die geltenden Stornierungsfristen (24 Stunden vor Termin), um Ausfallgeb\u00fchren zu vermeiden. Des Weiteren k\u00f6nnen Sie mich auch per Telefon, WhatsApp oder E-Mail kontaktieren. <\/p>\n<\/div><\/div><\/div>\n<\/div><\/div>\n<\/div><\/div>\n\n\n\n<div class=\"mobile-overlay-vertical wp-block-gutenverse-column guten-element guten-column guten-ngPuHZ\"><div class=\"guten-column-wrapper\" data-id=\"ngPuHZ\"><div class=\"guten-background-overlay\"><\/div>\n<div class=\"guten-element guten-spacer guten-2GpJaK\"><\/div>\n<\/div><\/div>\n<\/div><\/section><\/div>\n<\/div><\/div>\n<\/div><\/section><\/div>\n\n\n\n<div class=\"wp-block-gutenverse-divider guten-element guten-divider guten-F2JTPP\"><div class=\"guten-divider-wrapper\"><div class=\"guten-divider-default guten-divider-line guten-divider-regular\"><\/div><\/div><\/div>\n\n\n\n<div class=\"section-wrapper\" data-id=\"JaLxji\"><section class=\"wp-block-gutenverse-section guten-element guten-section guten-JaLxji layout-boxed align-stretch\"><div class=\"guten-container guten-column-gap-default\">\n<div class=\"wp-block-gutenverse-column guten-element guten-column guten-qzPVmN\"><div class=\"guten-column-wrapper\" data-id=\"qzPVmN\"><\/div><\/div>\n\n\n\n<div class=\"wp-block-gutenverse-column guten-element guten-column guten-N6tAB6\"><div class=\"guten-column-wrapper\" data-id=\"N6tAB6\"><\/div><\/div>\n\n\n\n<div class=\"wp-block-gutenverse-column guten-element guten-column guten-RqBmul\"><div class=\"guten-column-wrapper\" data-id=\"RqBmul\"><\/div><\/div>\n\n\n\n<div class=\"wp-block-gutenverse-column guten-element guten-column guten-TiawRl\"><div class=\"guten-column-wrapper\" data-id=\"TiawRl\"><\/div><\/div>\n<\/div><\/section><\/div>\n\n\n\n<p class=\"\"><\/p>\n","protected":false},"excerpt":{"rendered":"","protected":false},"author":1,"featured_media":0,"parent":0,"menu_order":0,"comment_status":"closed","ping_status":"closed","template":"","meta":{"nf_dc_page":"","footnotes":""},"class_list":["post-762","page","type-page","status-publish","hentry"],"yoast_head":"<!-- This site is optimized with the Yoast SEO plugin v27.3 - https:\/\/yoast.com\/product\/yoast-seo-wordpress\/ -->\n<title>Private Physiotherapie Pregler<\/title>\n<meta name=\"description\" content=\"Private Physiotherapie Pregler in M\u00fcnchen S\u00fcd \u2013 pers\u00f6nliche 1:1-Behandlungen, moderne Physiotherapie &amp; manuelle Therapie.\" \/>\n<meta name=\"robots\" content=\"index, follow, max-snippet:-1, max-image-preview:large, max-video-preview:-1\" \/>\n<link rel=\"canonical\" href=\"https:\/\/physiotherapie-pregler.de\/de\/\" \/>\n<meta property=\"og:locale\" content=\"de_DE\" \/>\n<meta property=\"og:type\" content=\"article\" \/>\n<meta property=\"og:title\" content=\"Private Physiotherapie Pregler\" \/>\n<meta property=\"og:description\" content=\"Private Physiotherapie Pregler in M\u00fcnchen S\u00fcd \u2013 pers\u00f6nliche 1:1-Behandlungen, moderne Physiotherapie &amp; manuelle Therapie.\" \/>\n<meta property=\"og:url\" content=\"https:\/\/physiotherapie-pregler.de\/de\/\" \/>\n<meta property=\"og:site_name\" content=\"Private Physiotherapie Pregler\" \/>\n<meta property=\"article:modified_time\" content=\"2026-04-20T07:23:02+00:00\" \/>\n<meta property=\"og:image\" content=\"https:\/\/physiotherapie-pregler.de\/wp-content\/uploads\/2025\/08\/Private-Physiotherapie-Pregler-Home-Hero.webp\" \/>\n\t<meta property=\"og:image:width\" content=\"1920\" \/>\n\t<meta property=\"og:image:height\" content=\"1080\" \/>\n\t<meta property=\"og:image:type\" content=\"image\/webp\" \/>\n<meta name=\"twitter:card\" content=\"summary_large_image\" \/>\n<meta name=\"twitter:label1\" content=\"Gesch\u00e4tzte Lesezeit\" \/>\n\t<meta name=\"twitter:data1\" content=\"6\u00a0Minuten\" \/>\n<script type=\"application\/ld+json\" class=\"yoast-schema-graph\">{\"@context\":\"https:\\\/\\\/schema.org\",\"@graph\":[{\"@type\":\"WebPage\",\"@id\":\"https:\\\/\\\/physiotherapie-pregler.de\\\/\",\"url\":\"https:\\\/\\\/physiotherapie-pregler.de\\\/\",\"name\":\"Private Physiotherapie Pregler\",\"isPartOf\":{\"@id\":\"https:\\\/\\\/rzu.upx.mybluehost.me\\\/#website\"},\"primaryImageOfPage\":{\"@id\":\"https:\\\/\\\/physiotherapie-pregler.de\\\/#primaryimage\"},\"image\":{\"@id\":\"https:\\\/\\\/physiotherapie-pregler.de\\\/#primaryimage\"},\"thumbnailUrl\":\"https:\\\/\\\/physiotherapie-pregler.de\\\/wp-content\\\/uploads\\\/2025\\\/08\\\/Private-Physiotherapie-Pregler-Home-Hero-1024x576.webp\",\"datePublished\":\"2025-08-05T07:07:37+00:00\",\"dateModified\":\"2026-04-20T07:23:02+00:00\",\"description\":\"Private Physiotherapie Pregler in M\u00fcnchen S\u00fcd \u2013 pers\u00f6nliche 1:1-Behandlungen, moderne Physiotherapie & manuelle Therapie.\",\"breadcrumb\":{\"@id\":\"https:\\\/\\\/physiotherapie-pregler.de\\\/#breadcrumb\"},\"inLanguage\":\"de\",\"potentialAction\":[{\"@type\":\"ReadAction\",\"target\":[\"https:\\\/\\\/physiotherapie-pregler.de\\\/\"]}]},{\"@type\":\"ImageObject\",\"inLanguage\":\"de\",\"@id\":\"https:\\\/\\\/physiotherapie-pregler.de\\\/#primaryimage\",\"url\":\"https:\\\/\\\/physiotherapie-pregler.de\\\/wp-content\\\/uploads\\\/2025\\\/08\\\/Private-Physiotherapie-Pregler-Home-Hero-1024x576.webp\",\"contentUrl\":\"https:\\\/\\\/physiotherapie-pregler.de\\\/wp-content\\\/uploads\\\/2025\\\/08\\\/Private-Physiotherapie-Pregler-Home-Hero-1024x576.webp\"},{\"@type\":\"BreadcrumbList\",\"@id\":\"https:\\\/\\\/physiotherapie-pregler.de\\\/#breadcrumb\",\"itemListElement\":[{\"@type\":\"ListItem\",\"position\":1,\"name\":\"Home\",\"item\":\"https:\\\/\\\/physiotherapie-pregler.de\\\/\"},{\"@type\":\"ListItem\",\"position\":2,\"name\":\"Home\"}]},{\"@type\":\"WebSite\",\"@id\":\"https:\\\/\\\/rzu.upx.mybluehost.me\\\/#website\",\"url\":\"https:\\\/\\\/rzu.upx.mybluehost.me\\\/\",\"name\":\"Private Physiotherapie Pregler\",\"description\":\"PRIVATE PHYSIOTHERAPIE PREGLER\",\"publisher\":{\"@id\":\"https:\\\/\\\/rzu.upx.mybluehost.me\\\/#organization\"},\"alternateName\":\"Private Physiotherapie Pregler\",\"potentialAction\":[{\"@type\":\"SearchAction\",\"target\":{\"@type\":\"EntryPoint\",\"urlTemplate\":\"https:\\\/\\\/rzu.upx.mybluehost.me\\\/?s={search_term_string}\"},\"query-input\":{\"@type\":\"PropertyValueSpecification\",\"valueRequired\":true,\"valueName\":\"search_term_string\"}}],\"inLanguage\":\"de\"},{\"@type\":\"Organization\",\"@id\":\"https:\\\/\\\/rzu.upx.mybluehost.me\\\/#organization\",\"name\":\"Private Physiotherapie Pregler\",\"alternateName\":\"Private Physiotherapie Pregler\",\"url\":\"https:\\\/\\\/rzu.upx.mybluehost.me\\\/\",\"logo\":{\"@type\":\"ImageObject\",\"inLanguage\":\"de\",\"@id\":\"https:\\\/\\\/rzu.upx.mybluehost.me\\\/#\\\/schema\\\/logo\\\/image\\\/\",\"url\":\"https:\\\/\\\/physiotherapie-pregler.de\\\/wp-content\\\/uploads\\\/2025\\\/07\\\/Physiotherapie-Pregler-Logo-Green.webp\",\"contentUrl\":\"https:\\\/\\\/physiotherapie-pregler.de\\\/wp-content\\\/uploads\\\/2025\\\/07\\\/Physiotherapie-Pregler-Logo-Green.webp\",\"width\":512,\"height\":512,\"caption\":\"Private Physiotherapie Pregler\"},\"image\":{\"@id\":\"https:\\\/\\\/rzu.upx.mybluehost.me\\\/#\\\/schema\\\/logo\\\/image\\\/\"},\"sameAs\":[\"https:\\\/\\\/www.instagram.com\\\/physiopregler\\\/\"]}]}<\/script>\n<!-- \/ Yoast SEO plugin. -->","yoast_head_json":{"title":"Private Physiotherapie Pregler","description":"Private Physiotherapie Pregler in M\u00fcnchen S\u00fcd \u2013 pers\u00f6nliche 1:1-Behandlungen, moderne Physiotherapie & manuelle Therapie.","robots":{"index":"index","follow":"follow","max-snippet":"max-snippet:-1","max-image-preview":"max-image-preview:large","max-video-preview":"max-video-preview:-1"},"canonical":"https:\/\/physiotherapie-pregler.de\/de\/","og_locale":"de_DE","og_type":"article","og_title":"Private Physiotherapie Pregler","og_description":"Private Physiotherapie Pregler in M\u00fcnchen S\u00fcd \u2013 pers\u00f6nliche 1:1-Behandlungen, moderne Physiotherapie & manuelle Therapie.","og_url":"https:\/\/physiotherapie-pregler.de\/de\/","og_site_name":"Private Physiotherapie Pregler","article_modified_time":"2026-04-20T07:23:02+00:00","og_image":[{"width":1920,"height":1080,"url":"https:\/\/physiotherapie-pregler.de\/wp-content\/uploads\/2025\/08\/Private-Physiotherapie-Pregler-Home-Hero.webp","type":"image\/webp"}],"twitter_card":"summary_large_image","twitter_misc":{"Gesch\u00e4tzte Lesezeit":"6\u00a0Minuten"},"schema":{"@context":"https:\/\/schema.org","@graph":[{"@type":"WebPage","@id":"https:\/\/physiotherapie-pregler.de\/","url":"https:\/\/physiotherapie-pregler.de\/","name":"Private Physiotherapie Pregler","isPartOf":{"@id":"https:\/\/rzu.upx.mybluehost.me\/#website"},"primaryImageOfPage":{"@id":"https:\/\/physiotherapie-pregler.de\/#primaryimage"},"image":{"@id":"https:\/\/physiotherapie-pregler.de\/#primaryimage"},"thumbnailUrl":"https:\/\/physiotherapie-pregler.de\/wp-content\/uploads\/2025\/08\/Private-Physiotherapie-Pregler-Home-Hero-1024x576.webp","datePublished":"2025-08-05T07:07:37+00:00","dateModified":"2026-04-20T07:23:02+00:00","description":"Private Physiotherapie Pregler in M\u00fcnchen S\u00fcd \u2013 pers\u00f6nliche 1:1-Behandlungen, moderne Physiotherapie & manuelle Therapie.","breadcrumb":{"@id":"https:\/\/physiotherapie-pregler.de\/#breadcrumb"},"inLanguage":"de","potentialAction":[{"@type":"ReadAction","target":["https:\/\/physiotherapie-pregler.de\/"]}]},{"@type":"ImageObject","inLanguage":"de","@id":"https:\/\/physiotherapie-pregler.de\/#primaryimage","url":"https:\/\/physiotherapie-pregler.de\/wp-content\/uploads\/2025\/08\/Private-Physiotherapie-Pregler-Home-Hero-1024x576.webp","contentUrl":"https:\/\/physiotherapie-pregler.de\/wp-content\/uploads\/2025\/08\/Private-Physiotherapie-Pregler-Home-Hero-1024x576.webp"},{"@type":"BreadcrumbList","@id":"https:\/\/physiotherapie-pregler.de\/#breadcrumb","itemListElement":[{"@type":"ListItem","position":1,"name":"Home","item":"https:\/\/physiotherapie-pregler.de\/"},{"@type":"ListItem","position":2,"name":"Home"}]},{"@type":"WebSite","@id":"https:\/\/rzu.upx.mybluehost.me\/#website","url":"https:\/\/rzu.upx.mybluehost.me\/","name":"Private Physiotherapie Pregler","description":"PRIVATE PHYSIOTHERAPIE PREGLER","publisher":{"@id":"https:\/\/rzu.upx.mybluehost.me\/#organization"},"alternateName":"Private Physiotherapie Pregler","potentialAction":[{"@type":"SearchAction","target":{"@type":"EntryPoint","urlTemplate":"https:\/\/rzu.upx.mybluehost.me\/?s={search_term_string}"},"query-input":{"@type":"PropertyValueSpecification","valueRequired":true,"valueName":"search_term_string"}}],"inLanguage":"de"},{"@type":"Organization","@id":"https:\/\/rzu.upx.mybluehost.me\/#organization","name":"Private Physiotherapie Pregler","alternateName":"Private Physiotherapie Pregler","url":"https:\/\/rzu.upx.mybluehost.me\/","logo":{"@type":"ImageObject","inLanguage":"de","@id":"https:\/\/rzu.upx.mybluehost.me\/#\/schema\/logo\/image\/","url":"https:\/\/physiotherapie-pregler.de\/wp-content\/uploads\/2025\/07\/Physiotherapie-Pregler-Logo-Green.webp","contentUrl":"https:\/\/physiotherapie-pregler.de\/wp-content\/uploads\/2025\/07\/Physiotherapie-Pregler-Logo-Green.webp","width":512,"height":512,"caption":"Private Physiotherapie Pregler"},"image":{"@id":"https:\/\/rzu.upx.mybluehost.me\/#\/schema\/logo\/image\/"},"sameAs":["https:\/\/www.instagram.com\/physiopregler\/"]}]}},"_links":{"self":[{"href":"https:\/\/physiotherapie-pregler.de\/de\/wp-json\/wp\/v2\/pages\/762","targetHints":{"allow":["GET"]}}],"collection":[{"href":"https:\/\/physiotherapie-pregler.de\/de\/wp-json\/wp\/v2\/pages"}],"about":[{"href":"https:\/\/physiotherapie-pregler.de\/de\/wp-json\/wp\/v2\/types\/page"}],"author":[{"embeddable":true,"href":"https:\/\/physiotherapie-pregler.de\/de\/wp-json\/wp\/v2\/users\/1"}],"replies":[{"embeddable":true,"href":"https:\/\/physiotherapie-pregler.de\/de\/wp-json\/wp\/v2\/comments?post=762"}],"version-history":[{"count":20,"href":"https:\/\/physiotherapie-pregler.de\/de\/wp-json\/wp\/v2\/pages\/762\/revisions"}],"predecessor-version":[{"id":1365,"href":"https:\/\/physiotherapie-pregler.de\/de\/wp-json\/wp\/v2\/pages\/762\/revisions\/1365"}],"wp:attachment":[{"href":"https:\/\/physiotherapie-pregler.de\/de\/wp-json\/wp\/v2\/media?parent=762"}],"curies":[{"name":"wp","href":"https:\/\/api.w.org\/{rel}","templated":true}]}}