{"id":538,"date":"2025-07-21T13:43:19","date_gmt":"2025-07-21T11:43:19","guid":{"rendered":"https:\/\/physiotherapie-pregler.de\/?post_type=services&#038;p=538"},"modified":"2026-04-01T14:28:15","modified_gmt":"2026-04-01T12:28:15","slug":"kaeltetherapie","status":"publish","type":"services","link":"https:\/\/physiotherapie-pregler.de\/de\/services\/kaeltetherapie\/","title":{"rendered":"K\u00e4ltetherapie (KT)"},"content":{"rendered":"\n<div class=\"wp-block-cover alignfull\" style=\"padding-top:0px;padding-right:1px;padding-bottom:0px;padding-left:1px;min-height:60vh;aspect-ratio:unset;\"><img decoding=\"async\" width=\"2560\" height=\"1707\" loading=\"lazy\" class=\"wp-block-cover__image-background wp-image-1199 size-full\" alt=\"\" src=\"https:\/\/physiotherapie-pregler.de\/wp-content\/uploads\/2026\/03\/physical-therapy-shin-with-shock-wave-extracorporeal-shockwave-therapy-scaled.jpg\" style=\"object-position:51% 76%\" data-object-fit=\"cover\" data-object-position=\"51% 76%\" srcset=\"https:\/\/physiotherapie-pregler.de\/wp-content\/uploads\/2026\/03\/physical-therapy-shin-with-shock-wave-extracorporeal-shockwave-therapy-scaled.jpg 2560w, https:\/\/physiotherapie-pregler.de\/wp-content\/uploads\/2026\/03\/physical-therapy-shin-with-shock-wave-extracorporeal-shockwave-therapy-300x200.jpg 300w, https:\/\/physiotherapie-pregler.de\/wp-content\/uploads\/2026\/03\/physical-therapy-shin-with-shock-wave-extracorporeal-shockwave-therapy-1024x683.jpg 1024w, https:\/\/physiotherapie-pregler.de\/wp-content\/uploads\/2026\/03\/physical-therapy-shin-with-shock-wave-extracorporeal-shockwave-therapy-768x512.jpg 768w, https:\/\/physiotherapie-pregler.de\/wp-content\/uploads\/2026\/03\/physical-therapy-shin-with-shock-wave-extracorporeal-shockwave-therapy-1536x1024.jpg 1536w, https:\/\/physiotherapie-pregler.de\/wp-content\/uploads\/2026\/03\/physical-therapy-shin-with-shock-wave-extracorporeal-shockwave-therapy-2048x1365.jpg 2048w, https:\/\/physiotherapie-pregler.de\/wp-content\/uploads\/2026\/03\/physical-therapy-shin-with-shock-wave-extracorporeal-shockwave-therapy-18x12.jpg 18w\" sizes=\"auto, (max-width: 2560px) 100vw, 2560px\" \/><span aria-hidden=\"true\" class=\"wp-block-cover__background has-contrast-background-color has-background-dim-60 has-background-dim\"><\/span><div class=\"wp-block-cover__inner-container is-layout-flow wp-block-cover-is-layout-flow\"><\/div><\/div>\n\n\n\n<div class=\"section-wrapper\" data-id=\"Pr6cyZ\"><section class=\"wp-block-gutenverse-section guten-element guten-section guten-Pr6cyZ layout-boxed align-stretch\"><div class=\"guten-container guten-column-gap-default\">\n<div class=\"wp-block-gutenverse-column guten-element guten-column guten-6XiwVT\"><div class=\"guten-column-wrapper\" data-id=\"6XiwVT\">\n<div class=\"guten-element guten-wrap-helper no-margin guten-OAYqvw block\"><div class=\"guten-inner-wrap\" data-id=\"OAYqvw\">\n<p aria-label=\"Text Paragraph\" class=\"guten-element gutenverse-text guten-HnLTjU\">Was ist<\/p>\n<\/div><\/div>\n\n\n\n<h2 class=\"wp-block-gutenverse-heading guten-element guten-p2Mlaq\"><strong>K\u00e4ltetherapie (KT)<\/strong><\/h2>\n\n\n\n<div class=\"section-wrapper\" data-id=\"cNSuVh\"><section class=\"wp-block-gutenverse-section guten-element guten-section guten-cNSuVh layout-fullwidth align-stretch\"><div class=\"guten-container guten-column-gap-narrow\">\n<div class=\"wp-block-gutenverse-column guten-element guten-column guten-CdhQZ8\"><div class=\"guten-column-wrapper\" data-id=\"CdhQZ8\">\n<p aria-label=\"Text Paragraph\" class=\"guten-element gutenverse-text guten-gPdsdL\">Die K\u00e4ltetherapie \u2013 auch Kryotherapie genannt \u2013 ist eine physiotherapeutische Behandlungsmethode, bei der gezielt K\u00e4lte eingesetzt wird, um Schmerzen zu lindern, Entz\u00fcndungen zu hemmen und Schwellungen zu reduzieren.<br>Durch die lokale Anwendung von K\u00e4lte ziehen sich Blutgef\u00e4\u00dfe zusammen, wodurch Entz\u00fcndungsprozesse verlangsamt und akute Reizungen ged\u00e4mpft werden. Gleichzeitig wirkt K\u00e4lte schmerzlindernd (analgetisch), da die Weiterleitung von Schmerzsignalen im Nervensystem reduziert wird.<br>In meiner Privatpraxis in M\u00fcnchen wird die K\u00e4ltetherapie gezielt bei akuten Beschwerden oder als unterst\u00fctzende Ma\u00dfnahme innerhalb eines individuellen Therapieplans eingesetzt.<\/p>\n<\/div><\/div>\n\n\n\n<div class=\"wp-block-gutenverse-column guten-element guten-column guten-ggw4Hu\"><div class=\"guten-column-wrapper\" data-id=\"ggw4Hu\">\n<div class=\"guten-element guten-spacer guten-mKGy9a\"><\/div>\n<\/div><\/div>\n<\/div><\/section><\/div>\n<\/div><\/div>\n<\/div><\/section><\/div>\n\n\n\n<div class=\"section-wrapper\" data-id=\"esOvkQ\"><section class=\"wp-block-gutenverse-section guten-element guten-section guten-esOvkQ layout-boxed align-stretch\"><div class=\"guten-container guten-column-gap-default\">\n<div class=\"wp-block-gutenverse-column guten-element guten-column guten-llGzwF\"><div class=\"guten-column-wrapper\" data-id=\"llGzwF\">\n<div class=\"guten-element guten-wrap-helper no-margin guten-WR5OvD block\"><div class=\"guten-inner-wrap\" data-id=\"WR5OvD\">\n<p aria-label=\"Text Paragraph\" class=\"guten-element gutenverse-text guten-1ZVd2a\">Hauptgrund<\/p>\n<\/div><\/div>\n\n\n\n<h2 class=\"wp-block-gutenverse-heading guten-element guten-eZ1Nx7\"><strong>K\u00e4ltetherapie<\/strong> zu \u00fcben<\/h2>\n\n\n\n<div class=\"section-wrapper\" data-id=\"vv8rou\"><section class=\"wp-block-gutenverse-section guten-element guten-section guten-vv8rou layout-fullwidth align-stretch\"><div class=\"guten-container guten-column-gap-narrow\">\n<div class=\"wp-block-gutenverse-column guten-element guten-column guten-thaY08\"><div class=\"guten-column-wrapper\" data-id=\"thaY08\">\n<p aria-label=\"Text Paragraph\" class=\"guten-element gutenverse-text guten-D8Hzng\">K\u00e4lte wirkt abschwellend, entz\u00fcndungshemmend und schmerzlindernd. Besonders bei akuten Verletzungen oder Reizzust\u00e4nden kann sie den Heilungsverlauf positiv beeinflussen.<br>Dar\u00fcber hinaus verhindert sie eine \u00fcberm\u00e4\u00dfige Durchblutung im entz\u00fcndeten Gewebe und reduziert dadurch die Ausbreitung von Schwellungen.<\/p>\n<\/div><\/div>\n<\/div><\/section><\/div>\n\n\n\n<div class=\"section-wrapper\" data-id=\"QTIY9z\"><section class=\"wp-block-gutenverse-section guten-element guten-section guten-QTIY9z layout-fullwidth align-stretch\"><div class=\"guten-container guten-column-gap-narrow\">\n<div class=\"wp-block-gutenverse-column guten-element guten-column guten-YHvt5m\"><div class=\"guten-column-wrapper\" data-id=\"YHvt5m\">\n<div class=\"guten-element guten-SvdWXW guten-icon-box icon-position-top\"><div class=\"guten-icon-box-wrapper hover-from-left\"><div class=\"icon-box icon-box-header\"><div class=\"icon bg-style-color\"><i class=\"far fa-user icon-style-color\"><\/i><\/div><\/div><div class=\"icon-box icon-box-body\"><h2 class=\"title\">Schmerzlinderung (analgetische Wirkung)<\/h2><p class=\"icon-box-description\">Die K\u00e4lte reduziert die Nervenleitgeschwindigkeit und d\u00e4mpft dadurch akute Schmerzreize.<\/p><\/div><\/div><\/div>\n<\/div><\/div>\n<\/div><\/section><\/div>\n\n\n\n<div class=\"section-wrapper\" data-id=\"7H3Bt9\"><section class=\"wp-block-gutenverse-section guten-element guten-section guten-7H3Bt9 layout-fullwidth align-stretch\"><div class=\"guten-container guten-column-gap-narrow\">\n<div class=\"wp-block-gutenverse-column guten-element guten-column guten-0qwwFB\"><div class=\"guten-column-wrapper\" data-id=\"0qwwFB\">\n<div class=\"guten-element guten-OwX3Br guten-icon-box icon-position-top\"><div class=\"guten-icon-box-wrapper hover-from-left\"><div class=\"icon-box icon-box-header\"><div class=\"icon bg-style-color\"><i class=\"far fa-user icon-style-color\"><\/i><\/div><\/div><div class=\"icon-box icon-box-body\"><h2 class=\"title\">Hemmung von Entz\u00fcndungen<\/h2><p class=\"icon-box-description\">Durch Gef\u00e4\u00dfverengung werden entz\u00fcndliche Prozesse verlangsamt.<\/p><\/div><\/div><\/div>\n<\/div><\/div>\n<\/div><\/section><\/div>\n\n\n\n<div class=\"section-wrapper\" data-id=\"KArI3U\"><section class=\"wp-block-gutenverse-section guten-element guten-section guten-KArI3U layout-fullwidth align-stretch\"><div class=\"guten-container guten-column-gap-narrow\">\n<div class=\"wp-block-gutenverse-column guten-element guten-column guten-bWHKvV\"><div class=\"guten-column-wrapper\" data-id=\"bWHKvV\">\n<div class=\"guten-element guten-d1dqFg guten-icon-box icon-position-top\"><div class=\"guten-icon-box-wrapper hover-from-left\"><div class=\"icon-box icon-box-header\"><div class=\"icon bg-style-color\"><i class=\"far fa-user icon-style-color\"><\/i><\/div><\/div><div class=\"icon-box icon-box-body\"><h2 class=\"title\">Reduktion von Schwellungen und H\u00e4matomen (Bluterg\u00fcssen)<\/h2><p class=\"icon-box-description\">Die verminderte Durchblutung verhindert eine \u00fcberm\u00e4\u00dfige Fl\u00fcssigkeitsansammlung im Gewebe.<\/p><\/div><\/div><\/div>\n<\/div><\/div>\n<\/div><\/section><\/div>\n\n\n\n<div class=\"section-wrapper\" data-id=\"Qn1L3N\"><section class=\"wp-block-gutenverse-section guten-element guten-section guten-Qn1L3N layout-fullwidth align-stretch\"><div class=\"guten-container guten-column-gap-narrow\">\n<div class=\"wp-block-gutenverse-column guten-element guten-column guten-OzETJS\"><div class=\"guten-column-wrapper\" data-id=\"OzETJS\">\n<div class=\"guten-element guten-SIG8Oq guten-icon-box icon-position-top\"><div class=\"guten-icon-box-wrapper hover-from-left\"><div class=\"icon-box icon-box-header\"><div class=\"icon bg-style-color\"><i class=\"far fa-user icon-style-color\"><\/i><\/div><\/div><div class=\"icon-box icon-box-body\"><h2 class=\"title\">Verlangsamung von Stoffwechselprozessen im Gewebe<\/h2><p class=\"icon-box-description\">Die K\u00fchlung reduziert den Sauerstoffbedarf des Gewebes und sch\u00fctzt es vor weiteren Reizungen.<\/p><\/div><\/div><\/div>\n<\/div><\/div>\n<\/div><\/section><\/div>\n<\/div><\/div>\n<\/div><\/section><\/div>\n\n\n\n<div class=\"section-wrapper\" data-id=\"m63sWB\"><section class=\"wp-block-gutenverse-section guten-element guten-section guten-m63sWB layout-boxed align-stretch\"><div class=\"guten-container guten-column-gap-default\">\n<div class=\"wp-block-gutenverse-column guten-element guten-column guten-LJ8L75\"><div class=\"guten-column-wrapper\" data-id=\"LJ8L75\">\n<div class=\"guten-element guten-wrap-helper no-margin guten-a8KVqt block\"><div class=\"guten-inner-wrap\" data-id=\"a8KVqt\">\n<p aria-label=\"Text Paragraph\" class=\"guten-element gutenverse-text guten-Q5frpS\">Termin<\/p>\n<\/div><\/div>\n\n\n\n<h2 class=\"wp-block-gutenverse-heading guten-element guten-70r4iK\">Termin online anfragen<\/h2>\n\n\n\n<div class=\"section-wrapper\" data-id=\"Ec5nKD\"><section class=\"wp-block-gutenverse-section guten-element guten-section guten-Ec5nKD layout-fullwidth align-stretch\"><div class=\"guten-container guten-column-gap-narrow\">\n<div class=\"wp-block-gutenverse-column guten-element guten-column guten-Kclwpo\"><div class=\"guten-column-wrapper\" data-id=\"Kclwpo\">\n<p aria-label=\"Text Paragraph\" class=\"guten-element gutenverse-text guten-5Wf6va\">F\u00fcr eine Terminvereinbarung nutzen Sie bitte den Button unten. Dort finden Sie alle Schritte zur Buchung sowie die wichtigsten Informationen im \u00dcberblick.<\/p>\n\n\n\n<div class=\"guten-element guten-button-wrapper guten-ah7Aw3\"><a class=\"guten-button guten-button-md\" href=\"https:\/\/physiotherapie-pregler.de\/de\/kontakt\/\"><span>Termin online anfragen<\/span><i class=\"fa-lg far fa-calendar-alt\"><\/i><\/a><\/div>\n<\/div><\/div>\n<\/div><\/section><\/div>\n<\/div><\/div>\n<\/div><\/section><\/div>\n\n\n\n<div class=\"section-wrapper\" data-id=\"BHd0dv\"><section class=\"wp-block-gutenverse-section guten-element guten-section guten-BHd0dv layout-boxed align-stretch\"><div class=\"guten-container guten-column-gap-default\">\n<div class=\"wp-block-gutenverse-column guten-element guten-column guten-5C7909\"><div class=\"guten-column-wrapper\" data-id=\"5C7909\">\n<div class=\"guten-element guten-wrap-helper no-margin guten-NAv5W0 block\"><div class=\"guten-inner-wrap\" data-id=\"NAv5W0\">\n<p aria-label=\"Text Paragraph\" class=\"guten-element gutenverse-text guten-wLPIWK\">Fragen?<\/p>\n<\/div><\/div>\n\n\n\n<h2 class=\"wp-block-gutenverse-heading guten-element guten-roQnam\">Sie sind abgesichert<\/h2>\n\n\n\n<div class=\"section-wrapper\" data-id=\"iL2pCj\"><section class=\"wp-block-gutenverse-section guten-element guten-section guten-iL2pCj layout-fullwidth align-stretch\"><div class=\"guten-container guten-column-gap-narrow\">\n<div class=\"wp-block-gutenverse-column guten-element guten-column guten-OhAi2O\"><div class=\"guten-column-wrapper\" data-id=\"OhAi2O\">\n<p aria-label=\"Text Paragraph\" class=\"guten-element gutenverse-text guten-coZtXs\">Als Privatpraxis behandle ich Privatversicherte, Beihilfepatienten sowie Selbstzahler. Gerne informiere ich Sie vor Therapiebeginn transparent \u00fcber Ablauf und Kostenstruktur.<br>Eine \u00e4rztliche Verordnung kann selbstverst\u00e4ndlich ber\u00fccksichtigt werden.<\/p>\n<\/div><\/div>\n<\/div><\/section><\/div>\n\n\n\n<div class=\"section-wrapper\" data-id=\"golk3U\"><section class=\"wp-block-gutenverse-section guten-element guten-section guten-golk3U layout-fullwidth align-stretch\"><div class=\"guten-container guten-column-gap-narrow\">\n<div class=\"wp-block-gutenverse-column guten-element guten-column guten-9lyIpE\"><div class=\"guten-column-wrapper\" data-id=\"9lyIpE\">\n<div class=\"guten-element guten-accordions-wrapper guten-nxYD3K\"><div class=\"guten-accordions\">\n<div class=\"accordion-item guten-4ZPyeZ\"><div class=\"accordion-heading\"><div class=\"accordion-icon\"><span class=\"accordion-icon-open\"><i class=\"fas fa-arrow-alt-circle-down\"><\/i><\/span><span class=\"accordion-icon-closed\"><i class=\"fas fa-arrow-alt-circle-right\"><\/i><\/span><\/div><span class=\"accordion-text\">Was ist das Ziel der K\u00e4ltetherapie?<\/span><\/div><div class=\"accordion-body\"><div class=\"accordion-content\">\n<p aria-label=\"Text Paragraph\" class=\"guten-element gutenverse-text guten-JIpoXD\">Ziel ist die Reduktion von Schmerzen, Entz\u00fcndungen und Schwellungen durch gezielte lokale K\u00fchlung.<\/p>\n<\/div><\/div><\/div>\n\n\n\n<div class=\"accordion-item guten-vLwRgC\"><div class=\"accordion-heading\"><div class=\"accordion-icon\"><span class=\"accordion-icon-open\"><i class=\"fas fa-arrow-alt-circle-down\"><\/i><\/span><span class=\"accordion-icon-closed\"><i class=\"fas fa-arrow-alt-circle-right\"><\/i><\/span><\/div><span class=\"accordion-text\">Welche Methoden kommen zum Einsatz?<\/span><\/div><div class=\"accordion-body\"><div class=\"accordion-content\">\n<p aria-label=\"Text Paragraph\" class=\"guten-element gutenverse-text guten-QyIWyl\">Zum Einsatz kommen unter anderem K\u00fchlpacks, Eisapplikationen oder spezielle K\u00e4ltekompressen, die kontrolliert angewendet werden.<\/p>\n<\/div><\/div><\/div>\n\n\n\n<div class=\"accordion-item guten-LCco79 active\"><div class=\"accordion-heading\"><div class=\"accordion-icon\"><span class=\"accordion-icon-open\"><i class=\"fas fa-arrow-alt-circle-down\"><\/i><\/span><span class=\"accordion-icon-closed\"><i class=\"fas fa-arrow-alt-circle-right\"><\/i><\/span><\/div><span class=\"accordion-text\">Gibt es Risiken bei der Anwendung?<\/span><\/div><div class=\"accordion-body\"><div class=\"accordion-content\">\n<p aria-label=\"Text Paragraph\" class=\"guten-element gutenverse-text guten-huG5tq\">Bei K\u00e4lteunvertr\u00e4glichkeit, Durchblutungsst\u00f6rungen oder sensibler Haut kann es zu unerw\u00fcnschten Reaktionen kommen. Eine fachliche Einsch\u00e4tzung erfolgt vor jeder Anwendung.<\/p>\n<\/div><\/div><\/div>\n<\/div><\/div>\n<\/div><\/div>\n\n\n\n<div class=\"mobile-overlay-vertical wp-block-gutenverse-column guten-element guten-column guten-ngPuHZ\"><div class=\"guten-column-wrapper\" data-id=\"ngPuHZ\"><div class=\"guten-background-overlay\"><\/div>\n<div class=\"guten-element guten-spacer guten-2GpJaK\"><\/div>\n<\/div><\/div>\n<\/div><\/section><\/div>\n<\/div><\/div>\n<\/div><\/section><\/div>\n","protected":false},"excerpt":{"rendered":"","protected":false},"featured_media":0,"menu_order":0,"template":"","meta":{"nf_dc_page":""},"class_list":["post-538","services","type-services","status-publish","hentry"],"yoast_head":"<!-- This site is optimized with the Yoast SEO plugin v27.3 - https:\/\/yoast.com\/product\/yoast-seo-wordpress\/ -->\n<title>K\u00e4ltetherapie (KT) in M\u00fcnchen - Private Physiotherapie Pregler<\/title>\n<meta name=\"description\" content=\"K\u00e4ltetherapie in M\u00fcnchen: Effektive Behandlung bei akuten Schmerzen, Entz\u00fcndungen und Schwellungen. Jetzt Termin vereinbaren.\" \/>\n<meta name=\"robots\" content=\"index, follow, max-snippet:-1, max-image-preview:large, max-video-preview:-1\" \/>\n<link rel=\"canonical\" href=\"https:\/\/physiotherapie-pregler.de\/de\/services\/kaeltetherapie\/\" \/>\n<meta property=\"og:locale\" content=\"de_DE\" \/>\n<meta property=\"og:type\" content=\"article\" \/>\n<meta property=\"og:title\" content=\"K\u00e4ltetherapie (KT) in M\u00fcnchen - Private Physiotherapie Pregler\" \/>\n<meta property=\"og:description\" content=\"K\u00e4ltetherapie in M\u00fcnchen: Effektive Behandlung bei akuten Schmerzen, Entz\u00fcndungen und Schwellungen. Jetzt Termin vereinbaren.\" \/>\n<meta property=\"og:url\" content=\"https:\/\/physiotherapie-pregler.de\/de\/services\/kaeltetherapie\/\" \/>\n<meta property=\"og:site_name\" content=\"Private Physiotherapie Pregler\" \/>\n<meta property=\"article:modified_time\" content=\"2026-04-01T12:28:15+00:00\" \/>\n<meta property=\"og:image\" content=\"https:\/\/physiotherapie-pregler.de\/wp-content\/uploads\/2026\/03\/physical-therapy-shin-with-shock-wave-extracorporeal-shockwave-therapy-scaled.jpg\" \/>\n\t<meta property=\"og:image:width\" content=\"2560\" \/>\n\t<meta property=\"og:image:height\" content=\"1707\" \/>\n\t<meta property=\"og:image:type\" content=\"image\/jpeg\" \/>\n<meta name=\"twitter:card\" content=\"summary_large_image\" \/>\n<meta name=\"twitter:label1\" content=\"Gesch\u00e4tzte Lesezeit\" \/>\n\t<meta name=\"twitter:data1\" content=\"2\u00a0Minuten\" \/>\n<script type=\"application\/ld+json\" class=\"yoast-schema-graph\">{\"@context\":\"https:\\\/\\\/schema.org\",\"@graph\":[{\"@type\":[\"WebPage\",\"MedicalWebPage\"],\"@id\":\"https:\\\/\\\/physiotherapie-pregler.de\\\/services\\\/kaeltetherapie\\\/\",\"url\":\"https:\\\/\\\/physiotherapie-pregler.de\\\/services\\\/kaeltetherapie\\\/\",\"name\":\"K\u00e4ltetherapie (KT) in M\u00fcnchen - Private Physiotherapie Pregler\",\"isPartOf\":{\"@id\":\"https:\\\/\\\/rzu.upx.mybluehost.me\\\/#website\"},\"primaryImageOfPage\":{\"@id\":\"https:\\\/\\\/physiotherapie-pregler.de\\\/services\\\/kaeltetherapie\\\/#primaryimage\"},\"image\":{\"@id\":\"https:\\\/\\\/physiotherapie-pregler.de\\\/services\\\/kaeltetherapie\\\/#primaryimage\"},\"thumbnailUrl\":\"https:\\\/\\\/physiotherapie-pregler.de\\\/wp-content\\\/uploads\\\/2026\\\/03\\\/physical-therapy-shin-with-shock-wave-extracorporeal-shockwave-therapy-scaled.jpg\",\"datePublished\":\"2025-07-21T11:43:19+00:00\",\"dateModified\":\"2026-04-01T12:28:15+00:00\",\"description\":\"K\u00e4ltetherapie in M\u00fcnchen: Effektive Behandlung bei akuten Schmerzen, Entz\u00fcndungen und Schwellungen. Jetzt Termin vereinbaren.\",\"breadcrumb\":{\"@id\":\"https:\\\/\\\/physiotherapie-pregler.de\\\/services\\\/kaeltetherapie\\\/#breadcrumb\"},\"inLanguage\":\"de\",\"potentialAction\":[{\"@type\":\"ReadAction\",\"target\":[\"https:\\\/\\\/physiotherapie-pregler.de\\\/services\\\/kaeltetherapie\\\/\"]}]},{\"@type\":\"ImageObject\",\"inLanguage\":\"de\",\"@id\":\"https:\\\/\\\/physiotherapie-pregler.de\\\/services\\\/kaeltetherapie\\\/#primaryimage\",\"url\":\"https:\\\/\\\/physiotherapie-pregler.de\\\/wp-content\\\/uploads\\\/2026\\\/03\\\/physical-therapy-shin-with-shock-wave-extracorporeal-shockwave-therapy-scaled.jpg\",\"contentUrl\":\"https:\\\/\\\/physiotherapie-pregler.de\\\/wp-content\\\/uploads\\\/2026\\\/03\\\/physical-therapy-shin-with-shock-wave-extracorporeal-shockwave-therapy-scaled.jpg\"},{\"@type\":\"BreadcrumbList\",\"@id\":\"https:\\\/\\\/physiotherapie-pregler.de\\\/services\\\/kaeltetherapie\\\/#breadcrumb\",\"itemListElement\":[{\"@type\":\"ListItem\",\"position\":1,\"name\":\"Home\",\"item\":\"https:\\\/\\\/physiotherapie-pregler.de\\\/\"},{\"@type\":\"ListItem\",\"position\":2,\"name\":\"K\u00e4ltetherapie (KT)\"}]},{\"@type\":\"WebSite\",\"@id\":\"https:\\\/\\\/rzu.upx.mybluehost.me\\\/#website\",\"url\":\"https:\\\/\\\/rzu.upx.mybluehost.me\\\/\",\"name\":\"Private Physiotherapie Pregler\",\"description\":\"PRIVATE PHYSIOTHERAPIE PREGLER\",\"publisher\":{\"@id\":\"https:\\\/\\\/rzu.upx.mybluehost.me\\\/#organization\"},\"alternateName\":\"Private Physiotherapie Pregler\",\"potentialAction\":[{\"@type\":\"SearchAction\",\"target\":{\"@type\":\"EntryPoint\",\"urlTemplate\":\"https:\\\/\\\/rzu.upx.mybluehost.me\\\/?s={search_term_string}\"},\"query-input\":{\"@type\":\"PropertyValueSpecification\",\"valueRequired\":true,\"valueName\":\"search_term_string\"}}],\"inLanguage\":\"de\"},{\"@type\":\"Organization\",\"@id\":\"https:\\\/\\\/rzu.upx.mybluehost.me\\\/#organization\",\"name\":\"Private Physiotherapie Pregler\",\"alternateName\":\"Private Physiotherapie Pregler\",\"url\":\"https:\\\/\\\/rzu.upx.mybluehost.me\\\/\",\"logo\":{\"@type\":\"ImageObject\",\"inLanguage\":\"de\",\"@id\":\"https:\\\/\\\/rzu.upx.mybluehost.me\\\/#\\\/schema\\\/logo\\\/image\\\/\",\"url\":\"https:\\\/\\\/physiotherapie-pregler.de\\\/wp-content\\\/uploads\\\/2025\\\/07\\\/Physiotherapie-Pregler-Logo-Green.webp\",\"contentUrl\":\"https:\\\/\\\/physiotherapie-pregler.de\\\/wp-content\\\/uploads\\\/2025\\\/07\\\/Physiotherapie-Pregler-Logo-Green.webp\",\"width\":512,\"height\":512,\"caption\":\"Private Physiotherapie Pregler\"},\"image\":{\"@id\":\"https:\\\/\\\/rzu.upx.mybluehost.me\\\/#\\\/schema\\\/logo\\\/image\\\/\"},\"sameAs\":[\"https:\\\/\\\/www.instagram.com\\\/physiopregler\\\/\"]}]}<\/script>\n<!-- \/ Yoast SEO plugin. -->","yoast_head_json":{"title":"K\u00e4ltetherapie (KT) in M\u00fcnchen - Private Physiotherapie Pregler","description":"K\u00e4ltetherapie in M\u00fcnchen: Effektive Behandlung bei akuten Schmerzen, Entz\u00fcndungen und Schwellungen. Jetzt Termin vereinbaren.","robots":{"index":"index","follow":"follow","max-snippet":"max-snippet:-1","max-image-preview":"max-image-preview:large","max-video-preview":"max-video-preview:-1"},"canonical":"https:\/\/physiotherapie-pregler.de\/de\/services\/kaeltetherapie\/","og_locale":"de_DE","og_type":"article","og_title":"K\u00e4ltetherapie (KT) in M\u00fcnchen - Private Physiotherapie Pregler","og_description":"K\u00e4ltetherapie in M\u00fcnchen: Effektive Behandlung bei akuten Schmerzen, Entz\u00fcndungen und Schwellungen. Jetzt Termin vereinbaren.","og_url":"https:\/\/physiotherapie-pregler.de\/de\/services\/kaeltetherapie\/","og_site_name":"Private Physiotherapie Pregler","article_modified_time":"2026-04-01T12:28:15+00:00","og_image":[{"width":2560,"height":1707,"url":"https:\/\/physiotherapie-pregler.de\/wp-content\/uploads\/2026\/03\/physical-therapy-shin-with-shock-wave-extracorporeal-shockwave-therapy-scaled.jpg","type":"image\/jpeg"}],"twitter_card":"summary_large_image","twitter_misc":{"Gesch\u00e4tzte Lesezeit":"2\u00a0Minuten"},"schema":{"@context":"https:\/\/schema.org","@graph":[{"@type":["WebPage","MedicalWebPage"],"@id":"https:\/\/physiotherapie-pregler.de\/services\/kaeltetherapie\/","url":"https:\/\/physiotherapie-pregler.de\/services\/kaeltetherapie\/","name":"K\u00e4ltetherapie (KT) in M\u00fcnchen - Private Physiotherapie Pregler","isPartOf":{"@id":"https:\/\/rzu.upx.mybluehost.me\/#website"},"primaryImageOfPage":{"@id":"https:\/\/physiotherapie-pregler.de\/services\/kaeltetherapie\/#primaryimage"},"image":{"@id":"https:\/\/physiotherapie-pregler.de\/services\/kaeltetherapie\/#primaryimage"},"thumbnailUrl":"https:\/\/physiotherapie-pregler.de\/wp-content\/uploads\/2026\/03\/physical-therapy-shin-with-shock-wave-extracorporeal-shockwave-therapy-scaled.jpg","datePublished":"2025-07-21T11:43:19+00:00","dateModified":"2026-04-01T12:28:15+00:00","description":"K\u00e4ltetherapie in M\u00fcnchen: Effektive Behandlung bei akuten Schmerzen, Entz\u00fcndungen und Schwellungen. Jetzt Termin vereinbaren.","breadcrumb":{"@id":"https:\/\/physiotherapie-pregler.de\/services\/kaeltetherapie\/#breadcrumb"},"inLanguage":"de","potentialAction":[{"@type":"ReadAction","target":["https:\/\/physiotherapie-pregler.de\/services\/kaeltetherapie\/"]}]},{"@type":"ImageObject","inLanguage":"de","@id":"https:\/\/physiotherapie-pregler.de\/services\/kaeltetherapie\/#primaryimage","url":"https:\/\/physiotherapie-pregler.de\/wp-content\/uploads\/2026\/03\/physical-therapy-shin-with-shock-wave-extracorporeal-shockwave-therapy-scaled.jpg","contentUrl":"https:\/\/physiotherapie-pregler.de\/wp-content\/uploads\/2026\/03\/physical-therapy-shin-with-shock-wave-extracorporeal-shockwave-therapy-scaled.jpg"},{"@type":"BreadcrumbList","@id":"https:\/\/physiotherapie-pregler.de\/services\/kaeltetherapie\/#breadcrumb","itemListElement":[{"@type":"ListItem","position":1,"name":"Home","item":"https:\/\/physiotherapie-pregler.de\/"},{"@type":"ListItem","position":2,"name":"K\u00e4ltetherapie (KT)"}]},{"@type":"WebSite","@id":"https:\/\/rzu.upx.mybluehost.me\/#website","url":"https:\/\/rzu.upx.mybluehost.me\/","name":"Private Physiotherapie Pregler","description":"PRIVATE PHYSIOTHERAPIE PREGLER","publisher":{"@id":"https:\/\/rzu.upx.mybluehost.me\/#organization"},"alternateName":"Private Physiotherapie Pregler","potentialAction":[{"@type":"SearchAction","target":{"@type":"EntryPoint","urlTemplate":"https:\/\/rzu.upx.mybluehost.me\/?s={search_term_string}"},"query-input":{"@type":"PropertyValueSpecification","valueRequired":true,"valueName":"search_term_string"}}],"inLanguage":"de"},{"@type":"Organization","@id":"https:\/\/rzu.upx.mybluehost.me\/#organization","name":"Private Physiotherapie Pregler","alternateName":"Private Physiotherapie Pregler","url":"https:\/\/rzu.upx.mybluehost.me\/","logo":{"@type":"ImageObject","inLanguage":"de","@id":"https:\/\/rzu.upx.mybluehost.me\/#\/schema\/logo\/image\/","url":"https:\/\/physiotherapie-pregler.de\/wp-content\/uploads\/2025\/07\/Physiotherapie-Pregler-Logo-Green.webp","contentUrl":"https:\/\/physiotherapie-pregler.de\/wp-content\/uploads\/2025\/07\/Physiotherapie-Pregler-Logo-Green.webp","width":512,"height":512,"caption":"Private Physiotherapie Pregler"},"image":{"@id":"https:\/\/rzu.upx.mybluehost.me\/#\/schema\/logo\/image\/"},"sameAs":["https:\/\/www.instagram.com\/physiopregler\/"]}]}},"_links":{"self":[{"href":"https:\/\/physiotherapie-pregler.de\/de\/wp-json\/wp\/v2\/services\/538","targetHints":{"allow":["GET"]}}],"collection":[{"href":"https:\/\/physiotherapie-pregler.de\/de\/wp-json\/wp\/v2\/services"}],"about":[{"href":"https:\/\/physiotherapie-pregler.de\/de\/wp-json\/wp\/v2\/types\/services"}],"wp:attachment":[{"href":"https:\/\/physiotherapie-pregler.de\/de\/wp-json\/wp\/v2\/media?parent=538"}],"curies":[{"name":"wp","href":"https:\/\/api.w.org\/{rel}","templated":true}]}}