{"id":541,"date":"2025-07-21T13:44:31","date_gmt":"2025-07-21T11:44:31","guid":{"rendered":"https:\/\/physiotherapie-pregler.de\/?post_type=services&#038;p=541"},"modified":"2026-04-01T14:17:23","modified_gmt":"2026-04-01T12:17:23","slug":"krankengymnastik","status":"publish","type":"services","link":"https:\/\/physiotherapie-pregler.de\/de\/services\/krankengymnastik\/","title":{"rendered":"Krankengymnastik (KG)"},"content":{"rendered":"\n<div class=\"wp-block-cover alignfull\" style=\"padding-top:0px;padding-right:1px;padding-bottom:0px;padding-left:1px;min-height:60vh;aspect-ratio:unset;\"><img decoding=\"async\" width=\"900\" height=\"600\" loading=\"lazy\" class=\"wp-block-cover__image-background wp-image-406 size-full\" alt=\"Krankengymnastik\" src=\"https:\/\/physiotherapie-pregler.de\/wp-content\/uploads\/2025\/07\/Krankengymnastik.webp\" data-object-fit=\"cover\" srcset=\"https:\/\/physiotherapie-pregler.de\/wp-content\/uploads\/2025\/07\/Krankengymnastik.webp 900w, https:\/\/physiotherapie-pregler.de\/wp-content\/uploads\/2025\/07\/Krankengymnastik-300x200.webp 300w, https:\/\/physiotherapie-pregler.de\/wp-content\/uploads\/2025\/07\/Krankengymnastik-768x512.webp 768w, https:\/\/physiotherapie-pregler.de\/wp-content\/uploads\/2025\/07\/Krankengymnastik-18x12.webp 18w\" sizes=\"auto, (max-width: 900px) 100vw, 900px\" \/><span aria-hidden=\"true\" class=\"wp-block-cover__background has-contrast-background-color has-background-dim-60 has-background-dim\"><\/span><div class=\"wp-block-cover__inner-container is-layout-flow wp-block-cover-is-layout-flow\"><\/div><\/div>\n\n\n\n<div class=\"section-wrapper\" data-id=\"Pr6cyZ\"><section class=\"wp-block-gutenverse-section guten-element guten-section guten-Pr6cyZ layout-boxed align-stretch\"><div class=\"guten-container guten-column-gap-default\">\n<div class=\"wp-block-gutenverse-column guten-element guten-column guten-6XiwVT\"><div class=\"guten-column-wrapper\" data-id=\"6XiwVT\">\n<div class=\"guten-element guten-wrap-helper no-margin guten-OAYqvw block\"><div class=\"guten-inner-wrap\" data-id=\"OAYqvw\">\n<p aria-label=\"Text Paragraph\" class=\"guten-element gutenverse-text guten-HnLTjU\">Was ist<\/p>\n<\/div><\/div>\n\n\n\n<h2 class=\"wp-block-gutenverse-heading guten-element guten-p2Mlaq\"><strong>Krankengymnastik (KG)<\/strong><\/h2>\n\n\n\n<div class=\"section-wrapper\" data-id=\"cNSuVh\"><section class=\"wp-block-gutenverse-section guten-element guten-section guten-cNSuVh layout-fullwidth align-stretch\"><div class=\"guten-container guten-column-gap-narrow\">\n<div class=\"wp-block-gutenverse-column guten-element guten-column guten-CdhQZ8\"><div class=\"guten-column-wrapper\" data-id=\"CdhQZ8\">\n<p aria-label=\"Text Paragraph\" class=\"guten-element gutenverse-text guten-gPdsdL\">Die Krankengymnastik (KG) ist eine zentrale Behandlungsmethode der Physiotherapie. Ziel ist es, die Bewegungs- und Funktionsf\u00e4higkeit des K\u00f6rpers gezielt zu verbessern, wiederherzustellen oder langfristig zu erhalten. Dabei arbeite ich sowohl mit aktiven \u00dcbungen als auch mit passiven Techniken.<br><br>In meiner Privatpraxis in M\u00fcnchen analysiere ich zun\u00e4chst Ihre individuellen Beschwerden, Bewegungsmuster und Belastungsgrenzen. Anschlie\u00dfend erstellen wir einen ma\u00dfgeschneiderten Therapieplan, der exakt auf Ihre Bed\u00fcrfnisse abgestimmt ist.<\/p>\n<\/div><\/div>\n\n\n\n<div class=\"wp-block-gutenverse-column guten-element guten-column guten-ggw4Hu\"><div class=\"guten-column-wrapper\" data-id=\"ggw4Hu\">\n<div class=\"guten-element guten-spacer guten-mKGy9a\"><\/div>\n<\/div><\/div>\n<\/div><\/section><\/div>\n<\/div><\/div>\n<\/div><\/section><\/div>\n\n\n\n<div class=\"section-wrapper\" data-id=\"esOvkQ\"><section class=\"wp-block-gutenverse-section guten-element guten-section guten-esOvkQ layout-boxed align-stretch\"><div class=\"guten-container guten-column-gap-default\">\n<div class=\"wp-block-gutenverse-column guten-element guten-column guten-llGzwF\"><div class=\"guten-column-wrapper\" data-id=\"llGzwF\">\n<div class=\"guten-element guten-wrap-helper no-margin guten-WR5OvD block\"><div class=\"guten-inner-wrap\" data-id=\"WR5OvD\">\n<p aria-label=\"Text Paragraph\" class=\"guten-element gutenverse-text guten-1ZVd2a\">Hauptgrund<\/p>\n<\/div><\/div>\n\n\n\n<h2 class=\"wp-block-gutenverse-heading guten-element guten-eZ1Nx7\"><strong>Krankengymnastik<\/strong> zu \u00fcben<\/h2>\n\n\n\n<div class=\"section-wrapper\" data-id=\"vv8rou\"><section class=\"wp-block-gutenverse-section guten-element guten-section guten-vv8rou layout-fullwidth align-stretch\"><div class=\"guten-container guten-column-gap-narrow\">\n<div class=\"wp-block-gutenverse-column guten-element guten-column guten-thaY08\"><div class=\"guten-column-wrapper\" data-id=\"thaY08\">\n<p aria-label=\"Text Paragraph\" class=\"guten-element gutenverse-text guten-D8Hzng\">Krankengymnastik wird bei zahlreichen Beschwerden und Funktionsst\u00f6rungen eingesetzt. Sie hilft insbesondere bei:<\/p>\n<\/div><\/div>\n<\/div><\/section><\/div>\n\n\n\n<div class=\"section-wrapper\" data-id=\"QTIY9z\"><section class=\"wp-block-gutenverse-section guten-element guten-section guten-QTIY9z layout-fullwidth align-stretch\"><div class=\"guten-container guten-column-gap-narrow\">\n<div class=\"wp-block-gutenverse-column guten-element guten-column guten-YHvt5m\"><div class=\"guten-column-wrapper\" data-id=\"YHvt5m\">\n<div class=\"guten-element guten-SvdWXW guten-icon-box icon-position-top\"><div class=\"guten-icon-box-wrapper hover-from-left\"><div class=\"icon-box icon-box-header\"><div class=\"icon bg-style-color\"><i class=\"far fa-user icon-style-color\"><\/i><\/div><\/div><div class=\"icon-box icon-box-body\"><h2 class=\"title\">Schmerzlinderung<\/h2><p class=\"icon-box-description\">Gezielte Mobilisation und muskul\u00e4re Aktivierung reduzieren Schmerzen nachhaltig und verbessern die Belastbarkeit.<\/p><\/div><\/div><\/div>\n<\/div><\/div>\n<\/div><\/section><\/div>\n\n\n\n<div class=\"section-wrapper\" data-id=\"CT55VF\"><section class=\"wp-block-gutenverse-section guten-element guten-section guten-CT55VF layout-fullwidth align-stretch\"><div class=\"guten-container guten-column-gap-narrow\">\n<div class=\"wp-block-gutenverse-column guten-element guten-column guten-wLqSZD\"><div class=\"guten-column-wrapper\" data-id=\"wLqSZD\">\n<div class=\"guten-element guten-GFItHy guten-icon-box icon-position-top\"><div class=\"guten-icon-box-wrapper hover-from-left\"><div class=\"icon-box icon-box-header\"><div class=\"icon bg-style-color\"><i class=\"far fa-user icon-style-color\"><\/i><\/div><\/div><div class=\"icon-box icon-box-body\"><h2 class=\"title\">Verbesserung von Beweglichkeit, Kraft und Koordination<\/h2><p class=\"icon-box-description\">Durch individuell angepasste \u00dcbungen steigern wir Ihre Stabilit\u00e4t, Muskelkraft und K\u00f6rperkontrolle.<\/p><\/div><\/div><\/div>\n<\/div><\/div>\n<\/div><\/section><\/div>\n\n\n\n<div class=\"section-wrapper\" data-id=\"KArI3U\"><section class=\"wp-block-gutenverse-section guten-element guten-section guten-KArI3U layout-fullwidth align-stretch\"><div class=\"guten-container guten-column-gap-narrow\">\n<div class=\"wp-block-gutenverse-column guten-element guten-column guten-bWHKvV\"><div class=\"guten-column-wrapper\" data-id=\"bWHKvV\">\n<div class=\"guten-element guten-d1dqFg guten-icon-box icon-position-top\"><div class=\"guten-icon-box-wrapper hover-from-left\"><div class=\"icon-box icon-box-header\"><div class=\"icon bg-style-color\"><i class=\"far fa-user icon-style-color\"><\/i><\/div><\/div><div class=\"icon-box icon-box-body\"><h2 class=\"title\">F\u00f6rderung der Durchblutung und Stoffwechselaktivit\u00e4t<\/h2><p class=\"icon-box-description\">Aktive Bewegung stimuliert Heilungsprozesse und unterst\u00fctzt die Regeneration.<\/p><\/div><\/div><\/div>\n<\/div><\/div>\n<\/div><\/section><\/div>\n\n\n\n<div class=\"section-wrapper\" data-id=\"41vT2v\"><section class=\"wp-block-gutenverse-section guten-element guten-section guten-41vT2v layout-fullwidth align-stretch\"><div class=\"guten-container guten-column-gap-narrow\">\n<div class=\"wp-block-gutenverse-column guten-element guten-column guten-8GjU9k\"><div class=\"guten-column-wrapper\" data-id=\"8GjU9k\">\n<div class=\"guten-element guten-GhuvRR guten-icon-box icon-position-top\"><div class=\"guten-icon-box-wrapper hover-from-left\"><div class=\"icon-box icon-box-header\"><div class=\"icon bg-style-color\"><i class=\"far fa-user icon-style-color\"><\/i><\/div><\/div><div class=\"icon-box icon-box-body\"><h2 class=\"title\">Vermeidung von Fehlhaltungen und Folgesch\u00e4den<\/h2><p class=\"icon-box-description\">Wir korrigieren ung\u00fcnstige Bewegungsmuster und beugen chronischen Beschwerden vor.<\/p><\/div><\/div><\/div>\n<\/div><\/div>\n<\/div><\/section><\/div>\n\n\n\n<div class=\"section-wrapper\" data-id=\"votCnn\"><section class=\"wp-block-gutenverse-section guten-element guten-section guten-votCnn layout-fullwidth align-stretch\"><div class=\"guten-container guten-column-gap-narrow\">\n<div class=\"wp-block-gutenverse-column guten-element guten-column guten-oylPYk\"><div class=\"guten-column-wrapper\" data-id=\"oylPYk\">\n<div class=\"guten-element guten-Ief0ky guten-icon-box icon-position-top\"><div class=\"guten-icon-box-wrapper hover-from-left\"><div class=\"icon-box icon-box-header\"><div class=\"icon bg-style-color\"><i class=\"far fa-user icon-style-color\"><\/i><\/div><\/div><div class=\"icon-box icon-box-body\"><h2 class=\"title\">Unterst\u00fctzung der Heilung nach Operationen oder Unf\u00e4llen<\/h2><p class=\"icon-box-description\">Postoperative Rehabilitation und Wiederaufbau stehen hier im Fokus.<\/p><\/div><\/div><\/div>\n<\/div><\/div>\n<\/div><\/section><\/div>\n<\/div><\/div>\n<\/div><\/section><\/div>\n\n\n\n<div class=\"section-wrapper\" data-id=\"m63sWB\"><section class=\"wp-block-gutenverse-section guten-element guten-section guten-m63sWB layout-boxed align-stretch\"><div class=\"guten-container guten-column-gap-default\">\n<div class=\"wp-block-gutenverse-column guten-element guten-column guten-LJ8L75\"><div class=\"guten-column-wrapper\" data-id=\"LJ8L75\">\n<div class=\"guten-element guten-wrap-helper no-margin guten-a8KVqt block\"><div class=\"guten-inner-wrap\" data-id=\"a8KVqt\">\n<p aria-label=\"Text Paragraph\" class=\"guten-element gutenverse-text guten-Q5frpS\">Termin<\/p>\n<\/div><\/div>\n\n\n\n<h2 class=\"wp-block-gutenverse-heading guten-element guten-70r4iK\">Termin online anfragen<\/h2>\n\n\n\n<div class=\"section-wrapper\" data-id=\"Ec5nKD\"><section class=\"wp-block-gutenverse-section guten-element guten-section guten-Ec5nKD layout-fullwidth align-stretch\"><div class=\"guten-container guten-column-gap-narrow\">\n<div class=\"wp-block-gutenverse-column guten-element guten-column guten-Kclwpo\"><div class=\"guten-column-wrapper\" data-id=\"Kclwpo\">\n<p aria-label=\"Text Paragraph\" class=\"guten-element gutenverse-text guten-5Wf6va\">F\u00fcr eine Terminvereinbarung nutzen Sie bitte den Button unten. Dort finden Sie alle Schritte zur Buchung sowie die wichtigsten Informationen im \u00dcberblick.<\/p>\n\n\n\n<div class=\"guten-element guten-button-wrapper guten-ah7Aw3\"><a class=\"guten-button guten-button-md\" href=\"https:\/\/physiotherapie-pregler.de\/de\/kontakt\/\"><span>Termin online anfragen<\/span><i class=\"fa-lg far fa-calendar-alt\"><\/i><\/a><\/div>\n<\/div><\/div>\n<\/div><\/section><\/div>\n<\/div><\/div>\n<\/div><\/section><\/div>\n\n\n\n<div class=\"section-wrapper\" data-id=\"BHd0dv\"><section class=\"wp-block-gutenverse-section guten-element guten-section guten-BHd0dv layout-boxed align-stretch\"><div class=\"guten-container guten-column-gap-default\">\n<div class=\"wp-block-gutenverse-column guten-element guten-column guten-5C7909\"><div class=\"guten-column-wrapper\" data-id=\"5C7909\">\n<div class=\"guten-element guten-wrap-helper no-margin guten-NAv5W0 block\"><div class=\"guten-inner-wrap\" data-id=\"NAv5W0\">\n<p aria-label=\"Text Paragraph\" class=\"guten-element gutenverse-text guten-wLPIWK\">Fragen?<\/p>\n<\/div><\/div>\n\n\n\n<h2 class=\"wp-block-gutenverse-heading guten-element guten-roQnam\">Sie sind abgesichert<\/h2>\n\n\n\n<div class=\"section-wrapper\" data-id=\"iL2pCj\"><section class=\"wp-block-gutenverse-section guten-element guten-section guten-iL2pCj layout-fullwidth align-stretch\"><div class=\"guten-container guten-column-gap-narrow\">\n<div class=\"wp-block-gutenverse-column guten-element guten-column guten-OhAi2O\"><div class=\"guten-column-wrapper\" data-id=\"OhAi2O\">\n<p aria-label=\"Text Paragraph\" class=\"guten-element gutenverse-text guten-coZtXs\">Als Privatpraxis behandle ich Privatversicherte, Beihilfepatienten sowie Selbstzahler. Gerne informiere ich Sie transparent \u00fcber Ablauf und Kostenstruktur vor Therapiebeginn.<\/p>\n<\/div><\/div>\n<\/div><\/section><\/div>\n\n\n\n<div class=\"section-wrapper\" data-id=\"golk3U\"><section class=\"wp-block-gutenverse-section guten-element guten-section guten-golk3U layout-fullwidth align-stretch\"><div class=\"guten-container guten-column-gap-narrow\">\n<div class=\"wp-block-gutenverse-column guten-element guten-column guten-9lyIpE\"><div class=\"guten-column-wrapper\" data-id=\"9lyIpE\">\n<div class=\"guten-element guten-accordions-wrapper guten-nxYD3K\"><div class=\"guten-accordions\">\n<div class=\"accordion-item guten-4ZPyeZ\"><div class=\"accordion-heading\"><div class=\"accordion-icon\"><span class=\"accordion-icon-open\"><i class=\"fas fa-arrow-alt-circle-down\"><\/i><\/span><span class=\"accordion-icon-closed\"><i class=\"fas fa-arrow-alt-circle-right\"><\/i><\/span><\/div><span class=\"accordion-text\">Was versteht man unter Krankengymnastik?<\/span><\/div><div class=\"accordion-body\"><div class=\"accordion-content\">\n<p aria-label=\"Text Paragraph\" class=\"guten-element gutenverse-text guten-JIpoXD\">Krankengymnastik ist eine physiotherapeutische Behandlungsform, die durch gezielte \u00dcbungen und manuelle Techniken die Beweglichkeit verbessert, Schmerzen reduziert und die k\u00f6rperliche Funktion wiederherstellt.<\/p>\n<\/div><\/div><\/div>\n\n\n\n<div class=\"accordion-item guten-vLwRgC\"><div class=\"accordion-heading\"><div class=\"accordion-icon\"><span class=\"accordion-icon-open\"><i class=\"fas fa-arrow-alt-circle-down\"><\/i><\/span><span class=\"accordion-icon-closed\"><i class=\"fas fa-arrow-alt-circle-right\"><\/i><\/span><\/div><span class=\"accordion-text\">Bei welchen Beschwerden wird Krankengymnastik eingesetzt?<\/span><\/div><div class=\"accordion-body\"><div class=\"accordion-content\">\n<p aria-label=\"Text Paragraph\" class=\"guten-element gutenverse-text guten-QyIWyl\">Sie wird unter anderem bei R\u00fccken- und Gelenkschmerzen, Bandscheibenproblemen, Sportverletzungen, nach Operationen sowie bei neurologischen Erkrankungen angewendet.<\/p>\n<\/div><\/div><\/div>\n\n\n\n<div class=\"accordion-item guten-LCco79 active\"><div class=\"accordion-heading\"><div class=\"accordion-icon\"><span class=\"accordion-icon-open\"><i class=\"fas fa-arrow-alt-circle-down\"><\/i><\/span><span class=\"accordion-icon-closed\"><i class=\"fas fa-arrow-alt-circle-right\"><\/i><\/span><\/div><span class=\"accordion-text\">Wie unterscheidet sich Krankengymnastik von anderen physiotherapeutischen Verfahren?<\/span><\/div><div class=\"accordion-body\"><div class=\"accordion-content\">\n<p aria-label=\"Text Paragraph\" class=\"guten-element gutenverse-text guten-huG5tq\">Krankengymnastik fokussiert sich prim\u00e4r auf aktive Bewegungstherapie und funktionelle \u00dcbungen. Andere Verfahren wie Manuelle Therapie oder Elektrotherapie k\u00f6nnen erg\u00e4nzend eingesetzt werden.<\/p>\n<\/div><\/div><\/div>\n<\/div><\/div>\n<\/div><\/div>\n\n\n\n<div class=\"mobile-overlay-vertical wp-block-gutenverse-column guten-element guten-column guten-ngPuHZ\"><div class=\"guten-column-wrapper\" data-id=\"ngPuHZ\"><div class=\"guten-background-overlay\"><\/div>\n<div class=\"guten-element guten-spacer guten-2GpJaK\"><\/div>\n<\/div><\/div>\n<\/div><\/section><\/div>\n<\/div><\/div>\n<\/div><\/section><\/div>\n\n\n\n<p class=\"\"><\/p>\n","protected":false},"excerpt":{"rendered":"","protected":false},"featured_media":0,"menu_order":0,"template":"","meta":{"nf_dc_page":""},"class_list":["post-541","services","type-services","status-publish","hentry"],"yoast_head":"<!-- This site is optimized with the Yoast SEO plugin v27.3 - https:\/\/yoast.com\/product\/yoast-seo-wordpress\/ -->\n<title>Krankengymnastik (KG) in M\u00fcnchen - Private Physiotherapie Pregler<\/title>\n<meta name=\"description\" content=\"Krankengymnastik in M\u00fcnchen: Effektive Physiotherapie bei Schmerzen, nach Operationen oder Verletzungen. Jetzt Termin vereinbaren.\" \/>\n<meta name=\"robots\" content=\"index, follow, max-snippet:-1, max-image-preview:large, max-video-preview:-1\" \/>\n<link rel=\"canonical\" href=\"https:\/\/physiotherapie-pregler.de\/de\/services\/krankengymnastik\/\" \/>\n<meta property=\"og:locale\" content=\"de_DE\" \/>\n<meta property=\"og:type\" content=\"article\" \/>\n<meta property=\"og:title\" content=\"Krankengymnastik (KG) in M\u00fcnchen - Private Physiotherapie Pregler\" \/>\n<meta property=\"og:description\" content=\"Krankengymnastik in M\u00fcnchen: Effektive Physiotherapie bei Schmerzen, nach Operationen oder Verletzungen. Jetzt Termin vereinbaren.\" \/>\n<meta property=\"og:url\" content=\"https:\/\/physiotherapie-pregler.de\/de\/services\/krankengymnastik\/\" \/>\n<meta property=\"og:site_name\" content=\"Private Physiotherapie Pregler\" \/>\n<meta property=\"article:modified_time\" content=\"2026-04-01T12:17:23+00:00\" \/>\n<meta property=\"og:image\" content=\"https:\/\/physiotherapie-pregler.de\/wp-content\/uploads\/2025\/07\/Krankengymnastik.webp\" \/>\n\t<meta property=\"og:image:width\" content=\"900\" \/>\n\t<meta property=\"og:image:height\" content=\"600\" \/>\n\t<meta property=\"og:image:type\" content=\"image\/webp\" \/>\n<meta name=\"twitter:card\" content=\"summary_large_image\" \/>\n<meta name=\"twitter:label1\" content=\"Gesch\u00e4tzte Lesezeit\" \/>\n\t<meta name=\"twitter:data1\" content=\"2\u00a0Minuten\" \/>\n<script type=\"application\/ld+json\" class=\"yoast-schema-graph\">{\"@context\":\"https:\\\/\\\/schema.org\",\"@graph\":[{\"@type\":[\"WebPage\",\"MedicalWebPage\"],\"@id\":\"https:\\\/\\\/physiotherapie-pregler.de\\\/services\\\/krankengymnastik\\\/\",\"url\":\"https:\\\/\\\/physiotherapie-pregler.de\\\/services\\\/krankengymnastik\\\/\",\"name\":\"Krankengymnastik (KG) in M\u00fcnchen - Private Physiotherapie Pregler\",\"isPartOf\":{\"@id\":\"https:\\\/\\\/rzu.upx.mybluehost.me\\\/#website\"},\"primaryImageOfPage\":{\"@id\":\"https:\\\/\\\/physiotherapie-pregler.de\\\/services\\\/krankengymnastik\\\/#primaryimage\"},\"image\":{\"@id\":\"https:\\\/\\\/physiotherapie-pregler.de\\\/services\\\/krankengymnastik\\\/#primaryimage\"},\"thumbnailUrl\":\"https:\\\/\\\/physiotherapie-pregler.de\\\/wp-content\\\/uploads\\\/2025\\\/07\\\/Krankengymnastik.webp\",\"datePublished\":\"2025-07-21T11:44:31+00:00\",\"dateModified\":\"2026-04-01T12:17:23+00:00\",\"description\":\"Krankengymnastik in M\u00fcnchen: Effektive Physiotherapie bei Schmerzen, nach Operationen oder Verletzungen. Jetzt Termin vereinbaren.\",\"breadcrumb\":{\"@id\":\"https:\\\/\\\/physiotherapie-pregler.de\\\/services\\\/krankengymnastik\\\/#breadcrumb\"},\"inLanguage\":\"de\",\"potentialAction\":[{\"@type\":\"ReadAction\",\"target\":[\"https:\\\/\\\/physiotherapie-pregler.de\\\/services\\\/krankengymnastik\\\/\"]}]},{\"@type\":\"ImageObject\",\"inLanguage\":\"de\",\"@id\":\"https:\\\/\\\/physiotherapie-pregler.de\\\/services\\\/krankengymnastik\\\/#primaryimage\",\"url\":\"https:\\\/\\\/physiotherapie-pregler.de\\\/wp-content\\\/uploads\\\/2025\\\/07\\\/Krankengymnastik.webp\",\"contentUrl\":\"https:\\\/\\\/physiotherapie-pregler.de\\\/wp-content\\\/uploads\\\/2025\\\/07\\\/Krankengymnastik.webp\"},{\"@type\":\"BreadcrumbList\",\"@id\":\"https:\\\/\\\/physiotherapie-pregler.de\\\/services\\\/krankengymnastik\\\/#breadcrumb\",\"itemListElement\":[{\"@type\":\"ListItem\",\"position\":1,\"name\":\"Home\",\"item\":\"https:\\\/\\\/physiotherapie-pregler.de\\\/\"},{\"@type\":\"ListItem\",\"position\":2,\"name\":\"Krankengymnastik (KG)\"}]},{\"@type\":\"WebSite\",\"@id\":\"https:\\\/\\\/rzu.upx.mybluehost.me\\\/#website\",\"url\":\"https:\\\/\\\/rzu.upx.mybluehost.me\\\/\",\"name\":\"Private Physiotherapie Pregler\",\"description\":\"PRIVATE PHYSIOTHERAPIE PREGLER\",\"publisher\":{\"@id\":\"https:\\\/\\\/rzu.upx.mybluehost.me\\\/#organization\"},\"alternateName\":\"Private Physiotherapie Pregler\",\"potentialAction\":[{\"@type\":\"SearchAction\",\"target\":{\"@type\":\"EntryPoint\",\"urlTemplate\":\"https:\\\/\\\/rzu.upx.mybluehost.me\\\/?s={search_term_string}\"},\"query-input\":{\"@type\":\"PropertyValueSpecification\",\"valueRequired\":true,\"valueName\":\"search_term_string\"}}],\"inLanguage\":\"de\"},{\"@type\":\"Organization\",\"@id\":\"https:\\\/\\\/rzu.upx.mybluehost.me\\\/#organization\",\"name\":\"Private Physiotherapie Pregler\",\"alternateName\":\"Private Physiotherapie Pregler\",\"url\":\"https:\\\/\\\/rzu.upx.mybluehost.me\\\/\",\"logo\":{\"@type\":\"ImageObject\",\"inLanguage\":\"de\",\"@id\":\"https:\\\/\\\/rzu.upx.mybluehost.me\\\/#\\\/schema\\\/logo\\\/image\\\/\",\"url\":\"https:\\\/\\\/physiotherapie-pregler.de\\\/wp-content\\\/uploads\\\/2025\\\/07\\\/Physiotherapie-Pregler-Logo-Green.webp\",\"contentUrl\":\"https:\\\/\\\/physiotherapie-pregler.de\\\/wp-content\\\/uploads\\\/2025\\\/07\\\/Physiotherapie-Pregler-Logo-Green.webp\",\"width\":512,\"height\":512,\"caption\":\"Private Physiotherapie Pregler\"},\"image\":{\"@id\":\"https:\\\/\\\/rzu.upx.mybluehost.me\\\/#\\\/schema\\\/logo\\\/image\\\/\"},\"sameAs\":[\"https:\\\/\\\/www.instagram.com\\\/physiopregler\\\/\"]}]}<\/script>\n<!-- \/ Yoast SEO plugin. -->","yoast_head_json":{"title":"Krankengymnastik (KG) in M\u00fcnchen - Private Physiotherapie Pregler","description":"Krankengymnastik in M\u00fcnchen: Effektive Physiotherapie bei Schmerzen, nach Operationen oder Verletzungen. Jetzt Termin vereinbaren.","robots":{"index":"index","follow":"follow","max-snippet":"max-snippet:-1","max-image-preview":"max-image-preview:large","max-video-preview":"max-video-preview:-1"},"canonical":"https:\/\/physiotherapie-pregler.de\/de\/services\/krankengymnastik\/","og_locale":"de_DE","og_type":"article","og_title":"Krankengymnastik (KG) in M\u00fcnchen - Private Physiotherapie Pregler","og_description":"Krankengymnastik in M\u00fcnchen: Effektive Physiotherapie bei Schmerzen, nach Operationen oder Verletzungen. Jetzt Termin vereinbaren.","og_url":"https:\/\/physiotherapie-pregler.de\/de\/services\/krankengymnastik\/","og_site_name":"Private Physiotherapie Pregler","article_modified_time":"2026-04-01T12:17:23+00:00","og_image":[{"width":900,"height":600,"url":"https:\/\/physiotherapie-pregler.de\/wp-content\/uploads\/2025\/07\/Krankengymnastik.webp","type":"image\/webp"}],"twitter_card":"summary_large_image","twitter_misc":{"Gesch\u00e4tzte Lesezeit":"2\u00a0Minuten"},"schema":{"@context":"https:\/\/schema.org","@graph":[{"@type":["WebPage","MedicalWebPage"],"@id":"https:\/\/physiotherapie-pregler.de\/services\/krankengymnastik\/","url":"https:\/\/physiotherapie-pregler.de\/services\/krankengymnastik\/","name":"Krankengymnastik (KG) in M\u00fcnchen - Private Physiotherapie Pregler","isPartOf":{"@id":"https:\/\/rzu.upx.mybluehost.me\/#website"},"primaryImageOfPage":{"@id":"https:\/\/physiotherapie-pregler.de\/services\/krankengymnastik\/#primaryimage"},"image":{"@id":"https:\/\/physiotherapie-pregler.de\/services\/krankengymnastik\/#primaryimage"},"thumbnailUrl":"https:\/\/physiotherapie-pregler.de\/wp-content\/uploads\/2025\/07\/Krankengymnastik.webp","datePublished":"2025-07-21T11:44:31+00:00","dateModified":"2026-04-01T12:17:23+00:00","description":"Krankengymnastik in M\u00fcnchen: Effektive Physiotherapie bei Schmerzen, nach Operationen oder Verletzungen. Jetzt Termin vereinbaren.","breadcrumb":{"@id":"https:\/\/physiotherapie-pregler.de\/services\/krankengymnastik\/#breadcrumb"},"inLanguage":"de","potentialAction":[{"@type":"ReadAction","target":["https:\/\/physiotherapie-pregler.de\/services\/krankengymnastik\/"]}]},{"@type":"ImageObject","inLanguage":"de","@id":"https:\/\/physiotherapie-pregler.de\/services\/krankengymnastik\/#primaryimage","url":"https:\/\/physiotherapie-pregler.de\/wp-content\/uploads\/2025\/07\/Krankengymnastik.webp","contentUrl":"https:\/\/physiotherapie-pregler.de\/wp-content\/uploads\/2025\/07\/Krankengymnastik.webp"},{"@type":"BreadcrumbList","@id":"https:\/\/physiotherapie-pregler.de\/services\/krankengymnastik\/#breadcrumb","itemListElement":[{"@type":"ListItem","position":1,"name":"Home","item":"https:\/\/physiotherapie-pregler.de\/"},{"@type":"ListItem","position":2,"name":"Krankengymnastik (KG)"}]},{"@type":"WebSite","@id":"https:\/\/rzu.upx.mybluehost.me\/#website","url":"https:\/\/rzu.upx.mybluehost.me\/","name":"Private Physiotherapie Pregler","description":"PRIVATE PHYSIOTHERAPIE PREGLER","publisher":{"@id":"https:\/\/rzu.upx.mybluehost.me\/#organization"},"alternateName":"Private Physiotherapie Pregler","potentialAction":[{"@type":"SearchAction","target":{"@type":"EntryPoint","urlTemplate":"https:\/\/rzu.upx.mybluehost.me\/?s={search_term_string}"},"query-input":{"@type":"PropertyValueSpecification","valueRequired":true,"valueName":"search_term_string"}}],"inLanguage":"de"},{"@type":"Organization","@id":"https:\/\/rzu.upx.mybluehost.me\/#organization","name":"Private Physiotherapie Pregler","alternateName":"Private Physiotherapie Pregler","url":"https:\/\/rzu.upx.mybluehost.me\/","logo":{"@type":"ImageObject","inLanguage":"de","@id":"https:\/\/rzu.upx.mybluehost.me\/#\/schema\/logo\/image\/","url":"https:\/\/physiotherapie-pregler.de\/wp-content\/uploads\/2025\/07\/Physiotherapie-Pregler-Logo-Green.webp","contentUrl":"https:\/\/physiotherapie-pregler.de\/wp-content\/uploads\/2025\/07\/Physiotherapie-Pregler-Logo-Green.webp","width":512,"height":512,"caption":"Private Physiotherapie Pregler"},"image":{"@id":"https:\/\/rzu.upx.mybluehost.me\/#\/schema\/logo\/image\/"},"sameAs":["https:\/\/www.instagram.com\/physiopregler\/"]}]}},"_links":{"self":[{"href":"https:\/\/physiotherapie-pregler.de\/de\/wp-json\/wp\/v2\/services\/541","targetHints":{"allow":["GET"]}}],"collection":[{"href":"https:\/\/physiotherapie-pregler.de\/de\/wp-json\/wp\/v2\/services"}],"about":[{"href":"https:\/\/physiotherapie-pregler.de\/de\/wp-json\/wp\/v2\/types\/services"}],"wp:attachment":[{"href":"https:\/\/physiotherapie-pregler.de\/de\/wp-json\/wp\/v2\/media?parent=541"}],"curies":[{"name":"wp","href":"https:\/\/api.w.org\/{rel}","templated":true}]}}