{"id":544,"date":"2025-07-21T13:47:22","date_gmt":"2025-07-21T11:47:22","guid":{"rendered":"https:\/\/physiotherapie-pregler.de\/?post_type=services&#038;p=544"},"modified":"2026-04-01T11:20:18","modified_gmt":"2026-04-01T09:20:18","slug":"schroepfen","status":"publish","type":"services","link":"https:\/\/physiotherapie-pregler.de\/de\/services\/schroepfen\/","title":{"rendered":"Schr\u00f6pfen"},"content":{"rendered":"\n<div class=\"wp-block-cover alignfull\" style=\"padding-top:0px;padding-right:1px;padding-bottom:0px;padding-left:1px;min-height:60vh;aspect-ratio:unset;\"><img decoding=\"async\" width=\"2560\" height=\"1703\" loading=\"lazy\" class=\"wp-block-cover__image-background wp-image-1212 size-full\" alt=\"\" src=\"https:\/\/physiotherapie-pregler.de\/wp-content\/uploads\/2026\/03\/client-with-suction-cup-process-1-scaled.jpg\" data-object-fit=\"cover\" srcset=\"https:\/\/physiotherapie-pregler.de\/wp-content\/uploads\/2026\/03\/client-with-suction-cup-process-1-scaled.jpg 2560w, https:\/\/physiotherapie-pregler.de\/wp-content\/uploads\/2026\/03\/client-with-suction-cup-process-1-300x200.jpg 300w, https:\/\/physiotherapie-pregler.de\/wp-content\/uploads\/2026\/03\/client-with-suction-cup-process-1-1024x681.jpg 1024w, https:\/\/physiotherapie-pregler.de\/wp-content\/uploads\/2026\/03\/client-with-suction-cup-process-1-768x511.jpg 768w, https:\/\/physiotherapie-pregler.de\/wp-content\/uploads\/2026\/03\/client-with-suction-cup-process-1-1536x1022.jpg 1536w, https:\/\/physiotherapie-pregler.de\/wp-content\/uploads\/2026\/03\/client-with-suction-cup-process-1-2048x1363.jpg 2048w, https:\/\/physiotherapie-pregler.de\/wp-content\/uploads\/2026\/03\/client-with-suction-cup-process-1-18x12.jpg 18w\" sizes=\"auto, (max-width: 2560px) 100vw, 2560px\" \/><span aria-hidden=\"true\" class=\"wp-block-cover__background has-contrast-background-color has-background-dim-60 has-background-dim\"><\/span><div class=\"wp-block-cover__inner-container is-layout-flow wp-block-cover-is-layout-flow\"><\/div><\/div>\n\n\n\n<div class=\"section-wrapper\" data-id=\"Pr6cyZ\"><section class=\"wp-block-gutenverse-section guten-element guten-section guten-Pr6cyZ layout-boxed align-stretch\"><div class=\"guten-container guten-column-gap-default\">\n<div class=\"wp-block-gutenverse-column guten-element guten-column guten-6XiwVT\"><div class=\"guten-column-wrapper\" data-id=\"6XiwVT\">\n<div class=\"guten-element guten-wrap-helper no-margin guten-OAYqvw block\"><div class=\"guten-inner-wrap\" data-id=\"OAYqvw\">\n<p aria-label=\"Text Paragraph\" class=\"guten-element gutenverse-text guten-HnLTjU\">Was ist<\/p>\n<\/div><\/div>\n\n\n\n<h2 class=\"wp-block-gutenverse-heading guten-element guten-p2Mlaq\"><strong>Schr\u00f6pfen<\/strong><\/h2>\n\n\n\n<div class=\"section-wrapper\" data-id=\"cNSuVh\"><section class=\"wp-block-gutenverse-section guten-element guten-section guten-cNSuVh layout-fullwidth align-stretch\"><div class=\"guten-container guten-column-gap-narrow\">\n<div class=\"wp-block-gutenverse-column guten-element guten-column guten-CdhQZ8\"><div class=\"guten-column-wrapper\" data-id=\"CdhQZ8\">\n<p aria-label=\"Text Paragraph\" class=\"guten-element gutenverse-text guten-gPdsdL\">Schr\u00f6pfen ist ein traditionelles Therapieverfahren, das heute gezielt in der Physiotherapie eingesetzt wird. Dabei werden spezielle Schr\u00f6pfgl\u00e4ser auf die Haut gesetzt, wodurch ein kontrollierter Unterdruck entsteht. Dieser Reiz f\u00f6rdert die lokale Durchblutung, aktiviert den Stoffwechsel im Gewebe und kann muskul\u00e4re sowie fasziale Spannungen l\u00f6sen.<br>In meiner Privatpraxis in M\u00fcnchen wird das Schr\u00f6pfen individuell an Ihr Beschwerdebild angepasst und h\u00e4ufig erg\u00e4nzend zu manuellen Techniken oder Krankengymnastik angewendet.<\/p>\n<\/div><\/div>\n\n\n\n<div class=\"wp-block-gutenverse-column guten-element guten-column guten-ggw4Hu\"><div class=\"guten-column-wrapper\" data-id=\"ggw4Hu\">\n<div class=\"guten-element guten-spacer guten-mKGy9a\"><\/div>\n<\/div><\/div>\n<\/div><\/section><\/div>\n<\/div><\/div>\n<\/div><\/section><\/div>\n\n\n\n<div class=\"section-wrapper\" data-id=\"esOvkQ\"><section class=\"wp-block-gutenverse-section guten-element guten-section guten-esOvkQ layout-boxed align-stretch\"><div class=\"guten-container guten-column-gap-default\">\n<div class=\"wp-block-gutenverse-column guten-element guten-column guten-llGzwF\"><div class=\"guten-column-wrapper\" data-id=\"llGzwF\">\n<div class=\"guten-element guten-wrap-helper no-margin guten-WR5OvD block\"><div class=\"guten-inner-wrap\" data-id=\"WR5OvD\">\n<p aria-label=\"Text Paragraph\" class=\"guten-element gutenverse-text guten-1ZVd2a\">Hauptgrund<\/p>\n<\/div><\/div>\n\n\n\n<h2 class=\"wp-block-gutenverse-heading guten-element guten-eZ1Nx7\"><strong>Schr\u00f6pfen<\/strong> zu \u00fcben<\/h2>\n\n\n\n<div class=\"section-wrapper\" data-id=\"vv8rou\"><section class=\"wp-block-gutenverse-section guten-element guten-section guten-vv8rou layout-fullwidth align-stretch\"><div class=\"guten-container guten-column-gap-narrow\">\n<div class=\"wp-block-gutenverse-column guten-element guten-column guten-thaY08\"><div class=\"guten-column-wrapper\" data-id=\"thaY08\">\n<p aria-label=\"Text Paragraph\" class=\"guten-element gutenverse-text guten-D8Hzng\">Durch den erzeugten Unterdruck wird die Durchblutung gezielt angeregt. Gleichzeitig werden Verklebungen im Bindegewebe gel\u00f6st und die Gewebespannung reguliert. Dadurch kann es zu einer sp\u00fcrbaren Entlastung bei muskul\u00e4ren Beschwerden kommen.<\/p>\n<\/div><\/div>\n<\/div><\/section><\/div>\n\n\n\n<div class=\"section-wrapper\" data-id=\"QTIY9z\"><section class=\"wp-block-gutenverse-section guten-element guten-section guten-QTIY9z layout-fullwidth align-stretch\"><div class=\"guten-container guten-column-gap-narrow\">\n<div class=\"wp-block-gutenverse-column guten-element guten-column guten-YHvt5m\"><div class=\"guten-column-wrapper\" data-id=\"YHvt5m\">\n<div class=\"guten-element guten-SvdWXW guten-icon-box icon-position-top\"><div class=\"guten-icon-box-wrapper hover-from-left\"><div class=\"icon-box icon-box-header\"><div class=\"icon bg-style-color\"><i class=\"far fa-user icon-style-color\"><\/i><\/div><\/div><div class=\"icon-box icon-box-body\"><h2 class=\"title\">F\u00f6rderung der lokalen Durchblutung<\/h2><p class=\"icon-box-description\">Der Unterdruck steigert die Mikrozirkulation und verbessert die Sauerstoffversorgung des Gewebes.<\/p><\/div><\/div><\/div>\n<\/div><\/div>\n<\/div><\/section><\/div>\n\n\n\n<div class=\"section-wrapper\" data-id=\"zQf90n\"><section class=\"wp-block-gutenverse-section guten-element guten-section guten-zQf90n layout-fullwidth align-stretch\"><div class=\"guten-container guten-column-gap-narrow\">\n<div class=\"wp-block-gutenverse-column guten-element guten-column guten-TnffVY\"><div class=\"guten-column-wrapper\" data-id=\"TnffVY\">\n<div class=\"guten-element guten-637MDD guten-icon-box icon-position-top\"><div class=\"guten-icon-box-wrapper hover-from-left\"><div class=\"icon-box icon-box-header\"><div class=\"icon bg-style-color\"><i class=\"far fa-user icon-style-color\"><\/i><\/div><\/div><div class=\"icon-box icon-box-body\"><h2 class=\"title\">L\u00f6sen von Muskelverh\u00e4rtungen und Faszien Verklebungen<\/h2><p class=\"icon-box-description\">Verklebtes oder verh\u00e4rtetes Gewebe wird gelockert und die Elastizit\u00e4t verbessert.<\/p><\/div><\/div><\/div>\n<\/div><\/div>\n<\/div><\/section><\/div>\n\n\n\n<div class=\"section-wrapper\" data-id=\"KArI3U\"><section class=\"wp-block-gutenverse-section guten-element guten-section guten-KArI3U layout-fullwidth align-stretch\"><div class=\"guten-container guten-column-gap-narrow\">\n<div class=\"wp-block-gutenverse-column guten-element guten-column guten-bWHKvV\"><div class=\"guten-column-wrapper\" data-id=\"bWHKvV\">\n<div class=\"guten-element guten-d1dqFg guten-icon-box icon-position-top\"><div class=\"guten-icon-box-wrapper hover-from-left\"><div class=\"icon-box icon-box-header\"><div class=\"icon bg-style-color\"><i class=\"far fa-user icon-style-color\"><\/i><\/div><\/div><div class=\"icon-box icon-box-body\"><h2 class=\"title\">Anregung des Lymphflusses und Stoffwechsels<\/h2><p class=\"icon-box-description\">Der Stoffwechsel im behandelten Bereich wird aktiviert und unterst\u00fctzt die Regeneration.<\/p><\/div><\/div><\/div>\n<\/div><\/div>\n<\/div><\/section><\/div>\n\n\n\n<div class=\"section-wrapper\" data-id=\"AmihpA\"><section class=\"wp-block-gutenverse-section guten-element guten-section guten-AmihpA layout-fullwidth align-stretch\"><div class=\"guten-container guten-column-gap-narrow\">\n<div class=\"wp-block-gutenverse-column guten-element guten-column guten-QUMNYH\"><div class=\"guten-column-wrapper\" data-id=\"QUMNYH\">\n<div class=\"guten-element guten-FsEQCw guten-icon-box icon-position-top\"><div class=\"guten-icon-box-wrapper hover-from-left\"><div class=\"icon-box icon-box-header\"><div class=\"icon bg-style-color\"><i class=\"far fa-user icon-style-color\"><\/i><\/div><\/div><div class=\"icon-box icon-box-body\"><h2 class=\"title\">Unterst\u00fctzung der k\u00f6rpereigenen Entgiftung<\/h2><p class=\"icon-box-description\">Durch die verbesserte Durchblutung werden Abbauprodukte schneller abtransportiert.<\/p><\/div><\/div><\/div>\n<\/div><\/div>\n<\/div><\/section><\/div>\n\n\n\n<div class=\"section-wrapper\" data-id=\"gCS4Vt\"><section class=\"wp-block-gutenverse-section guten-element guten-section guten-gCS4Vt layout-fullwidth align-stretch\"><div class=\"guten-container guten-column-gap-narrow\">\n<div class=\"wp-block-gutenverse-column guten-element guten-column guten-IlMJLg\"><div class=\"guten-column-wrapper\" data-id=\"IlMJLg\">\n<div class=\"guten-element guten-hJl5p8 guten-icon-box icon-position-top\"><div class=\"guten-icon-box-wrapper hover-from-left\"><div class=\"icon-box icon-box-header\"><div class=\"icon bg-style-color\"><i class=\"far fa-user icon-style-color\"><\/i><\/div><\/div><div class=\"icon-box icon-box-body\"><h2 class=\"title\">Schmerzlinderung und allgemeine Regeneration<\/h2><p class=\"icon-box-description\">Spannungszust\u00e4nde werden reduziert, wodurch Schmerzen gelindert und die Erholung gef\u00f6rdert werden k\u00f6nnen.<\/p><\/div><\/div><\/div>\n<\/div><\/div>\n<\/div><\/section><\/div>\n<\/div><\/div>\n<\/div><\/section><\/div>\n\n\n\n<div class=\"section-wrapper\" data-id=\"m63sWB\"><section class=\"wp-block-gutenverse-section guten-element guten-section guten-m63sWB layout-boxed align-stretch\"><div class=\"guten-container guten-column-gap-default\">\n<div class=\"wp-block-gutenverse-column guten-element guten-column guten-LJ8L75\"><div class=\"guten-column-wrapper\" data-id=\"LJ8L75\">\n<div class=\"guten-element guten-wrap-helper no-margin guten-a8KVqt block\"><div class=\"guten-inner-wrap\" data-id=\"a8KVqt\">\n<p aria-label=\"Text Paragraph\" class=\"guten-element gutenverse-text guten-Q5frpS\">Termin<\/p>\n<\/div><\/div>\n\n\n\n<h2 class=\"wp-block-gutenverse-heading guten-element guten-70r4iK\">Termin online anfragen<\/h2>\n\n\n\n<div class=\"section-wrapper\" data-id=\"Ec5nKD\"><section class=\"wp-block-gutenverse-section guten-element guten-section guten-Ec5nKD layout-fullwidth align-stretch\"><div class=\"guten-container guten-column-gap-narrow\">\n<div class=\"wp-block-gutenverse-column guten-element guten-column guten-Kclwpo\"><div class=\"guten-column-wrapper\" data-id=\"Kclwpo\">\n<p aria-label=\"Text Paragraph\" class=\"guten-element gutenverse-text guten-5Wf6va\">F\u00fcr eine Terminvereinbarung nutzen Sie bitte den Button unten. Dort finden Sie alle Schritte zur Buchung sowie die wichtigsten Informationen im \u00dcberblick.<\/p>\n\n\n\n<div class=\"guten-element guten-button-wrapper guten-ah7Aw3\"><a class=\"guten-button guten-button-md\" href=\"https:\/\/physiotherapie-pregler.de\/de\/kontakt\/\"><span>Termin online anfragen<\/span><i class=\"fa-lg far fa-calendar-alt\"><\/i><\/a><\/div>\n<\/div><\/div>\n<\/div><\/section><\/div>\n<\/div><\/div>\n<\/div><\/section><\/div>\n\n\n\n<div class=\"section-wrapper\" data-id=\"BHd0dv\"><section class=\"wp-block-gutenverse-section guten-element guten-section guten-BHd0dv layout-boxed align-stretch\"><div class=\"guten-container guten-column-gap-default\">\n<div class=\"wp-block-gutenverse-column guten-element guten-column guten-5C7909\"><div class=\"guten-column-wrapper\" data-id=\"5C7909\">\n<div class=\"guten-element guten-wrap-helper no-margin guten-NAv5W0 block\"><div class=\"guten-inner-wrap\" data-id=\"NAv5W0\">\n<p aria-label=\"Text Paragraph\" class=\"guten-element gutenverse-text guten-wLPIWK\">Fragen?<\/p>\n<\/div><\/div>\n\n\n\n<h2 class=\"wp-block-gutenverse-heading guten-element guten-roQnam\">Sie sind abgesichert<\/h2>\n\n\n\n<div class=\"section-wrapper\" data-id=\"iL2pCj\"><section class=\"wp-block-gutenverse-section guten-element guten-section guten-iL2pCj layout-fullwidth align-stretch\"><div class=\"guten-container guten-column-gap-narrow\">\n<div class=\"wp-block-gutenverse-column guten-element guten-column guten-OhAi2O\"><div class=\"guten-column-wrapper\" data-id=\"OhAi2O\">\n<p aria-label=\"Text Paragraph\" class=\"guten-element gutenverse-text guten-coZtXs\">Als Privatpraxis behandle ich Privatversicherte, Beihilfepatienten sowie Selbstzahler. Gerne informiere ich Sie vor Beginn der Behandlung transparent \u00fcber Ablauf und Kostenstruktur.<br>Schr\u00f6pfen wird individuell in den Therapieplan integriert und kann auch erg\u00e4nzend zu anderen physiotherapeutischen Ma\u00dfnahmen erfolgen.<\/p>\n<\/div><\/div>\n<\/div><\/section><\/div>\n\n\n\n<div class=\"section-wrapper\" data-id=\"golk3U\"><section class=\"wp-block-gutenverse-section guten-element guten-section guten-golk3U layout-fullwidth align-stretch\"><div class=\"guten-container guten-column-gap-narrow\">\n<div class=\"wp-block-gutenverse-column guten-element guten-column guten-9lyIpE\"><div class=\"guten-column-wrapper\" data-id=\"9lyIpE\">\n<div class=\"guten-element guten-accordions-wrapper guten-nxYD3K\"><div class=\"guten-accordions\">\n<div class=\"accordion-item guten-4ZPyeZ\"><div class=\"accordion-heading\"><div class=\"accordion-icon\"><span class=\"accordion-icon-open\"><i class=\"fas fa-arrow-alt-circle-down\"><\/i><\/span><span class=\"accordion-icon-closed\"><i class=\"fas fa-arrow-alt-circle-right\"><\/i><\/span><\/div><span class=\"accordion-text\">Was ist Schr\u00f6pfen in der Physiotherapie?<\/span><\/div><div class=\"accordion-body\"><div class=\"accordion-content\">\n<p aria-label=\"Text Paragraph\" class=\"guten-element gutenverse-text guten-JIpoXD\">Schr\u00f6pfen ist eine therapeutische Technik, bei der durch Unterdruck in Schr\u00f6pfgl\u00e4sern die Durchblutung gef\u00f6rdert und muskul\u00e4re Spannungen gel\u00f6st werden.<\/p>\n<\/div><\/div><\/div>\n\n\n\n<div class=\"accordion-item guten-vLwRgC\"><div class=\"accordion-heading\"><div class=\"accordion-icon\"><span class=\"accordion-icon-open\"><i class=\"fas fa-arrow-alt-circle-down\"><\/i><\/span><span class=\"accordion-icon-closed\"><i class=\"fas fa-arrow-alt-circle-right\"><\/i><\/span><\/div><span class=\"accordion-text\">Wann wird Schr\u00f6pfen angewendet?<\/span><\/div><div class=\"accordion-body\"><div class=\"accordion-content\">\n<p aria-label=\"Text Paragraph\" class=\"guten-element gutenverse-text guten-QyIWyl\">Es wird h\u00e4ufig bei Muskelverspannungen, R\u00fccken- und Nackenschmerzen, faszialen Verklebungen sowie bei chronischen Beschwerden eingesetzt.<\/p>\n<\/div><\/div><\/div>\n\n\n\n<div class=\"accordion-item guten-LCco79 active\"><div class=\"accordion-heading\"><div class=\"accordion-icon\"><span class=\"accordion-icon-open\"><i class=\"fas fa-arrow-alt-circle-down\"><\/i><\/span><span class=\"accordion-icon-closed\"><i class=\"fas fa-arrow-alt-circle-right\"><\/i><\/span><\/div><span class=\"accordion-text\">Gibt es Nebenwirkungen?<\/span><\/div><div class=\"accordion-body\"><div class=\"accordion-content\">\n<p aria-label=\"Text Paragraph\" class=\"guten-element gutenverse-text guten-huG5tq\">Nach der Behandlung k\u00f6nnen vor\u00fcbergehend Hautr\u00f6tungen oder kleine Bluterg\u00fcsse entstehen. Diese sind in der Regel harmlos und klingen nach wenigen Tagen ab.<\/p>\n<\/div><\/div><\/div>\n<\/div><\/div>\n<\/div><\/div>\n\n\n\n<div class=\"mobile-overlay-vertical wp-block-gutenverse-column guten-element guten-column guten-ngPuHZ\"><div class=\"guten-column-wrapper\" data-id=\"ngPuHZ\"><div class=\"guten-background-overlay\"><\/div>\n<div class=\"guten-element guten-spacer guten-2GpJaK\"><\/div>\n<\/div><\/div>\n<\/div><\/section><\/div>\n<\/div><\/div>\n<\/div><\/section><\/div>\n","protected":false},"excerpt":{"rendered":"","protected":false},"featured_media":0,"menu_order":0,"template":"","meta":{"nf_dc_page":""},"class_list":["post-544","services","type-services","status-publish","hentry"],"yoast_head":"<!-- This site is optimized with the Yoast SEO plugin v27.3 - https:\/\/yoast.com\/product\/yoast-seo-wordpress\/ -->\n<title>Schr\u00f6pfen in M\u00fcnchen - Private Physiotherapie Pregler<\/title>\n<meta name=\"description\" content=\"Schr\u00f6pfen in M\u00fcnchen: Traditionelle Technik zur L\u00f6sung von Verspannungen und F\u00f6rderung der Durchblutung. Jetzt Termin vereinbaren.\" \/>\n<meta name=\"robots\" content=\"index, follow, max-snippet:-1, max-image-preview:large, max-video-preview:-1\" \/>\n<link rel=\"canonical\" href=\"https:\/\/physiotherapie-pregler.de\/de\/services\/schroepfen\/\" \/>\n<meta property=\"og:locale\" content=\"de_DE\" \/>\n<meta property=\"og:type\" content=\"article\" \/>\n<meta property=\"og:title\" content=\"Schr\u00f6pfen in M\u00fcnchen - Private Physiotherapie Pregler\" \/>\n<meta property=\"og:description\" content=\"Schr\u00f6pfen in M\u00fcnchen: Traditionelle Technik zur L\u00f6sung von Verspannungen und F\u00f6rderung der Durchblutung. Jetzt Termin vereinbaren.\" \/>\n<meta property=\"og:url\" content=\"https:\/\/physiotherapie-pregler.de\/de\/services\/schroepfen\/\" \/>\n<meta property=\"og:site_name\" content=\"Private Physiotherapie Pregler\" \/>\n<meta property=\"article:modified_time\" content=\"2026-04-01T09:20:18+00:00\" \/>\n<meta property=\"og:image\" content=\"https:\/\/physiotherapie-pregler.de\/wp-content\/uploads\/2026\/03\/client-with-suction-cup-process-1-scaled.jpg\" \/>\n\t<meta property=\"og:image:width\" content=\"2560\" \/>\n\t<meta property=\"og:image:height\" content=\"1703\" \/>\n\t<meta property=\"og:image:type\" content=\"image\/jpeg\" \/>\n<meta name=\"twitter:card\" content=\"summary_large_image\" \/>\n<meta name=\"twitter:label1\" content=\"Gesch\u00e4tzte Lesezeit\" \/>\n\t<meta name=\"twitter:data1\" content=\"2\u00a0Minuten\" \/>\n<script type=\"application\/ld+json\" class=\"yoast-schema-graph\">{\"@context\":\"https:\\\/\\\/schema.org\",\"@graph\":[{\"@type\":[\"WebPage\",\"MedicalWebPage\"],\"@id\":\"https:\\\/\\\/physiotherapie-pregler.de\\\/services\\\/schroepfen\\\/\",\"url\":\"https:\\\/\\\/physiotherapie-pregler.de\\\/services\\\/schroepfen\\\/\",\"name\":\"Schr\u00f6pfen in M\u00fcnchen - Private Physiotherapie Pregler\",\"isPartOf\":{\"@id\":\"https:\\\/\\\/rzu.upx.mybluehost.me\\\/#website\"},\"primaryImageOfPage\":{\"@id\":\"https:\\\/\\\/physiotherapie-pregler.de\\\/services\\\/schroepfen\\\/#primaryimage\"},\"image\":{\"@id\":\"https:\\\/\\\/physiotherapie-pregler.de\\\/services\\\/schroepfen\\\/#primaryimage\"},\"thumbnailUrl\":\"https:\\\/\\\/physiotherapie-pregler.de\\\/wp-content\\\/uploads\\\/2026\\\/03\\\/client-with-suction-cup-process-1-scaled.jpg\",\"datePublished\":\"2025-07-21T11:47:22+00:00\",\"dateModified\":\"2026-04-01T09:20:18+00:00\",\"description\":\"Schr\u00f6pfen in M\u00fcnchen: Traditionelle Technik zur L\u00f6sung von Verspannungen und F\u00f6rderung der Durchblutung. Jetzt Termin vereinbaren.\",\"breadcrumb\":{\"@id\":\"https:\\\/\\\/physiotherapie-pregler.de\\\/services\\\/schroepfen\\\/#breadcrumb\"},\"inLanguage\":\"de\",\"potentialAction\":[{\"@type\":\"ReadAction\",\"target\":[\"https:\\\/\\\/physiotherapie-pregler.de\\\/services\\\/schroepfen\\\/\"]}]},{\"@type\":\"ImageObject\",\"inLanguage\":\"de\",\"@id\":\"https:\\\/\\\/physiotherapie-pregler.de\\\/services\\\/schroepfen\\\/#primaryimage\",\"url\":\"https:\\\/\\\/physiotherapie-pregler.de\\\/wp-content\\\/uploads\\\/2026\\\/03\\\/client-with-suction-cup-process-1-scaled.jpg\",\"contentUrl\":\"https:\\\/\\\/physiotherapie-pregler.de\\\/wp-content\\\/uploads\\\/2026\\\/03\\\/client-with-suction-cup-process-1-scaled.jpg\"},{\"@type\":\"BreadcrumbList\",\"@id\":\"https:\\\/\\\/physiotherapie-pregler.de\\\/services\\\/schroepfen\\\/#breadcrumb\",\"itemListElement\":[{\"@type\":\"ListItem\",\"position\":1,\"name\":\"Home\",\"item\":\"https:\\\/\\\/physiotherapie-pregler.de\\\/\"},{\"@type\":\"ListItem\",\"position\":2,\"name\":\"Schr\u00f6pfen\"}]},{\"@type\":\"WebSite\",\"@id\":\"https:\\\/\\\/rzu.upx.mybluehost.me\\\/#website\",\"url\":\"https:\\\/\\\/rzu.upx.mybluehost.me\\\/\",\"name\":\"Private Physiotherapie Pregler\",\"description\":\"PRIVATE PHYSIOTHERAPIE PREGLER\",\"publisher\":{\"@id\":\"https:\\\/\\\/rzu.upx.mybluehost.me\\\/#organization\"},\"alternateName\":\"Private Physiotherapie Pregler\",\"potentialAction\":[{\"@type\":\"SearchAction\",\"target\":{\"@type\":\"EntryPoint\",\"urlTemplate\":\"https:\\\/\\\/rzu.upx.mybluehost.me\\\/?s={search_term_string}\"},\"query-input\":{\"@type\":\"PropertyValueSpecification\",\"valueRequired\":true,\"valueName\":\"search_term_string\"}}],\"inLanguage\":\"de\"},{\"@type\":\"Organization\",\"@id\":\"https:\\\/\\\/rzu.upx.mybluehost.me\\\/#organization\",\"name\":\"Private Physiotherapie Pregler\",\"alternateName\":\"Private Physiotherapie Pregler\",\"url\":\"https:\\\/\\\/rzu.upx.mybluehost.me\\\/\",\"logo\":{\"@type\":\"ImageObject\",\"inLanguage\":\"de\",\"@id\":\"https:\\\/\\\/rzu.upx.mybluehost.me\\\/#\\\/schema\\\/logo\\\/image\\\/\",\"url\":\"https:\\\/\\\/physiotherapie-pregler.de\\\/wp-content\\\/uploads\\\/2025\\\/07\\\/Physiotherapie-Pregler-Logo-Green.webp\",\"contentUrl\":\"https:\\\/\\\/physiotherapie-pregler.de\\\/wp-content\\\/uploads\\\/2025\\\/07\\\/Physiotherapie-Pregler-Logo-Green.webp\",\"width\":512,\"height\":512,\"caption\":\"Private Physiotherapie Pregler\"},\"image\":{\"@id\":\"https:\\\/\\\/rzu.upx.mybluehost.me\\\/#\\\/schema\\\/logo\\\/image\\\/\"},\"sameAs\":[\"https:\\\/\\\/www.instagram.com\\\/physiopregler\\\/\"]}]}<\/script>\n<!-- \/ Yoast SEO plugin. -->","yoast_head_json":{"title":"Schr\u00f6pfen in M\u00fcnchen - Private Physiotherapie Pregler","description":"Schr\u00f6pfen in M\u00fcnchen: Traditionelle Technik zur L\u00f6sung von Verspannungen und F\u00f6rderung der Durchblutung. Jetzt Termin vereinbaren.","robots":{"index":"index","follow":"follow","max-snippet":"max-snippet:-1","max-image-preview":"max-image-preview:large","max-video-preview":"max-video-preview:-1"},"canonical":"https:\/\/physiotherapie-pregler.de\/de\/services\/schroepfen\/","og_locale":"de_DE","og_type":"article","og_title":"Schr\u00f6pfen in M\u00fcnchen - Private Physiotherapie Pregler","og_description":"Schr\u00f6pfen in M\u00fcnchen: Traditionelle Technik zur L\u00f6sung von Verspannungen und F\u00f6rderung der Durchblutung. Jetzt Termin vereinbaren.","og_url":"https:\/\/physiotherapie-pregler.de\/de\/services\/schroepfen\/","og_site_name":"Private Physiotherapie Pregler","article_modified_time":"2026-04-01T09:20:18+00:00","og_image":[{"width":2560,"height":1703,"url":"https:\/\/physiotherapie-pregler.de\/wp-content\/uploads\/2026\/03\/client-with-suction-cup-process-1-scaled.jpg","type":"image\/jpeg"}],"twitter_card":"summary_large_image","twitter_misc":{"Gesch\u00e4tzte Lesezeit":"2\u00a0Minuten"},"schema":{"@context":"https:\/\/schema.org","@graph":[{"@type":["WebPage","MedicalWebPage"],"@id":"https:\/\/physiotherapie-pregler.de\/services\/schroepfen\/","url":"https:\/\/physiotherapie-pregler.de\/services\/schroepfen\/","name":"Schr\u00f6pfen in M\u00fcnchen - Private Physiotherapie Pregler","isPartOf":{"@id":"https:\/\/rzu.upx.mybluehost.me\/#website"},"primaryImageOfPage":{"@id":"https:\/\/physiotherapie-pregler.de\/services\/schroepfen\/#primaryimage"},"image":{"@id":"https:\/\/physiotherapie-pregler.de\/services\/schroepfen\/#primaryimage"},"thumbnailUrl":"https:\/\/physiotherapie-pregler.de\/wp-content\/uploads\/2026\/03\/client-with-suction-cup-process-1-scaled.jpg","datePublished":"2025-07-21T11:47:22+00:00","dateModified":"2026-04-01T09:20:18+00:00","description":"Schr\u00f6pfen in M\u00fcnchen: Traditionelle Technik zur L\u00f6sung von Verspannungen und F\u00f6rderung der Durchblutung. Jetzt Termin vereinbaren.","breadcrumb":{"@id":"https:\/\/physiotherapie-pregler.de\/services\/schroepfen\/#breadcrumb"},"inLanguage":"de","potentialAction":[{"@type":"ReadAction","target":["https:\/\/physiotherapie-pregler.de\/services\/schroepfen\/"]}]},{"@type":"ImageObject","inLanguage":"de","@id":"https:\/\/physiotherapie-pregler.de\/services\/schroepfen\/#primaryimage","url":"https:\/\/physiotherapie-pregler.de\/wp-content\/uploads\/2026\/03\/client-with-suction-cup-process-1-scaled.jpg","contentUrl":"https:\/\/physiotherapie-pregler.de\/wp-content\/uploads\/2026\/03\/client-with-suction-cup-process-1-scaled.jpg"},{"@type":"BreadcrumbList","@id":"https:\/\/physiotherapie-pregler.de\/services\/schroepfen\/#breadcrumb","itemListElement":[{"@type":"ListItem","position":1,"name":"Home","item":"https:\/\/physiotherapie-pregler.de\/"},{"@type":"ListItem","position":2,"name":"Schr\u00f6pfen"}]},{"@type":"WebSite","@id":"https:\/\/rzu.upx.mybluehost.me\/#website","url":"https:\/\/rzu.upx.mybluehost.me\/","name":"Private Physiotherapie Pregler","description":"PRIVATE PHYSIOTHERAPIE PREGLER","publisher":{"@id":"https:\/\/rzu.upx.mybluehost.me\/#organization"},"alternateName":"Private Physiotherapie Pregler","potentialAction":[{"@type":"SearchAction","target":{"@type":"EntryPoint","urlTemplate":"https:\/\/rzu.upx.mybluehost.me\/?s={search_term_string}"},"query-input":{"@type":"PropertyValueSpecification","valueRequired":true,"valueName":"search_term_string"}}],"inLanguage":"de"},{"@type":"Organization","@id":"https:\/\/rzu.upx.mybluehost.me\/#organization","name":"Private Physiotherapie Pregler","alternateName":"Private Physiotherapie Pregler","url":"https:\/\/rzu.upx.mybluehost.me\/","logo":{"@type":"ImageObject","inLanguage":"de","@id":"https:\/\/rzu.upx.mybluehost.me\/#\/schema\/logo\/image\/","url":"https:\/\/physiotherapie-pregler.de\/wp-content\/uploads\/2025\/07\/Physiotherapie-Pregler-Logo-Green.webp","contentUrl":"https:\/\/physiotherapie-pregler.de\/wp-content\/uploads\/2025\/07\/Physiotherapie-Pregler-Logo-Green.webp","width":512,"height":512,"caption":"Private Physiotherapie Pregler"},"image":{"@id":"https:\/\/rzu.upx.mybluehost.me\/#\/schema\/logo\/image\/"},"sameAs":["https:\/\/www.instagram.com\/physiopregler\/"]}]}},"_links":{"self":[{"href":"https:\/\/physiotherapie-pregler.de\/de\/wp-json\/wp\/v2\/services\/544","targetHints":{"allow":["GET"]}}],"collection":[{"href":"https:\/\/physiotherapie-pregler.de\/de\/wp-json\/wp\/v2\/services"}],"about":[{"href":"https:\/\/physiotherapie-pregler.de\/de\/wp-json\/wp\/v2\/types\/services"}],"wp:attachment":[{"href":"https:\/\/physiotherapie-pregler.de\/de\/wp-json\/wp\/v2\/media?parent=544"}],"curies":[{"name":"wp","href":"https:\/\/api.w.org\/{rel}","templated":true}]}}