{"id":545,"date":"2025-07-21T13:47:43","date_gmt":"2025-07-21T11:47:43","guid":{"rendered":"https:\/\/physiotherapie-pregler.de\/?post_type=services&#038;p=545"},"modified":"2026-04-01T14:02:44","modified_gmt":"2026-04-01T12:02:44","slug":"waermetherapie","status":"publish","type":"services","link":"https:\/\/physiotherapie-pregler.de\/de\/services\/waermetherapie\/","title":{"rendered":"W\u00e4rmetherapie (WT)"},"content":{"rendered":"\n<div class=\"wp-block-cover alignfull\" style=\"padding-top:0px;padding-right:1px;padding-bottom:0px;padding-left:1px;min-height:60vh;aspect-ratio:unset;\"><img decoding=\"async\" width=\"2560\" height=\"1707\" loading=\"lazy\" class=\"wp-block-cover__image-background wp-image-1203 size-full\" alt=\"\" src=\"https:\/\/physiotherapie-pregler.de\/wp-content\/uploads\/2026\/03\/closeup-therapists-placing-hot-stones-man-s-back-lastone-therapy-spa-scaled.jpg\" data-object-fit=\"cover\" srcset=\"https:\/\/physiotherapie-pregler.de\/wp-content\/uploads\/2026\/03\/closeup-therapists-placing-hot-stones-man-s-back-lastone-therapy-spa-scaled.jpg 2560w, https:\/\/physiotherapie-pregler.de\/wp-content\/uploads\/2026\/03\/closeup-therapists-placing-hot-stones-man-s-back-lastone-therapy-spa-300x200.jpg 300w, https:\/\/physiotherapie-pregler.de\/wp-content\/uploads\/2026\/03\/closeup-therapists-placing-hot-stones-man-s-back-lastone-therapy-spa-1024x683.jpg 1024w, https:\/\/physiotherapie-pregler.de\/wp-content\/uploads\/2026\/03\/closeup-therapists-placing-hot-stones-man-s-back-lastone-therapy-spa-768x512.jpg 768w, https:\/\/physiotherapie-pregler.de\/wp-content\/uploads\/2026\/03\/closeup-therapists-placing-hot-stones-man-s-back-lastone-therapy-spa-1536x1024.jpg 1536w, https:\/\/physiotherapie-pregler.de\/wp-content\/uploads\/2026\/03\/closeup-therapists-placing-hot-stones-man-s-back-lastone-therapy-spa-2048x1365.jpg 2048w, https:\/\/physiotherapie-pregler.de\/wp-content\/uploads\/2026\/03\/closeup-therapists-placing-hot-stones-man-s-back-lastone-therapy-spa-18x12.jpg 18w\" sizes=\"auto, (max-width: 2560px) 100vw, 2560px\" \/><span aria-hidden=\"true\" class=\"wp-block-cover__background has-contrast-background-color has-background-dim-60 has-background-dim\"><\/span><div class=\"wp-block-cover__inner-container is-layout-flow wp-block-cover-is-layout-flow\"><\/div><\/div>\n\n\n\n<div class=\"section-wrapper\" data-id=\"Pr6cyZ\"><section class=\"wp-block-gutenverse-section guten-element guten-section guten-Pr6cyZ layout-boxed align-stretch\"><div class=\"guten-container guten-column-gap-default\">\n<div class=\"wp-block-gutenverse-column guten-element guten-column guten-6XiwVT\"><div class=\"guten-column-wrapper\" data-id=\"6XiwVT\">\n<div class=\"guten-element guten-wrap-helper no-margin guten-OAYqvw block\"><div class=\"guten-inner-wrap\" data-id=\"OAYqvw\">\n<p aria-label=\"Text Paragraph\" class=\"guten-element gutenverse-text guten-HnLTjU\">Was ist<\/p>\n<\/div><\/div>\n\n\n\n<h2 class=\"wp-block-gutenverse-heading guten-element guten-p2Mlaq\"><strong>W\u00e4rmetherapie (WT)<\/strong><\/h2>\n\n\n\n<div class=\"section-wrapper\" data-id=\"cNSuVh\"><section class=\"wp-block-gutenverse-section guten-element guten-section guten-cNSuVh layout-fullwidth align-stretch\"><div class=\"guten-container guten-column-gap-narrow\">\n<div class=\"wp-block-gutenverse-column guten-element guten-column guten-CdhQZ8\"><div class=\"guten-column-wrapper\" data-id=\"CdhQZ8\">\n<p aria-label=\"Text Paragraph\" class=\"guten-element gutenverse-text guten-gPdsdL\">Die W\u00e4rmetherapie (WT) ist eine unterst\u00fctzende physiotherapeutische Behandlungsmethode, bei der gezielt W\u00e4rme auf bestimmte K\u00f6rperregionen angewendet wird. Ziel ist es, die Durchblutung zu f\u00f6rdern, verspannte Muskulatur zu entspannen und Schmerzen zu lindern.<br>Die W\u00e4rme wirkt gef\u00e4\u00dferweiternd, verbessert die Sauerstoffversorgung des Gewebes und unterst\u00fctzt den Stoffwechsel. Dadurch wird die Regeneration gef\u00f6rdert und die Beweglichkeit verbessert.<br>In meiner Privatpraxis f\u00fcr Physiotherapie in M\u00fcnchen setze ich W\u00e4rmetherapie h\u00e4ufig als vorbereitende oder begleitende Ma\u00dfnahme zu manuellen Behandlungen, Massagen oder Krankengymnastik ein.<\/p>\n<\/div><\/div>\n\n\n\n<div class=\"wp-block-gutenverse-column guten-element guten-column guten-ggw4Hu\"><div class=\"guten-column-wrapper\" data-id=\"ggw4Hu\">\n<div class=\"guten-element guten-spacer guten-mKGy9a\"><\/div>\n<\/div><\/div>\n<\/div><\/section><\/div>\n<\/div><\/div>\n<\/div><\/section><\/div>\n\n\n\n<div class=\"section-wrapper\" data-id=\"esOvkQ\"><section class=\"wp-block-gutenverse-section guten-element guten-section guten-esOvkQ layout-boxed align-stretch\"><div class=\"guten-container guten-column-gap-default\">\n<div class=\"wp-block-gutenverse-column guten-element guten-column guten-llGzwF\"><div class=\"guten-column-wrapper\" data-id=\"llGzwF\">\n<div class=\"guten-element guten-wrap-helper no-margin guten-WR5OvD block\"><div class=\"guten-inner-wrap\" data-id=\"WR5OvD\">\n<p aria-label=\"Text Paragraph\" class=\"guten-element gutenverse-text guten-1ZVd2a\">Hauptgrund<\/p>\n<\/div><\/div>\n\n\n\n<h2 class=\"wp-block-gutenverse-heading guten-element guten-eZ1Nx7\"><strong>W\u00e4rmetherapie<\/strong><\/h2>\n\n\n\n<div class=\"section-wrapper\" data-id=\"vv8rou\"><section class=\"wp-block-gutenverse-section guten-element guten-section guten-vv8rou layout-fullwidth align-stretch\"><div class=\"guten-container guten-column-gap-narrow\">\n<div class=\"wp-block-gutenverse-column guten-element guten-column guten-thaY08\"><div class=\"guten-column-wrapper\" data-id=\"thaY08\">\n<p aria-label=\"Text Paragraph\" class=\"guten-element gutenverse-text guten-D8Hzng\">W\u00e4rme entspannt Muskulatur, reduziert Schmerzreize und verbessert die Elastizit\u00e4t des Bindegewebes. Besonders bei chronischen Beschwerden oder muskul\u00e4ren Verspannungen kann sie eine sp\u00fcrbare Erleichterung verschaffen.<br>Dar\u00fcber hinaus bereitet sie das Gewebe optimal auf weitere physiotherapeutische Ma\u00dfnahmen vor. Dadurch k\u00f6nnen anschlie\u00dfende Behandlungen effektiver durchgef\u00fchrt werden.<\/p>\n<\/div><\/div>\n<\/div><\/section><\/div>\n\n\n\n<div class=\"section-wrapper\" data-id=\"QTIY9z\"><section class=\"wp-block-gutenverse-section guten-element guten-section guten-QTIY9z layout-fullwidth align-stretch\"><div class=\"guten-container guten-column-gap-narrow\">\n<div class=\"wp-block-gutenverse-column guten-element guten-column guten-YHvt5m\"><div class=\"guten-column-wrapper\" data-id=\"YHvt5m\">\n<div class=\"guten-element guten-SvdWXW guten-icon-box icon-position-top\"><div class=\"guten-icon-box-wrapper hover-from-left\"><div class=\"icon-box icon-box-header\"><div class=\"icon bg-style-color\"><i class=\"far fa-user icon-style-color\"><\/i><\/div><\/div><div class=\"icon-box icon-box-body\"><h2 class=\"title\">Muskelentspannung und Lockerung von Verspannungen<\/h2><p class=\"icon-box-description\">Die gezielte W\u00e4rmeanwendung l\u00f6st Muskelverh\u00e4rtungen und verbessert die Gewebeelastizit\u00e4t.<\/p><\/div><\/div><\/div>\n<\/div><\/div>\n<\/div><\/section><\/div>\n\n\n\n<div class=\"section-wrapper\" data-id=\"LJwrYI\"><section class=\"wp-block-gutenverse-section guten-element guten-section guten-LJwrYI layout-fullwidth align-stretch\"><div class=\"guten-container guten-column-gap-narrow\">\n<div class=\"wp-block-gutenverse-column guten-element guten-column guten-I84fEW\"><div class=\"guten-column-wrapper\" data-id=\"I84fEW\">\n<div class=\"guten-element guten-9a22rE guten-icon-box icon-position-top\"><div class=\"guten-icon-box-wrapper hover-from-left\"><div class=\"icon-box icon-box-header\"><div class=\"icon bg-style-color\"><i class=\"far fa-user icon-style-color\"><\/i><\/div><\/div><div class=\"icon-box icon-box-body\"><h2 class=\"title\">Schmerzlinderung bei chronischen Beschwerden<\/h2><p class=\"icon-box-description\">W\u00e4rme reduziert Schmerzreize und wirkt beruhigend auf das Nervensystem.<\/p><\/div><\/div><\/div>\n<\/div><\/div>\n<\/div><\/section><\/div>\n\n\n\n<div class=\"section-wrapper\" data-id=\"KArI3U\"><section class=\"wp-block-gutenverse-section guten-element guten-section guten-KArI3U layout-fullwidth align-stretch\"><div class=\"guten-container guten-column-gap-narrow\">\n<div class=\"wp-block-gutenverse-column guten-element guten-column guten-bWHKvV\"><div class=\"guten-column-wrapper\" data-id=\"bWHKvV\">\n<div class=\"guten-element guten-d1dqFg guten-icon-box icon-position-top\"><div class=\"guten-icon-box-wrapper hover-from-left\"><div class=\"icon-box icon-box-header\"><div class=\"icon bg-style-color\"><i class=\"far fa-user icon-style-color\"><\/i><\/div><\/div><div class=\"icon-box icon-box-body\"><h2 class=\"title\">F\u00f6rderung der Durchblutung und des Stoffwechsels<\/h2><p class=\"icon-box-description\">Die verbesserte Durchblutung unterst\u00fctzt Heilungsprozesse und Regeneration.<\/p><\/div><\/div><\/div>\n<\/div><\/div>\n<\/div><\/section><\/div>\n\n\n\n<div class=\"section-wrapper\" data-id=\"L7PdcN\"><section class=\"wp-block-gutenverse-section guten-element guten-section guten-L7PdcN layout-fullwidth align-stretch\"><div class=\"guten-container guten-column-gap-narrow\">\n<div class=\"wp-block-gutenverse-column guten-element guten-column guten-gsE264\"><div class=\"guten-column-wrapper\" data-id=\"gsE264\">\n<div class=\"guten-element guten-erqd6D guten-icon-box icon-position-top\"><div class=\"guten-icon-box-wrapper hover-from-left\"><div class=\"icon-box icon-box-header\"><div class=\"icon bg-style-color\"><i class=\"far fa-user icon-style-color\"><\/i><\/div><\/div><div class=\"icon-box icon-box-body\"><h2 class=\"title\">Verbesserung der Dehnbarkeit von Bindegewebe<\/h2><p class=\"icon-box-description\">Erw\u00e4rmtes Gewebe ist elastischer und reagiert besser auf manuelle Techniken.<\/p><\/div><\/div><\/div>\n<\/div><\/div>\n<\/div><\/section><\/div>\n<\/div><\/div>\n<\/div><\/section><\/div>\n\n\n\n<div class=\"section-wrapper\" data-id=\"m63sWB\"><section class=\"wp-block-gutenverse-section guten-element guten-section guten-m63sWB layout-boxed align-stretch\"><div class=\"guten-container guten-column-gap-default\">\n<div class=\"wp-block-gutenverse-column guten-element guten-column guten-LJ8L75\"><div class=\"guten-column-wrapper\" data-id=\"LJ8L75\">\n<div class=\"guten-element guten-wrap-helper no-margin guten-a8KVqt block\"><div class=\"guten-inner-wrap\" data-id=\"a8KVqt\">\n<p aria-label=\"Text Paragraph\" class=\"guten-element gutenverse-text guten-Q5frpS\">Termin<\/p>\n<\/div><\/div>\n\n\n\n<h2 class=\"wp-block-gutenverse-heading guten-element guten-70r4iK\">Termin online anfragen<\/h2>\n\n\n\n<div class=\"section-wrapper\" data-id=\"Ec5nKD\"><section class=\"wp-block-gutenverse-section guten-element guten-section guten-Ec5nKD layout-fullwidth align-stretch\"><div class=\"guten-container guten-column-gap-narrow\">\n<div class=\"wp-block-gutenverse-column guten-element guten-column guten-Kclwpo\"><div class=\"guten-column-wrapper\" data-id=\"Kclwpo\">\n<p aria-label=\"Text Paragraph\" class=\"guten-element gutenverse-text guten-5Wf6va\">F\u00fcr eine Terminvereinbarung nutzen Sie bitte den Button unten. Dort finden Sie alle Schritte zur Buchung sowie die wichtigsten Informationen im \u00dcberblick.<\/p>\n\n\n\n<div class=\"guten-element guten-button-wrapper guten-ah7Aw3\"><a class=\"guten-button guten-button-md\" href=\"https:\/\/physiotherapie-pregler.de\/de\/kontakt\/\"><span>Termin online anfragen<\/span><i class=\"fa-lg far fa-calendar-alt\"><\/i><\/a><\/div>\n<\/div><\/div>\n<\/div><\/section><\/div>\n<\/div><\/div>\n<\/div><\/section><\/div>\n\n\n\n<div class=\"section-wrapper\" data-id=\"BHd0dv\"><section class=\"wp-block-gutenverse-section guten-element guten-section guten-BHd0dv layout-boxed align-stretch\"><div class=\"guten-container guten-column-gap-default\">\n<div class=\"wp-block-gutenverse-column guten-element guten-column guten-5C7909\"><div class=\"guten-column-wrapper\" data-id=\"5C7909\">\n<div class=\"guten-element guten-wrap-helper no-margin guten-NAv5W0 block\"><div class=\"guten-inner-wrap\" data-id=\"NAv5W0\">\n<p aria-label=\"Text Paragraph\" class=\"guten-element gutenverse-text guten-wLPIWK\">Fragen?<\/p>\n<\/div><\/div>\n\n\n\n<h2 class=\"wp-block-gutenverse-heading guten-element guten-roQnam\">Sie sind abgesichert<\/h2>\n\n\n\n<div class=\"section-wrapper\" data-id=\"iL2pCj\"><section class=\"wp-block-gutenverse-section guten-element guten-section guten-iL2pCj layout-fullwidth align-stretch\"><div class=\"guten-container guten-column-gap-narrow\">\n<div class=\"wp-block-gutenverse-column guten-element guten-column guten-OhAi2O\"><div class=\"guten-column-wrapper\" data-id=\"OhAi2O\">\n<p aria-label=\"Text Paragraph\" class=\"guten-element gutenverse-text guten-coZtXs\">Als Privatpraxis behandle ich Privatversicherte, Beihilfepatienten sowie Selbstzahler. Gerne informiere ich Sie vor Beginn der Behandlung transparent \u00fcber Ablauf und Kosten.<br>Die W\u00e4rmetherapie wird h\u00e4ufig als erg\u00e4nzende Ma\u00dfnahme im Rahmen einer physiotherapeutischen Behandlung eingesetzt.<\/p>\n<\/div><\/div>\n<\/div><\/section><\/div>\n\n\n\n<div class=\"section-wrapper\" data-id=\"golk3U\"><section class=\"wp-block-gutenverse-section guten-element guten-section guten-golk3U layout-fullwidth align-stretch\"><div class=\"guten-container guten-column-gap-narrow\">\n<div class=\"wp-block-gutenverse-column guten-element guten-column guten-9lyIpE\"><div class=\"guten-column-wrapper\" data-id=\"9lyIpE\">\n<div class=\"guten-element guten-accordions-wrapper guten-nxYD3K\"><div class=\"guten-accordions\">\n<div class=\"accordion-item guten-4ZPyeZ\"><div class=\"accordion-heading\"><div class=\"accordion-icon\"><span class=\"accordion-icon-open\"><i class=\"fas fa-arrow-alt-circle-down\"><\/i><\/span><span class=\"accordion-icon-closed\"><i class=\"fas fa-arrow-alt-circle-right\"><\/i><\/span><\/div><span class=\"accordion-text\">Was bewirkt W\u00e4rmetherapie?<\/span><\/div><div class=\"accordion-body\"><div class=\"accordion-content\">\n<p aria-label=\"Text Paragraph\" class=\"guten-element gutenverse-text guten-JIpoXD\">W\u00e4rmetherapie f\u00f6rdert die Durchblutung, entspannt die Muskulatur und reduziert Schmerzen. Zudem unterst\u00fctzt sie die Regeneration des Gewebes.<\/p>\n<\/div><\/div><\/div>\n\n\n\n<div class=\"accordion-item guten-vLwRgC\"><div class=\"accordion-heading\"><div class=\"accordion-icon\"><span class=\"accordion-icon-open\"><i class=\"fas fa-arrow-alt-circle-down\"><\/i><\/span><span class=\"accordion-icon-closed\"><i class=\"fas fa-arrow-alt-circle-right\"><\/i><\/span><\/div><span class=\"accordion-text\">Welche Formen der W\u00e4rmetherapie gibt es?<\/span><\/div><div class=\"accordion-body\"><div class=\"accordion-content\">\n<p aria-label=\"Text Paragraph\" class=\"guten-element gutenverse-text guten-QyIWyl\">In der Physiotherapie werden unter anderem Fango, hei\u00dfe Rolle oder W\u00e4rmepackungen eingesetzt. Die Auswahl erfolgt individuell je nach Beschwerdebild.<\/p>\n<\/div><\/div><\/div>\n\n\n\n<div class=\"accordion-item guten-LCco79 active\"><div class=\"accordion-heading\"><div class=\"accordion-icon\"><span class=\"accordion-icon-open\"><i class=\"fas fa-arrow-alt-circle-down\"><\/i><\/span><span class=\"accordion-icon-closed\"><i class=\"fas fa-arrow-alt-circle-right\"><\/i><\/span><\/div><span class=\"accordion-text\">Wann sollte W\u00e4rmetherapie nicht angewendet werden?<\/span><\/div><div class=\"accordion-body\"><div class=\"accordion-content\">\n<p aria-label=\"Text Paragraph\" class=\"guten-element gutenverse-text guten-huG5tq\">Bei akuten Entz\u00fcndungen, frischen Verletzungen, schweren Durchblutungsst\u00f6rungen oder sensiblen Hauterkrankungen ist Vorsicht geboten. Eine individuelle Einsch\u00e4tzung erfolgt vor jeder Anwendung.<\/p>\n<\/div><\/div><\/div>\n<\/div><\/div>\n<\/div><\/div>\n\n\n\n<div class=\"mobile-overlay-vertical wp-block-gutenverse-column guten-element guten-column guten-ngPuHZ\"><div class=\"guten-column-wrapper\" data-id=\"ngPuHZ\"><div class=\"guten-background-overlay\"><\/div>\n<div class=\"guten-element guten-spacer guten-2GpJaK\"><\/div>\n<\/div><\/div>\n<\/div><\/section><\/div>\n<\/div><\/div>\n<\/div><\/section><\/div>\n","protected":false},"excerpt":{"rendered":"","protected":false},"featured_media":0,"menu_order":0,"template":"","meta":{"nf_dc_page":""},"class_list":["post-545","services","type-services","status-publish","hentry"],"yoast_head":"<!-- This site is optimized with the Yoast SEO plugin v27.3 - https:\/\/yoast.com\/product\/yoast-seo-wordpress\/ -->\n<title>W\u00e4rmetherapie (WT) in M\u00fcnchen - Private Physiotherapie Pregler<\/title>\n<meta name=\"description\" content=\"W\u00e4rmetherapie in M\u00fcnchen: Gezielte Behandlung bei Verspannungen und chronischen Schmerzen. Jetzt Termin in unserer Privatpraxis vereinbaren.\" \/>\n<meta name=\"robots\" content=\"index, follow, max-snippet:-1, max-image-preview:large, max-video-preview:-1\" \/>\n<link rel=\"canonical\" href=\"https:\/\/physiotherapie-pregler.de\/de\/services\/waermetherapie\/\" \/>\n<meta property=\"og:locale\" content=\"de_DE\" \/>\n<meta property=\"og:type\" content=\"article\" \/>\n<meta property=\"og:title\" content=\"W\u00e4rmetherapie (WT) in M\u00fcnchen - Private Physiotherapie Pregler\" \/>\n<meta property=\"og:description\" content=\"W\u00e4rmetherapie in M\u00fcnchen: Gezielte Behandlung bei Verspannungen und chronischen Schmerzen. Jetzt Termin in unserer Privatpraxis vereinbaren.\" \/>\n<meta property=\"og:url\" content=\"https:\/\/physiotherapie-pregler.de\/de\/services\/waermetherapie\/\" \/>\n<meta property=\"og:site_name\" content=\"Private Physiotherapie Pregler\" \/>\n<meta property=\"article:modified_time\" content=\"2026-04-01T12:02:44+00:00\" \/>\n<meta property=\"og:image\" content=\"https:\/\/physiotherapie-pregler.de\/wp-content\/uploads\/2026\/03\/closeup-therapists-placing-hot-stones-man-s-back-lastone-therapy-spa-scaled.jpg\" \/>\n\t<meta property=\"og:image:width\" content=\"2560\" \/>\n\t<meta property=\"og:image:height\" content=\"1707\" \/>\n\t<meta property=\"og:image:type\" content=\"image\/jpeg\" \/>\n<meta name=\"twitter:card\" content=\"summary_large_image\" \/>\n<meta name=\"twitter:label1\" content=\"Gesch\u00e4tzte Lesezeit\" \/>\n\t<meta name=\"twitter:data1\" content=\"2\u00a0Minuten\" \/>\n<script type=\"application\/ld+json\" class=\"yoast-schema-graph\">{\"@context\":\"https:\\\/\\\/schema.org\",\"@graph\":[{\"@type\":[\"WebPage\",\"MedicalWebPage\"],\"@id\":\"https:\\\/\\\/physiotherapie-pregler.de\\\/services\\\/waermetherapie\\\/\",\"url\":\"https:\\\/\\\/physiotherapie-pregler.de\\\/services\\\/waermetherapie\\\/\",\"name\":\"W\u00e4rmetherapie (WT) in M\u00fcnchen - Private Physiotherapie Pregler\",\"isPartOf\":{\"@id\":\"https:\\\/\\\/rzu.upx.mybluehost.me\\\/#website\"},\"primaryImageOfPage\":{\"@id\":\"https:\\\/\\\/physiotherapie-pregler.de\\\/services\\\/waermetherapie\\\/#primaryimage\"},\"image\":{\"@id\":\"https:\\\/\\\/physiotherapie-pregler.de\\\/services\\\/waermetherapie\\\/#primaryimage\"},\"thumbnailUrl\":\"https:\\\/\\\/physiotherapie-pregler.de\\\/wp-content\\\/uploads\\\/2026\\\/03\\\/closeup-therapists-placing-hot-stones-man-s-back-lastone-therapy-spa-scaled.jpg\",\"datePublished\":\"2025-07-21T11:47:43+00:00\",\"dateModified\":\"2026-04-01T12:02:44+00:00\",\"description\":\"W\u00e4rmetherapie in M\u00fcnchen: Gezielte Behandlung bei Verspannungen und chronischen Schmerzen. Jetzt Termin in unserer Privatpraxis vereinbaren.\",\"breadcrumb\":{\"@id\":\"https:\\\/\\\/physiotherapie-pregler.de\\\/services\\\/waermetherapie\\\/#breadcrumb\"},\"inLanguage\":\"de\",\"potentialAction\":[{\"@type\":\"ReadAction\",\"target\":[\"https:\\\/\\\/physiotherapie-pregler.de\\\/services\\\/waermetherapie\\\/\"]}]},{\"@type\":\"ImageObject\",\"inLanguage\":\"de\",\"@id\":\"https:\\\/\\\/physiotherapie-pregler.de\\\/services\\\/waermetherapie\\\/#primaryimage\",\"url\":\"https:\\\/\\\/physiotherapie-pregler.de\\\/wp-content\\\/uploads\\\/2026\\\/03\\\/closeup-therapists-placing-hot-stones-man-s-back-lastone-therapy-spa-scaled.jpg\",\"contentUrl\":\"https:\\\/\\\/physiotherapie-pregler.de\\\/wp-content\\\/uploads\\\/2026\\\/03\\\/closeup-therapists-placing-hot-stones-man-s-back-lastone-therapy-spa-scaled.jpg\"},{\"@type\":\"BreadcrumbList\",\"@id\":\"https:\\\/\\\/physiotherapie-pregler.de\\\/services\\\/waermetherapie\\\/#breadcrumb\",\"itemListElement\":[{\"@type\":\"ListItem\",\"position\":1,\"name\":\"Home\",\"item\":\"https:\\\/\\\/physiotherapie-pregler.de\\\/\"},{\"@type\":\"ListItem\",\"position\":2,\"name\":\"W\u00e4rmetherapie (WT)\"}]},{\"@type\":\"WebSite\",\"@id\":\"https:\\\/\\\/rzu.upx.mybluehost.me\\\/#website\",\"url\":\"https:\\\/\\\/rzu.upx.mybluehost.me\\\/\",\"name\":\"Private Physiotherapie Pregler\",\"description\":\"PRIVATE PHYSIOTHERAPIE PREGLER\",\"publisher\":{\"@id\":\"https:\\\/\\\/rzu.upx.mybluehost.me\\\/#organization\"},\"alternateName\":\"Private Physiotherapie Pregler\",\"potentialAction\":[{\"@type\":\"SearchAction\",\"target\":{\"@type\":\"EntryPoint\",\"urlTemplate\":\"https:\\\/\\\/rzu.upx.mybluehost.me\\\/?s={search_term_string}\"},\"query-input\":{\"@type\":\"PropertyValueSpecification\",\"valueRequired\":true,\"valueName\":\"search_term_string\"}}],\"inLanguage\":\"de\"},{\"@type\":\"Organization\",\"@id\":\"https:\\\/\\\/rzu.upx.mybluehost.me\\\/#organization\",\"name\":\"Private Physiotherapie Pregler\",\"alternateName\":\"Private Physiotherapie Pregler\",\"url\":\"https:\\\/\\\/rzu.upx.mybluehost.me\\\/\",\"logo\":{\"@type\":\"ImageObject\",\"inLanguage\":\"de\",\"@id\":\"https:\\\/\\\/rzu.upx.mybluehost.me\\\/#\\\/schema\\\/logo\\\/image\\\/\",\"url\":\"https:\\\/\\\/physiotherapie-pregler.de\\\/wp-content\\\/uploads\\\/2025\\\/07\\\/Physiotherapie-Pregler-Logo-Green.webp\",\"contentUrl\":\"https:\\\/\\\/physiotherapie-pregler.de\\\/wp-content\\\/uploads\\\/2025\\\/07\\\/Physiotherapie-Pregler-Logo-Green.webp\",\"width\":512,\"height\":512,\"caption\":\"Private Physiotherapie Pregler\"},\"image\":{\"@id\":\"https:\\\/\\\/rzu.upx.mybluehost.me\\\/#\\\/schema\\\/logo\\\/image\\\/\"},\"sameAs\":[\"https:\\\/\\\/www.instagram.com\\\/physiopregler\\\/\"]}]}<\/script>\n<!-- \/ Yoast SEO plugin. -->","yoast_head_json":{"title":"W\u00e4rmetherapie (WT) in M\u00fcnchen - Private Physiotherapie Pregler","description":"W\u00e4rmetherapie in M\u00fcnchen: Gezielte Behandlung bei Verspannungen und chronischen Schmerzen. Jetzt Termin in unserer Privatpraxis vereinbaren.","robots":{"index":"index","follow":"follow","max-snippet":"max-snippet:-1","max-image-preview":"max-image-preview:large","max-video-preview":"max-video-preview:-1"},"canonical":"https:\/\/physiotherapie-pregler.de\/de\/services\/waermetherapie\/","og_locale":"de_DE","og_type":"article","og_title":"W\u00e4rmetherapie (WT) in M\u00fcnchen - Private Physiotherapie Pregler","og_description":"W\u00e4rmetherapie in M\u00fcnchen: Gezielte Behandlung bei Verspannungen und chronischen Schmerzen. Jetzt Termin in unserer Privatpraxis vereinbaren.","og_url":"https:\/\/physiotherapie-pregler.de\/de\/services\/waermetherapie\/","og_site_name":"Private Physiotherapie Pregler","article_modified_time":"2026-04-01T12:02:44+00:00","og_image":[{"width":2560,"height":1707,"url":"https:\/\/physiotherapie-pregler.de\/wp-content\/uploads\/2026\/03\/closeup-therapists-placing-hot-stones-man-s-back-lastone-therapy-spa-scaled.jpg","type":"image\/jpeg"}],"twitter_card":"summary_large_image","twitter_misc":{"Gesch\u00e4tzte Lesezeit":"2\u00a0Minuten"},"schema":{"@context":"https:\/\/schema.org","@graph":[{"@type":["WebPage","MedicalWebPage"],"@id":"https:\/\/physiotherapie-pregler.de\/services\/waermetherapie\/","url":"https:\/\/physiotherapie-pregler.de\/services\/waermetherapie\/","name":"W\u00e4rmetherapie (WT) in M\u00fcnchen - Private Physiotherapie Pregler","isPartOf":{"@id":"https:\/\/rzu.upx.mybluehost.me\/#website"},"primaryImageOfPage":{"@id":"https:\/\/physiotherapie-pregler.de\/services\/waermetherapie\/#primaryimage"},"image":{"@id":"https:\/\/physiotherapie-pregler.de\/services\/waermetherapie\/#primaryimage"},"thumbnailUrl":"https:\/\/physiotherapie-pregler.de\/wp-content\/uploads\/2026\/03\/closeup-therapists-placing-hot-stones-man-s-back-lastone-therapy-spa-scaled.jpg","datePublished":"2025-07-21T11:47:43+00:00","dateModified":"2026-04-01T12:02:44+00:00","description":"W\u00e4rmetherapie in M\u00fcnchen: Gezielte Behandlung bei Verspannungen und chronischen Schmerzen. Jetzt Termin in unserer Privatpraxis vereinbaren.","breadcrumb":{"@id":"https:\/\/physiotherapie-pregler.de\/services\/waermetherapie\/#breadcrumb"},"inLanguage":"de","potentialAction":[{"@type":"ReadAction","target":["https:\/\/physiotherapie-pregler.de\/services\/waermetherapie\/"]}]},{"@type":"ImageObject","inLanguage":"de","@id":"https:\/\/physiotherapie-pregler.de\/services\/waermetherapie\/#primaryimage","url":"https:\/\/physiotherapie-pregler.de\/wp-content\/uploads\/2026\/03\/closeup-therapists-placing-hot-stones-man-s-back-lastone-therapy-spa-scaled.jpg","contentUrl":"https:\/\/physiotherapie-pregler.de\/wp-content\/uploads\/2026\/03\/closeup-therapists-placing-hot-stones-man-s-back-lastone-therapy-spa-scaled.jpg"},{"@type":"BreadcrumbList","@id":"https:\/\/physiotherapie-pregler.de\/services\/waermetherapie\/#breadcrumb","itemListElement":[{"@type":"ListItem","position":1,"name":"Home","item":"https:\/\/physiotherapie-pregler.de\/"},{"@type":"ListItem","position":2,"name":"W\u00e4rmetherapie (WT)"}]},{"@type":"WebSite","@id":"https:\/\/rzu.upx.mybluehost.me\/#website","url":"https:\/\/rzu.upx.mybluehost.me\/","name":"Private Physiotherapie Pregler","description":"PRIVATE PHYSIOTHERAPIE PREGLER","publisher":{"@id":"https:\/\/rzu.upx.mybluehost.me\/#organization"},"alternateName":"Private Physiotherapie Pregler","potentialAction":[{"@type":"SearchAction","target":{"@type":"EntryPoint","urlTemplate":"https:\/\/rzu.upx.mybluehost.me\/?s={search_term_string}"},"query-input":{"@type":"PropertyValueSpecification","valueRequired":true,"valueName":"search_term_string"}}],"inLanguage":"de"},{"@type":"Organization","@id":"https:\/\/rzu.upx.mybluehost.me\/#organization","name":"Private Physiotherapie Pregler","alternateName":"Private Physiotherapie Pregler","url":"https:\/\/rzu.upx.mybluehost.me\/","logo":{"@type":"ImageObject","inLanguage":"de","@id":"https:\/\/rzu.upx.mybluehost.me\/#\/schema\/logo\/image\/","url":"https:\/\/physiotherapie-pregler.de\/wp-content\/uploads\/2025\/07\/Physiotherapie-Pregler-Logo-Green.webp","contentUrl":"https:\/\/physiotherapie-pregler.de\/wp-content\/uploads\/2025\/07\/Physiotherapie-Pregler-Logo-Green.webp","width":512,"height":512,"caption":"Private Physiotherapie Pregler"},"image":{"@id":"https:\/\/rzu.upx.mybluehost.me\/#\/schema\/logo\/image\/"},"sameAs":["https:\/\/www.instagram.com\/physiopregler\/"]}]}},"_links":{"self":[{"href":"https:\/\/physiotherapie-pregler.de\/de\/wp-json\/wp\/v2\/services\/545","targetHints":{"allow":["GET"]}}],"collection":[{"href":"https:\/\/physiotherapie-pregler.de\/de\/wp-json\/wp\/v2\/services"}],"about":[{"href":"https:\/\/physiotherapie-pregler.de\/de\/wp-json\/wp\/v2\/types\/services"}],"wp:attachment":[{"href":"https:\/\/physiotherapie-pregler.de\/de\/wp-json\/wp\/v2\/media?parent=545"}],"curies":[{"name":"wp","href":"https:\/\/api.w.org\/{rel}","templated":true}]}}