{"id":22,"date":"2025-07-07T14:06:34","date_gmt":"2025-07-07T12:06:34","guid":{"rendered":"https:\/\/physiotherapie-pregler.de\/?page_id=22"},"modified":"2026-04-20T09:26:49","modified_gmt":"2026-04-20T07:26:49","slug":"kontakt","status":"publish","type":"page","link":"https:\/\/physiotherapie-pregler.de\/en\/kontakt\/","title":{"rendered":"Contact"},"content":{"rendered":"\n<div class=\"wp-block-cover alignfull\" style=\"padding-top:0px;padding-right:1px;padding-bottom:0px;padding-left:1px;min-height:60vh;aspect-ratio:unset;\"><img decoding=\"async\" width=\"1920\" height=\"1080\" loading=\"lazy\" class=\"wp-block-cover__image-background wp-image-1024 size-full\" alt=\"Kontakt Physiotherapie M\u00fcnchen \u2013 Private Physiotherapie Pregler\" src=\"https:\/\/physiotherapie-pregler.de\/wp-content\/uploads\/2025\/08\/Contact-Us-Hero-Pregler.webp\" data-object-fit=\"cover\" srcset=\"https:\/\/physiotherapie-pregler.de\/wp-content\/uploads\/2025\/08\/Contact-Us-Hero-Pregler.webp 1920w, https:\/\/physiotherapie-pregler.de\/wp-content\/uploads\/2025\/08\/Contact-Us-Hero-Pregler-300x169.webp 300w, https:\/\/physiotherapie-pregler.de\/wp-content\/uploads\/2025\/08\/Contact-Us-Hero-Pregler-1024x576.webp 1024w, https:\/\/physiotherapie-pregler.de\/wp-content\/uploads\/2025\/08\/Contact-Us-Hero-Pregler-768x432.webp 768w, https:\/\/physiotherapie-pregler.de\/wp-content\/uploads\/2025\/08\/Contact-Us-Hero-Pregler-1536x864.webp 1536w, https:\/\/physiotherapie-pregler.de\/wp-content\/uploads\/2025\/08\/Contact-Us-Hero-Pregler-18x10.webp 18w\" sizes=\"auto, (max-width: 1920px) 100vw, 1920px\" \/><span aria-hidden=\"true\" class=\"wp-block-cover__background has-contrast-background-color has-background-dim-60 has-background-dim\"><\/span><div class=\"wp-block-cover__inner-container is-layout-flow wp-block-cover-is-layout-flow\"><\/div><\/div>\n\n\n\n<div class=\"section-wrapper\" data-id=\"ltUtUZ\"><section class=\"wp-block-gutenverse-section guten-element guten-section guten-ltUtUZ layout-boxed align-stretch\"><div class=\"guten-container guten-column-gap-default\">\n<div class=\"wp-block-gutenverse-column guten-element guten-column guten-6xpRTD\"><div class=\"guten-column-wrapper\" data-id=\"6xpRTD\">\n<div class=\"guten-element guten-wrap-helper no-margin guten-VLcj20 block\"><div class=\"guten-inner-wrap\" data-id=\"VLcj20\">\n<p aria-label=\"Text Paragraph\" class=\"guten-element gutenverse-text guten-RPgGD7\">Kontakt<\/p>\n<\/div><\/div>\n\n\n\n<h2 class=\"wp-block-gutenverse-heading guten-element guten-Z5kuHS\">kontaktieren Sie mich!<\/h2>\n\n\n\n<div class=\"section-wrapper\" data-id=\"EN7qpg\"><section class=\"wp-block-gutenverse-section guten-element guten-section guten-EN7qpg layout-fullwidth align-stretch\"><div class=\"guten-container guten-column-gap-narrow\">\n<div class=\"wp-block-gutenverse-column guten-element guten-column guten-fMp6MK\"><div class=\"guten-column-wrapper\" data-id=\"fMp6MK\">\n<p aria-label=\"Text Paragraph\" class=\"guten-element gutenverse-text guten-7Jgfh0\">Sie haben Fragen oder m\u00f6chten einen Termin in meiner Praxis oder bei Ihnen Zuhause vereinbaren?<br>So kann ich Ihr Anliegen schnell einordnen und dadurch zeitnah antworten. Gerne unterst\u00fctze ich Sie dabei und begleite Sie bei den n\u00e4chsten Schritten.<\/p>\n\n\n\n<div class=\"section-wrapper\" data-id=\"9VgflK\"><section class=\"wp-block-gutenverse-section guten-element guten-section guten-9VgflK layout-fullwidth align-stretch\"><div class=\"guten-container guten-column-gap-no\">\n<div class=\"wp-block-gutenverse-column guten-element guten-column guten-9k9I7p\"><div class=\"guten-column-wrapper\" data-id=\"9k9I7p\">\n<div class=\"section-wrapper\" data-id=\"x5uyT4\"><section class=\"wp-block-gutenverse-section guten-element guten-section guten-x5uyT4 animated guten-element-hide slow desktop-bounceInLeft layout-boxed align-stretch\"><div class=\"guten-container guten-column-gap-default\">\n<div class=\"wp-block-gutenverse-column guten-element guten-column guten-XuDpgE\"><div class=\"guten-column-wrapper\" data-id=\"XuDpgE\">\n<div class=\"guten-element guten-wrap-helper no-margin guten-pJOqyl block\"><div class=\"guten-inner-wrap\" data-id=\"pJOqyl\">\n<p aria-label=\"Text Paragraph\" class=\"guten-element gutenverse-text guten-0KtJNf\">E-mail<\/p>\n<\/div><\/div>\n<\/div><\/div>\n\n\n\n<div class=\"wp-block-gutenverse-column guten-element guten-column guten-Aa7a8I\"><div class=\"guten-column-wrapper\" data-id=\"Aa7a8I\">\n<div class=\"guten-element guten-icon-list guten-2qcvJF\"><div class=\" list-wrapper inline-icon-list\">\n<div class=\"guten-element guten-icon-list-item guten-fmAYmD\"><div class=\"list-divider\"><\/div><a id=\"guten-fmAYmD\" href=\"mailto:info@physiotherapie-pregler.de\" target=\"_blank\" rel=\"noreferrer noopener\" aria-label=\"EMail\"><i class=\"fas fa-envelope\"><\/i><span class=\"list-text \">info@physiotherapie-pregler.de<\/span><\/a><\/div>\n<\/div><\/div>\n<\/div><\/div>\n<\/div><\/section><\/div>\n\n\n\n<div class=\"section-wrapper\" data-id=\"xlSf2B\"><section class=\"wp-block-gutenverse-section guten-element guten-section guten-xlSf2B animated guten-element-hide slow desktop-bounceInRight layout-boxed align-stretch\"><div class=\"guten-container guten-column-gap-default\">\n<div class=\"wp-block-gutenverse-column guten-element guten-column guten-ULbdtP\"><div class=\"guten-column-wrapper\" data-id=\"ULbdtP\">\n<div class=\"guten-element guten-wrap-helper no-margin guten-AWXV5C block\"><div class=\"guten-inner-wrap\" data-id=\"AWXV5C\">\n<p aria-label=\"Text Paragraph\" class=\"guten-element gutenverse-text guten-udcs4w\">Phone<\/p>\n<\/div><\/div>\n<\/div><\/div>\n\n\n\n<div class=\"wp-block-gutenverse-column guten-element guten-column guten-MfaXOz\"><div class=\"guten-column-wrapper\" data-id=\"MfaXOz\">\n<div class=\"guten-element guten-icon-list guten-Lq2jlt\"><div class=\" list-wrapper inline-icon-list\">\n<div class=\"guten-element guten-icon-list-item guten-gvL3w2\"><div class=\"list-divider\"><\/div><a id=\"guten-gvL3w2\" href=\"tel:+4917632968761\" target=\"_blank\" rel=\"noreferrer noopener\" aria-label=\"EMail\"><i class=\"fas fa-phone\"><\/i><span class=\"list-text \">+49 176 329 68761<\/span><\/a><\/div>\n<\/div><\/div>\n<\/div><\/div>\n<\/div><\/section><\/div>\n\n\n\n<div class=\"section-wrapper\" data-id=\"aGPrMV\"><section class=\"wp-block-gutenverse-section guten-element guten-section guten-aGPrMV animated guten-element-hide slow desktop-bounceInLeft layout-boxed align-stretch\"><div class=\"guten-container guten-column-gap-default\">\n<div class=\"wp-block-gutenverse-column guten-element guten-column guten-yK8Cuq\"><div class=\"guten-column-wrapper\" data-id=\"yK8Cuq\">\n<div class=\"guten-element guten-wrap-helper no-margin guten-YwgoMx block\"><div class=\"guten-inner-wrap\" data-id=\"YwgoMx\">\n<p aria-label=\"Text Paragraph\" class=\"guten-element gutenverse-text guten-UjXiXJ\">Adresse<\/p>\n<\/div><\/div>\n<\/div><\/div>\n\n\n\n<div class=\"wp-block-gutenverse-column guten-element guten-column guten-iM0ZCf\"><div class=\"guten-column-wrapper\" data-id=\"iM0ZCf\">\n<div class=\"guten-element guten-icon-list guten-5tUCh4\"><div class=\" list-wrapper inline-icon-list\">\n<div class=\"guten-element guten-icon-list-item guten-F22pgR\"><div class=\"list-divider\"><\/div><a id=\"guten-F22pgR\" aria-label=\"EMail\"><i class=\"fas fa-map-marker-alt\"><\/i><span class=\"list-text \">Gr\u00fcnwalderstra\u00dfe 49, 81547 M\u00fcnchen<\/span><\/a><\/div>\n<\/div><\/div>\n<\/div><\/div>\n<\/div><\/section><\/div>\n\n\n\n<div class=\"section-wrapper\" data-id=\"jc9b73\"><section class=\"wp-block-gutenverse-section guten-element guten-section guten-jc9b73 animated guten-element-hide slow desktop-bounceInRight layout-boxed align-stretch\"><div class=\"guten-container guten-column-gap-default\">\n<div class=\"wp-block-gutenverse-column guten-element guten-column guten-RUawZ4\"><div class=\"guten-column-wrapper\" data-id=\"RUawZ4\">\n<div class=\"guten-element guten-wrap-helper no-margin guten-GUEpMo block\"><div class=\"guten-inner-wrap\" data-id=\"GUEpMo\">\n<p aria-label=\"Text Paragraph\" class=\"guten-element gutenverse-text guten-Skpfsa\">Social<\/p>\n<\/div><\/div>\n<\/div><\/div>\n\n\n\n<div class=\"wp-block-gutenverse-column guten-element guten-column guten-tdV7ju\"><div class=\"guten-column-wrapper\" data-id=\"tdV7ju\">\n<div class=\"guten-element guten-social-icons guten-no6FJx rounded horizontal custom\">\n<div class=\"guten-element guten-social-icon guten-jCCBKN instagram\"><a id=\"guten-jCCBKN\" href=\"https:\/\/www.instagram.com\/physiopregler\/\" target=\"_blank\" rel=\"noreferrer noopener\"><i class=\"gtn gtn-instagram-1-light\"><\/i><\/a><\/div>\n\n\n\n<div class=\"guten-element guten-social-icon guten-zJBQas whatsapp\"><a id=\"guten-zJBQas\" href=\"https:\/\/wa.me\/4917632968761?text=Hello,%0A\" target=\"_blank\" rel=\"noreferrer noopener\"><i class=\"fab fa-whatsapp\"><\/i><\/a><\/div>\n<\/div>\n<\/div><\/div>\n<\/div><\/section><\/div>\n<\/div><\/div>\n<\/div><\/section><\/div>\n<\/div><\/div>\n<\/div><\/section><\/div>\n<\/div><\/div>\n<\/div><\/section><\/div>\n\n\n\n<div class=\"section-wrapper\" data-id=\"mpryhV\"><section class=\"wp-block-gutenverse-section guten-element guten-section guten-mpryhV layout-boxed align-stretch\"><div class=\"guten-container guten-column-gap-default\">\n<div class=\"wp-block-gutenverse-column guten-element guten-column guten-8RxfF2\"><div class=\"guten-column-wrapper\" data-id=\"8RxfF2\">\n<div class=\"guten-element guten-wrap-helper no-margin guten-RE023Y block\"><div class=\"guten-inner-wrap\" data-id=\"RE023Y\">\n<p aria-label=\"Text Paragraph\" class=\"guten-element gutenverse-text guten-83L4E6\">Termin<\/p>\n<\/div><\/div>\n\n\n\n<h2 class=\"wp-block-gutenverse-heading guten-element guten-iv5Win\">Fragen Sie ein Termin online an.<\/h2>\n<\/div><\/div>\n<\/div><\/section><\/div>\n\n\n\n<div class=\"section-wrapper\" data-id=\"bFc10M\"><section class=\"wp-block-gutenverse-section guten-element guten-section guten-bFc10M layout-fullwidth align-stretch\"><div class=\"guten-container guten-column-gap-narrow\">\n<div class=\"wp-block-gutenverse-column guten-element guten-column guten-wC5f7s\"><div class=\"guten-column-wrapper\" data-id=\"wC5f7s\">\n<div class=\"wp-block-gutenverse-image guten-element guten-image guten-TXdT3M\"><div class=\"guten-image-wrapper\"><img decoding=\"async\" class=\"gutenverse-image-box-filled\" src=\"https:\/\/physiotherapie-pregler.de\/wp-content\/uploads\/2025\/08\/Contact-Us-From-Pregler.webp\" height=\"1740\" width=\"1440\" alt=\"Contact-Us-From-Pregler\" loading=\"lazy\"\/><\/div><\/div>\n<\/div><\/div>\n\n\n\n<div class=\"wp-block-gutenverse-column guten-element guten-column guten-QjQwVn\"><div class=\"guten-column-wrapper\" data-id=\"QjQwVn\">\n<form style=\"display:none\" class=\"guten-element guten-form-builder guten-1aBo6K\" data-form-id=\"1070\" data-hide-after=\"true\">\n<div class=\"guten-element guten-form-stepper guten-N2Yyue horizontal-center\"><div class=\"header-wrapper before\"><div class=\"section-heading\"><div class=\"section-heading-item active\" id=\"OlDIAi\" data-id=\"OlDIAi\" data-icon=\"fas fa-arrow-circle-right\" data-index=\"0\"><span class=\"stepper-heading\"><i class=\"fas fa-arrow-circle-right\"><\/i><span><strong><strong>Pers\u00f6nliches<\/strong><\/strong><\/span><\/span><\/div><div class=\"section-heading-item\" id=\"ayXfl0\" data-id=\"ayXfl0\" data-icon=\"fas fa-arrow-circle-right\" data-index=\"1\"><span class=\"stepper-heading\"><i class=\"fas fa-arrow-circle-right\"><\/i><span><strong>Behandlung<\/strong><\/span><\/span><\/div><div class=\"section-heading-item\" id=\"qJKNvh\" data-id=\"qJKNvh\" data-icon=\"fas fa-arrow-circle-right\" data-index=\"2\"><span class=\"stepper-heading\"><i class=\"fas fa-arrow-circle-right\"><\/i><span><strong>Nachricht<\/strong><\/span><\/span><\/div><\/div><div class=\"section-heading-mobile\"><div class=\"section-title\"><span class=\"stepper-heading\"><i class=\"fas fa-arrow-circle-right\"><\/i><span><strong><strong>Pers\u00f6nliches<\/strong><\/strong><\/span><div class=\"gutenverse-icon-svg\"><svg xmlns=\"http:\/\/www.w3.org\/2000\/svg\" viewBox=\"0 0 448 512\" class=\"chevron-down-icon\"><path d=\"M201.4 342.6c12.5 12.5 32.8 12.5 45.3 0l160-160c12.5-12.5 12.5-32.8 0-45.3s-32.8-12.5-45.3 0L224 274.7 86.6 137.4c-12.5-12.5-32.8-12.5-45.3 0s-12.5 32.8 0 45.3l160 160z\"><\/path><\/svg><svg xmlns=\"http:\/\/www.w3.org\/2000\/svg\" viewBox=\"0 0 448 512\" class=\"chevron-up-icon\"><path d=\"M201.4 137.4c12.5-12.5 32.8-12.5 45.3 0l160 160c12.5 12.5 12.5 32.8 0 45.3s-32.8 12.5-45.3 0L224 205.3 86.6 342.6c-12.5 12.5-32.8 12.5-45.3 0s-12.5-32.8 0-45.3l160-160z\"><\/path><\/svg><\/div><\/span><\/div><div class=\"section-option\"><div data-id=\"OlDIAi\" data-icon=\"fas fa-arrow-circle-right\" class=\"section-option-item active\"><span class=\"stepper-heading\"><i class=\"fas fa-arrow-circle-right\"><\/i><span><strong><strong>Pers\u00f6nliches<\/strong><\/strong><\/span><\/span><\/div><div data-id=\"ayXfl0\" data-icon=\"fas fa-arrow-circle-right\" class=\"section-option-item\"><span class=\"stepper-heading\"><i class=\"fas fa-arrow-circle-right\"><\/i><span><strong>Behandlung<\/strong><\/span><\/span><\/div><div data-id=\"qJKNvh\" data-icon=\"fas fa-arrow-circle-right\" class=\"section-option-item\"><span class=\"stepper-heading\"><i class=\"fas fa-arrow-circle-right\"><\/i><span><strong>Nachricht<\/strong><\/span><\/span><\/div><\/div><\/div><\/div><div class=\"section-body\">\n<div class=\"OlDIAi section-body-item\" data-id=\"OlDIAi\">\n<div class=\"section-wrapper\" data-id=\"VgWFO5\"><section class=\"wp-block-gutenverse-section guten-element guten-section guten-VgWFO5 layout-boxed align-stretch\"><div class=\"guten-container guten-column-gap-default\">\n<div class=\"wp-block-gutenverse-column guten-element guten-column guten-LVglln\"><div class=\"guten-column-wrapper\" data-id=\"LVglln\">\n<div data-guten-input-rule=\"show\" class=\"guten-element guten-form-input-text guten-form-input guten-input-position-top guten-oRfaA1 hide-helper\"><div class=\"label-wrapper\"><label class=\"input-label\" for=\"vorname\">Vorname<\/label><span class=\"required-badge\">*<\/span><\/div><div class=\"main-wrapper\"><div class=\"input-icon-wrapper input-text\"><div class=\"form-input-text-icon type-icon\"><div class=\"icon style-undefined\"><i class=\"gtn gtn-text-size-light\"><\/i><\/div><\/div><input data-validation=\"{&quot;type&quot;:&quot;text&quot;,&quot;required&quot;:true,&quot;validationType&quot;:&quot;none&quot;,&quot;validationWarning&quot;:&quot;Input Invalid&quot;}\" placeholder=\"Max\" name=\"vorname\" class=\"gutenverse-input gutenverse-input-text\" type=\"text\"\/><\/div><div class=\"validation-error\">Input Invalid<\/div><\/div><\/div>\n\n\n\n<div data-guten-input-rule=\"show\" class=\"guten-element guten-form-input-text guten-form-input guten-input-position-top guten-pRG4Kk hide-helper\"><div class=\"label-wrapper\"><label class=\"input-label\" for=\"nachname\">Nachname<\/label><span class=\"required-badge\">*<\/span><\/div><div class=\"main-wrapper\"><div class=\"input-icon-wrapper input-text\"><div class=\"form-input-text-icon type-icon\"><div class=\"icon style-undefined\"><i class=\"gtn gtn-text-size-light\"><\/i><\/div><\/div><input data-validation=\"{&quot;type&quot;:&quot;text&quot;,&quot;required&quot;:true,&quot;validationType&quot;:&quot;none&quot;,&quot;validationWarning&quot;:&quot;Input Invalid&quot;}\" placeholder=\"Mustermann\" name=\"nachname\" class=\"gutenverse-input gutenverse-input-text\" type=\"text\"\/><\/div><div class=\"validation-error\">Input Invalid<\/div><\/div><\/div>\n\n\n\n<div class=\"guten-element guten-form-input-email guten-form-input guten-input-position-top guten-ha0UuD hide-helper\"><div class=\"label-wrapper\"><label class=\"input-label\" for=\"email\">E-Mail<\/label><span class=\"required-badge\">*<\/span><\/div><div class=\"main-wrapper\"><div class=\"input-icon-wrapper input-email\"><div class=\"form-input-email-icon type-icon\"><div class=\"icon style-undefined\"><i class=\"gtn gtn-email-light\"><\/i><\/div><\/div><input data-validation=\"{&quot;type&quot;:&quot;email&quot;,&quot;required&quot;:true,&quot;validationType&quot;:&quot;none&quot;,&quot;validationWarning&quot;:&quot;Wrong Email&quot;}\" placeholder=\"max@mustermann.com\" name=\"email\" class=\"gutenverse-input gutenverse-input-email\" type=\"email\"\/><\/div><div class=\"validation-error\">Wrong Email<\/div><\/div><\/div>\n\n\n\n<div class=\"guten-element guten-form-input-telp guten-form-input guten-input-position-top guten-IbyTl4 hide-helper\"><div class=\"label-wrapper\"><label class=\"input-label\" for=\"input-phone\">Telefonnummer*<\/label><\/div><div class=\"main-wrapper\"><div class=\"input-icon-wrapper input-telp\"><div class=\"form-input-telp-icon type-icon\"><div class=\"icon style-undefined\"><i class=\"fas fa-phone\"><\/i><\/div><\/div><input data-validation=\"{&quot;type&quot;:&quot;telp&quot;,&quot;required&quot;:false,&quot;validationType&quot;:&quot;none&quot;,&quot;validationWarning&quot;:&quot;Input Invalid&quot;}\" placeholder=\"+49 123 456789\" name=\"input-phone\" class=\"gutenverse-input gutenverse-input-tel\" type=\"tel\" pattern=\"\\+[0-9]+[0-9\\s\\-]*\"\/><\/div><div class=\"validation-error\">Input Invalid<\/div><\/div><\/div>\n\n\n\n<div class=\"guten-element guten-button-wrapper guten-stepper-navigation-wrapper guten-NTtG6v\"><button class=\"guten-button gutenverse-input-stepper-navigation next guten-button-sm\" type=\"button\"><span>Weiter<\/span><\/button><\/div>\n<\/div><\/div>\n<\/div><\/section><\/div>\n<\/div>\n\n\n\n<div class=\"ayXfl0 section-body-item\" data-id=\"ayXfl0\">\n<div class=\"section-wrapper\" data-id=\"tZrHAq\"><section class=\"wp-block-gutenverse-section guten-element guten-section guten-tZrHAq layout-boxed align-stretch\"><div class=\"guten-container guten-column-gap-default\">\n<div class=\"wp-block-gutenverse-column guten-element guten-column guten-oD3ohp\"><div class=\"guten-column-wrapper\" data-id=\"oD3ohp\">\n<div class=\"guten-element guten-form-input-multiselect guten-form-input guten-input-position-top guten-NEU3oS\"><div class=\"label-wrapper\"><label class=\"input-label\" for=\"input-multi-select\">Behandlungsart*<\/label><\/div><div class=\"main-wrapper\"><select name=\"input-multi-select\" data-validation=\"{&quot;type&quot;:&quot;multiselect&quot;,&quot;required&quot;:false,&quot;validationWarning&quot;:&quot;Input Invalid&quot;}\" class=\"gutenverse-input gutenverse-input-multiselect\" multiple><option value=\"\">Bitte W\u00e4hlen&#8230;<\/option><option value=\"https:\/\/physiotherapie-pregler.de\/de\/kontakt\/\">Krankengymnastik<\/option><option value=\"Manuelle Therapie\">Manuelle Therapie<\/option><option value=\"Manuelle Lymphdrainage\">Manuelle Lymphdrainage<\/option><option value=\"Klassische Massagetherapie\">Klassische Massagetherapie<\/option><option value=\"W\u00e4rmetherapie\">W\u00e4rmetherapie<\/option><option value=\"K\u00e4ltetherapie\">K\u00e4ltetherapie<\/option><option value=\"Elektrotherapie\">Elektrotherapie<\/option><option><\/option><\/select><div class=\"validation-error\">Input Invalid<\/div><span class=\"input-helper\"><\/span><\/div><\/div>\n\n\n\n<div class=\"guten-element guten-form-input-radio guten-form-input guten-input-position-top guten-PMNYvj hide-helper\"><div class=\"label-wrapper\"><label class=\"input-label\" for=\"input-radio-zahlungsart\">Zahlungsart<\/label><span class=\"required-badge\">*<\/span><\/div><div class=\"main-wrapper\"><div class=\"gutenverse-inner-input default\"><div hidden name=\"input-radio-zahlungsart\" class=\"gutenverse-input\" data-validation=\"{&quot;type&quot;:&quot;radio&quot;,&quot;required&quot;:true,&quot;validationWarning&quot;:&quot;Input Invalid&quot;}\"><\/div><label><input name=\"input-radio-zahlungsart\" value=\"Selbstzahler\" class=\"gutenverse-input-radio\" type=\"radio\"\/><span class=\"radio\">Selbstzahler<\/span><\/label><label><input name=\"input-radio-zahlungsart\" value=\"Private Krankenversicherung\" class=\"gutenverse-input-radio\" type=\"radio\"\/><span class=\"radio\">Private Krankenversicherung<\/span><\/label><\/div><div class=\"validation-error\">Input Invalid<\/div><\/div><\/div>\n\n\n\n<div class=\"guten-element guten-form-input-radio guten-form-input guten-input-position-top guten-Wjj2uw hide-helper\"><div class=\"label-wrapper\"><label class=\"input-label\" for=\"input-radio-besuchsart\">Besuchsart<\/label><span class=\"required-badge\">*<\/span><\/div><div class=\"main-wrapper\"><div class=\"gutenverse-inner-input default\"><div hidden name=\"input-radio-besuchsart\" class=\"gutenverse-input\" data-validation=\"{&quot;type&quot;:&quot;radio&quot;,&quot;required&quot;:true,&quot;validationWarning&quot;:&quot;Input Invalid&quot;}\"><\/div><label><input name=\"input-radio-besuchsart\" value=\"Hausbesuch\" class=\"gutenverse-input-radio\" type=\"radio\"\/><span class=\"radio\">Hausbesuch<\/span><\/label><label><input name=\"input-radio-besuchsart\" value=\"Praxisbesuch\" class=\"gutenverse-input-radio\" type=\"radio\"\/><span class=\"radio\">Praxisbesuch<\/span><\/label><\/div><div class=\"validation-error\">Input Invalid<\/div><\/div><\/div>\n\n\n\n<div data-guten-input-rule=\"hide\" class=\"guten-element guten-form-input-text guten-form-input guten-input-position-top guten-IVtjPE hide-helper\"><div class=\"label-wrapper\"><label class=\"input-label\" for=\"region\">Region<\/label><span class=\"required-badge\">*<\/span><\/div><div class=\"main-wrapper\"><div class=\"input-icon-wrapper input-text\"><div class=\"form-input-text-icon type-icon\"><div class=\"icon style-undefined\"><i class=\"fas fa-location-arrow\"><\/i><\/div><\/div><input data-validation=\"{&quot;type&quot;:&quot;text&quot;,&quot;required&quot;:true,&quot;validationType&quot;:&quot;none&quot;,&quot;validationWarning&quot;:&quot;Input Invalid&quot;}\" placeholder=\"Sendling\" name=\"region\" class=\"gutenverse-input gutenverse-input-text\" type=\"text\" data-display-rule=\"{&quot;type&quot;:&quot;hide&quot;,&quot;rule&quot;:[{&quot;_key&quot;:&quot;qu4Vgr&quot;,&quot;otherInput&quot;:&quot;input-radio-besuchsart&quot;,&quot;condition&quot;:&quot;is&quot;,&quot;otherValue&quot;:&quot;Hausbesuch&quot;,&quot;relation&quot;:&quot;and&quot;}]}\"\/><\/div><div class=\"validation-error\">Input Invalid<\/div><\/div><\/div>\n\n\n\n<div class=\"guten-element guten-button-wrapper guten-stepper-navigation-wrapper guten-2CHgHd\"><button class=\"guten-button gutenverse-input-stepper-navigation next guten-button-sm\" type=\"button\"><span>Weiter<\/span><\/button><\/div>\n<\/div><\/div>\n<\/div><\/section><\/div>\n<\/div>\n\n\n\n<div class=\"qJKNvh section-body-item\" data-id=\"qJKNvh\">\n<div class=\"section-wrapper\" data-id=\"o6du9B\"><section class=\"wp-block-gutenverse-section guten-element guten-section guten-o6du9B layout-boxed align-stretch\"><div class=\"guten-container guten-column-gap-default\">\n<div class=\"wp-block-gutenverse-column guten-element guten-column guten-cpxTnG\"><div class=\"guten-column-wrapper\" data-id=\"cpxTnG\">\n<div class=\"guten-element guten-form-input-textarea guten-form-input guten-input-position-top guten-igAJ9S hide-helper\"><div class=\"label-wrapper\"><label class=\"input-label\" for=\"input-nachricht\">Nachricht<\/label><span class=\"required-badge\">*<\/span><\/div><div class=\"main-wrapper\"><div class=\"input-icon-wrapper input-textarea\"><div class=\"form-input-textarea-icon type-icon\"><div class=\"icon style-undefined\"><i class=\"gtn gtn-text-size-light\"><\/i><\/div><\/div><textarea data-validation=\"{&quot;type&quot;:&quot;textarea&quot;,&quot;required&quot;:true,&quot;validationType&quot;:&quot;none&quot;,&quot;validationMin&quot;:5,&quot;validationMax&quot;:600,&quot;validationWarning&quot;:&quot;Not long&quot;}\" placeholder=\"Ihre Nachricht\u2026\" name=\"input-nachricht\" class=\"gutenverse-input gutenverse-input-text\"><\/textarea><\/div><div class=\"validation-error\">Not long<\/div><\/div><\/div>\n\n\n\n<div class=\"guten-element guten-button-wrapper guten-submit-wrapper guten-duJsKH\"><div class=\"form-notification\"><\/div><button class=\"guten-button gutenverse-input-submit guten-button-sm\" type=\"submit\"><i class=\"gtn gtn-send-line\"><\/i><span><strong>Absenden<\/strong><\/span><\/button><div class=\"gutenverse-input-submit-loader\"><svg xmlns=\"http:\/\/www.w3.org\/2000\/svg\" viewBox=\"0 0 640 640\"><path d=\"M272 112C272 85.5 293.5 64 320 64C346.5 64 368 85.5 368 112C368 138.5 346.5 160 320 160C293.5 160 272 138.5 272 112zM272 528C272 501.5 293.5 480 320 480C346.5 480 368 501.5 368 528C368 554.5 346.5 576 320 576C293.5 576 272 554.5 272 528zM112 272C138.5 272 160 293.5 160 320C160 346.5 138.5 368 112 368C85.5 368 64 346.5 64 320C64 293.5 85.5 272 112 272zM480 320C480 293.5 501.5 272 528 272C554.5 272 576 293.5 576 320C576 346.5 554.5 368 528 368C501.5 368 480 346.5 480 320zM139 433.1C157.8 414.3 188.1 414.3 206.9 433.1C225.7 451.9 225.7 482.2 206.9 501C188.1 519.8 157.8 519.8 139 501C120.2 482.2 120.2 451.9 139 433.1zM139 139C157.8 120.2 188.1 120.2 206.9 139C225.7 157.8 225.7 188.1 206.9 206.9C188.1 225.7 157.8 225.7 139 206.9C120.2 188.1 120.2 157.8 139 139zM501 433.1C519.8 451.9 519.8 482.2 501 501C482.2 519.8 451.9 519.8 433.1 501C414.3 482.2 414.3 451.9 433.1 433.1C451.9 414.3 482.2 414.3 501 433.1z\"><\/path><\/svg><\/div><\/div>\n\n\n\n<p aria-label=\"Text Paragraph\" class=\"guten-element gutenverse-text guten-1bQ9m1\">Ihre Daten werden ausschlie\u00dflich zur Bearbeitung Ihrer Anfrage verwendet. Weitere Informationen zum Datenschutz finden Sie in unserer <a href=\"https:\/\/physiotherapie-pregler.de\/datenschutz\/\">Datenschutzerkl\u00e4rung<\/a>.<\/p>\n<\/div><\/div>\n<\/div><\/section><\/div>\n<\/div>\n<\/div><\/div>\n<\/form>\n<\/div><\/div>\n<\/div><\/section><\/div>\n\n\n\n<div class=\"section-wrapper\" data-id=\"y8XrJo\"><section class=\"wp-block-gutenverse-section guten-element guten-section guten-y8XrJo layout-boxed align-stretch\"><div class=\"guten-container guten-column-gap-default\">\n<div class=\"wp-block-gutenverse-column guten-element guten-column guten-FPWigA\"><div class=\"guten-column-wrapper\" data-id=\"FPWigA\">\n<div class=\"guten-element guten-wrap-helper no-margin guten-j8p9D6 block\"><div class=\"guten-inner-wrap\" data-id=\"j8p9D6\">\n<p aria-label=\"Text Paragraph\" class=\"guten-element gutenverse-text guten-4kSQ2B\">FAQ<\/p>\n<\/div><\/div>\n\n\n\n<h2 class=\"wp-block-gutenverse-heading guten-element guten-CZoVGM\">H\u00e4ufig gestellte Fragen zur Kontaktaufnahme<\/h2>\n\n\n\n<div class=\"section-wrapper\" data-id=\"awcnUe\"><section class=\"wp-block-gutenverse-section guten-element guten-section guten-awcnUe layout-boxed align-stretch\"><div class=\"guten-container guten-column-gap-default\">\n<div class=\"wp-block-gutenverse-column guten-element guten-column guten-gbXozh\"><div class=\"guten-column-wrapper\" data-id=\"gbXozh\">\n<div class=\"guten-element guten-accordions-wrapper guten-Q1sn69\"><div class=\"guten-accordions\">\n<div class=\"accordion-item guten-AJjiz9\"><div class=\"accordion-heading\"><div class=\"accordion-icon\"><span class=\"accordion-icon-open\"><i class=\"fas fa-arrow-alt-circle-down\"><\/i><\/span><span class=\"accordion-icon-closed\"><i class=\"fas fa-arrow-alt-circle-right\"><\/i><\/span><\/div><h2 class=\"accordion-text\">Wie kann ich einen Termin vereinbaren?<\/h2><\/div><div class=\"accordion-body\"><div class=\"accordion-content\">\n<p aria-label=\"Text Paragraph\" class=\"guten-element gutenverse-text guten-reRsTf\">Einen Termin k\u00f6nnen Sie bequem \u00fcber das Kontaktformular oder \u00fcber die Online-Terminbuchung (TheraConnect-App) anfragen. Alternativ erreichen Sie mich auch telefonisch, WhatsApp oder per E-Mail.<\/p>\n<\/div><\/div><\/div>\n\n\n\n<div class=\"accordion-item guten-D7PfsD\"><div class=\"accordion-heading\"><div class=\"accordion-icon\"><span class=\"accordion-icon-open\"><i class=\"fas fa-arrow-alt-circle-down\"><\/i><\/span><span class=\"accordion-icon-closed\"><i class=\"fas fa-arrow-alt-circle-right\"><\/i><\/span><\/div><h2 class=\"accordion-text\">Wie kurzfristig sind Termine m\u00f6glich?<\/h2><\/div><div class=\"accordion-body\"><div class=\"accordion-content\">\n<p aria-label=\"Text Paragraph\" class=\"guten-element gutenverse-text guten-w4DEpg\">Die Verf\u00fcgbarkeit h\u00e4ngt von der aktuellen Auslastung ab. <strong>In vielen F\u00e4llen<\/strong> sind jedoch auch kurzfristige Termine m\u00f6glich. <strong>Daher<\/strong> melde ich mich nach Ihrer Anfrage zeitnah bei Ihnen zur\u00fcck.<\/p>\n<\/div><\/div><\/div>\n\n\n\n<div class=\"accordion-item guten-u9L97Y\"><div class=\"accordion-heading\"><div class=\"accordion-icon\"><span class=\"accordion-icon-open\"><i class=\"fas fa-arrow-alt-circle-down\"><\/i><\/span><span class=\"accordion-icon-closed\"><i class=\"fas fa-arrow-alt-circle-right\"><\/i><\/span><\/div><h2 class=\"accordion-text\">Was soll ich zum ersten Termin mitbringen?<\/h2><\/div><div class=\"accordion-body\"><div class=\"accordion-content\">\n<p aria-label=\"Text Paragraph\" class=\"guten-element gutenverse-text guten-K4YDoa\">Bitte bringen Sie \u2013 falls vorhanden \u2013 eine \u00e4rztliche Verordnung sowie relevante Befunde und ein gro\u00dfes Handtuch mit. Bequeme Kleidung erleichtert zudem die Behandlung.<\/p>\n<\/div><\/div><\/div>\n\n\n\n<div class=\"accordion-item guten-8HtOAm\"><div class=\"accordion-heading\"><div class=\"accordion-icon\"><span class=\"accordion-icon-open\"><i class=\"fas fa-arrow-alt-circle-down\"><\/i><\/span><span class=\"accordion-icon-closed\"><i class=\"fas fa-arrow-alt-circle-right\"><\/i><\/span><\/div><h2 class=\"accordion-text\">Wie kann ich einen Termin absagen oder verschieben?<\/h2><\/div><div class=\"accordion-body\"><div class=\"accordion-content\">\n<p aria-label=\"Text Paragraph\" class=\"guten-element gutenverse-text guten-Ug2Nlp\">Bitte beachten Sie, dass Termine sp\u00e4testens 24 Stunden vorher abgesagt werden m\u00fcssen, um Ausfallkosten zu vermeiden (auch an Wochenenden oder Feiertagen). Sie erreichen mich telefonisch, per WhatsApp oder per Email &#8211; gerne finden wir gemeinsam einen passenden Ersatztermin. <\/p>\n<\/div><\/div><\/div>\n\n\n\n<div class=\"accordion-item guten-rBppzN\"><div class=\"accordion-heading\"><div class=\"accordion-icon\"><span class=\"accordion-icon-open\"><i class=\"fas fa-arrow-alt-circle-down\"><\/i><\/span><span class=\"accordion-icon-closed\"><i class=\"fas fa-arrow-alt-circle-right\"><\/i><\/span><\/div><h2 class=\"accordion-text\">\u00dcbernimmt die Krankenkasse die Kosten?<\/h2><\/div><div class=\"accordion-body\"><div class=\"accordion-content\">\n<p aria-label=\"Text Paragraph\" class=\"guten-element gutenverse-text guten-QyIWyl\">Die Kosten\u00fcbernahme h\u00e4ngt von Ihrer Krankenversicherung und der Art der Behandlung ab. Gerne kl\u00e4re ich dies individuell im pers\u00f6nlichen Gespr\u00e4ch mit Ihnen.<\/p>\n<\/div><\/div><\/div>\n\n\n\n<div class=\"accordion-item guten-1FkJHI active\"><div class=\"accordion-heading\"><div class=\"accordion-icon\"><span class=\"accordion-icon-open\"><i class=\"fas fa-arrow-alt-circle-down\"><\/i><\/span><span class=\"accordion-icon-closed\"><i class=\"fas fa-arrow-alt-circle-right\"><\/i><\/span><\/div><h2 class=\"accordion-text\">Wo befindet sich die Praxis und wie ist die Anfahrt?<\/h2><\/div><div class=\"accordion-body\"><div class=\"accordion-content\">\n<p aria-label=\"Text Paragraph\" class=\"guten-element gutenverse-text guten-huG5tq\">Meine Praxis befindet sich in der Gr\u00fcnwalderstra\u00dfe 49 in M\u00fcnchen. Die genaue Lage sehen Sie unten in der Karte. Informationen zur Anfahrt finden Sie ebenfalls dort.<\/p>\n<\/div><\/div><\/div>\n<\/div><\/div>\n<\/div><\/div>\n<\/div><\/section><\/div>\n<\/div><\/div>\n<\/div><\/section><\/div>\n\n\n\n<div class=\"section-wrapper\" data-id=\"kL5dH2\"><section class=\"wp-block-gutenverse-section guten-element guten-section guten-kL5dH2 layout-boxed align-stretch\"><div class=\"guten-container guten-column-gap-default\">\n<div class=\"wp-block-gutenverse-column guten-element guten-column guten-bcFxGd\"><div class=\"guten-column-wrapper\" data-id=\"bcFxGd\">\n<div class=\"guten-element guten-wrap-helper no-margin guten-ZqTU79 block\"><div class=\"guten-inner-wrap\" data-id=\"ZqTU79\">\n<p aria-label=\"Text Paragraph\" class=\"guten-element gutenverse-text guten-avzkop\">Maps<\/p>\n<\/div><\/div>\n\n\n\n<h2 class=\"wp-block-gutenverse-heading guten-element guten-EvPD3S\"><strong>Hier finden Sie meine Praxisadresse auf der Karte<\/strong><\/h2>\n\n\n\n<div class=\"section-wrapper\" data-id=\"MWU5hF\"><section class=\"wp-block-gutenverse-section guten-element guten-section guten-MWU5hF layout-boxed align-stretch\"><div class=\"guten-container guten-column-gap-narrow\">\n<div class=\"wp-block-gutenverse-column guten-element guten-column guten-ZYnwjG\"><div class=\"guten-column-wrapper\" data-id=\"ZYnwjG\">\n<div class=\"guten-element gutenverse-maps guten-maps guten-CQdJSs animated guten-element-hide slower desktop-slideInUp\" data-src=\"https:\/\/maps.google.com\/maps?q=Gr%C3%BCnwalder%20Str.%2049&amp;z=16&amp;t=m&amp;output=embed&amp;iwloc=near\"><iframe frameborder=\"0\" scrolling=\"no\" marginheight=\"0\" marginwidth=\"0\" src=\"\" title=\"Gr\u00fcnwalder Str. 49\"><\/iframe><\/div>\n<\/div><\/div>\n<\/div><\/section><\/div>\n<\/div><\/div>\n<\/div><\/section><\/div>\n\n\n\n<div class=\"section-wrapper\" data-id=\"fMLMkB\"><section class=\"wp-block-gutenverse-section guten-element guten-section guten-fMLMkB layout-boxed align-stretch\"><div class=\"guten-container guten-column-gap-default\">\n<div class=\"wp-block-gutenverse-column guten-element guten-column guten-15NxJm\"><div class=\"guten-column-wrapper\" data-id=\"15NxJm\">\n<div class=\"guten-element guten-icon-list guten-VN6RxT\"><div class=\" list-wrapper \">\n<div class=\"guten-element guten-icon-list-item guten-TXpk2h\"><div class=\"list-divider\"><\/div><a id=\"guten-TXpk2h\"><i class=\"fas fa-check\"><\/i><span class=\"list-text \">Stra\u00dfenparkpl\u00e4tze<\/span><\/a><\/div>\n<\/div><\/div>\n<\/div><\/div>\n\n\n\n<div class=\"wp-block-gutenverse-column guten-element guten-column guten-uvpnaW\"><div class=\"guten-column-wrapper\" data-id=\"uvpnaW\">\n<div class=\"guten-element guten-icon-list guten-1oO8Lt\"><div class=\" list-wrapper \">\n<div class=\"guten-element guten-icon-list-item guten-GEpquJ\"><div class=\"list-divider\"><\/div><a id=\"guten-GEpquJ\"><i class=\"fas fa-check\"><\/i><span class=\"list-text \">Trambahn 25: Haltestelle Kurzstr. <\/span><\/a><\/div>\n<\/div><\/div>\n<\/div><\/div>\n\n\n\n<div class=\"wp-block-gutenverse-column guten-element guten-column guten-GF9IZW\"><div class=\"guten-column-wrapper\" data-id=\"GF9IZW\">\n<div class=\"guten-element guten-icon-list guten-BqhmPa\"><div class=\" list-wrapper \">\n<div class=\"guten-element guten-icon-list-item guten-9TlO2P\"><div class=\"list-divider\"><\/div><a id=\"guten-9TlO2P\"><i class=\"fas fa-check\"><\/i><span class=\"list-text \">U-Bahn: U1 Wettersteinplatz <\/span><\/a><\/div>\n<\/div><\/div>\n<\/div><\/div>\n<\/div><\/section><\/div>\n\n\n\n<p class=\"\"><\/p>\n","protected":false},"excerpt":{"rendered":"","protected":false},"author":1,"featured_media":0,"parent":0,"menu_order":0,"comment_status":"closed","ping_status":"closed","template":"","meta":{"nf_dc_page":"","footnotes":""},"class_list":["post-22","page","type-page","status-publish","hentry"],"yoast_head":"<!-- This site is optimized with the Yoast SEO plugin v27.3 - https:\/\/yoast.com\/product\/yoast-seo-wordpress\/ -->\n<title>Kontakt Physiotherapie M\u00fcnchen - Private Physiotherapie Pregler<\/title>\n<meta name=\"description\" content=\"Kontaktieren Sie mich f\u00fcr Termine oder Fragen per Formular, Telefon oder E-Mail. Physiotherapie Praxis in M\u00fcnchen mit schneller R\u00fcckmeldung.\" \/>\n<meta name=\"robots\" content=\"index, follow, max-snippet:-1, max-image-preview:large, max-video-preview:-1\" \/>\n<link rel=\"canonical\" href=\"https:\/\/physiotherapie-pregler.de\/en\/kontakt\/\" \/>\n<meta property=\"og:locale\" content=\"en_US\" \/>\n<meta property=\"og:type\" content=\"article\" \/>\n<meta property=\"og:title\" content=\"Kontakt Physiotherapie M\u00fcnchen - Private Physiotherapie Pregler\" \/>\n<meta property=\"og:description\" content=\"Kontaktieren Sie mich f\u00fcr Termine oder Fragen per Formular, Telefon oder E-Mail. Physiotherapie Praxis in M\u00fcnchen mit schneller R\u00fcckmeldung.\" \/>\n<meta property=\"og:url\" content=\"https:\/\/physiotherapie-pregler.de\/en\/kontakt\/\" \/>\n<meta property=\"og:site_name\" content=\"Private Physiotherapie Pregler\" \/>\n<meta property=\"article:modified_time\" content=\"2026-04-20T07:26:49+00:00\" \/>\n<meta property=\"og:image\" content=\"https:\/\/physiotherapie-pregler.de\/wp-content\/uploads\/2025\/08\/Contact-Us-Hero-Pregler.webp\" \/>\n\t<meta property=\"og:image:width\" content=\"1920\" \/>\n\t<meta property=\"og:image:height\" content=\"1080\" \/>\n\t<meta property=\"og:image:type\" content=\"image\/webp\" \/>\n<meta name=\"twitter:card\" content=\"summary_large_image\" \/>\n<meta name=\"twitter:label1\" content=\"Est. reading time\" \/>\n\t<meta name=\"twitter:data1\" content=\"2 minutes\" \/>\n<script type=\"application\/ld+json\" class=\"yoast-schema-graph\">{\"@context\":\"https:\\\/\\\/schema.org\",\"@graph\":[{\"@type\":[\"WebPage\",\"ContactPage\"],\"@id\":\"https:\\\/\\\/physiotherapie-pregler.de\\\/kontakt\\\/\",\"url\":\"https:\\\/\\\/physiotherapie-pregler.de\\\/kontakt\\\/\",\"name\":\"Kontakt Physiotherapie M\u00fcnchen - Private Physiotherapie Pregler\",\"isPartOf\":{\"@id\":\"https:\\\/\\\/rzu.upx.mybluehost.me\\\/#website\"},\"primaryImageOfPage\":{\"@id\":\"https:\\\/\\\/physiotherapie-pregler.de\\\/kontakt\\\/#primaryimage\"},\"image\":{\"@id\":\"https:\\\/\\\/physiotherapie-pregler.de\\\/kontakt\\\/#primaryimage\"},\"thumbnailUrl\":\"https:\\\/\\\/physiotherapie-pregler.de\\\/wp-content\\\/uploads\\\/2025\\\/08\\\/Contact-Us-Hero-Pregler.webp\",\"datePublished\":\"2025-07-07T12:06:34+00:00\",\"dateModified\":\"2026-04-20T07:26:49+00:00\",\"description\":\"Kontaktieren Sie mich f\u00fcr Termine oder Fragen per Formular, Telefon oder E-Mail. Physiotherapie Praxis in M\u00fcnchen mit schneller R\u00fcckmeldung.\",\"breadcrumb\":{\"@id\":\"https:\\\/\\\/physiotherapie-pregler.de\\\/kontakt\\\/#breadcrumb\"},\"inLanguage\":\"en-US\",\"potentialAction\":[{\"@type\":\"ReadAction\",\"target\":[\"https:\\\/\\\/physiotherapie-pregler.de\\\/kontakt\\\/\"]}]},{\"@type\":\"ImageObject\",\"inLanguage\":\"en-US\",\"@id\":\"https:\\\/\\\/physiotherapie-pregler.de\\\/kontakt\\\/#primaryimage\",\"url\":\"https:\\\/\\\/physiotherapie-pregler.de\\\/wp-content\\\/uploads\\\/2025\\\/08\\\/Contact-Us-Hero-Pregler.webp\",\"contentUrl\":\"https:\\\/\\\/physiotherapie-pregler.de\\\/wp-content\\\/uploads\\\/2025\\\/08\\\/Contact-Us-Hero-Pregler.webp\"},{\"@type\":\"BreadcrumbList\",\"@id\":\"https:\\\/\\\/physiotherapie-pregler.de\\\/kontakt\\\/#breadcrumb\",\"itemListElement\":[{\"@type\":\"ListItem\",\"position\":1,\"name\":\"Home\",\"item\":\"https:\\\/\\\/physiotherapie-pregler.de\\\/\"},{\"@type\":\"ListItem\",\"position\":2,\"name\":\"Kontakt\"}]},{\"@type\":\"WebSite\",\"@id\":\"https:\\\/\\\/rzu.upx.mybluehost.me\\\/#website\",\"url\":\"https:\\\/\\\/rzu.upx.mybluehost.me\\\/\",\"name\":\"Private Physiotherapie Pregler\",\"description\":\"PRIVATE PHYSIOTHERAPIE PREGLER\",\"publisher\":{\"@id\":\"https:\\\/\\\/rzu.upx.mybluehost.me\\\/#organization\"},\"alternateName\":\"Private Physiotherapie Pregler\",\"potentialAction\":[{\"@type\":\"SearchAction\",\"target\":{\"@type\":\"EntryPoint\",\"urlTemplate\":\"https:\\\/\\\/rzu.upx.mybluehost.me\\\/?s={search_term_string}\"},\"query-input\":{\"@type\":\"PropertyValueSpecification\",\"valueRequired\":true,\"valueName\":\"search_term_string\"}}],\"inLanguage\":\"en-US\"},{\"@type\":\"Organization\",\"@id\":\"https:\\\/\\\/rzu.upx.mybluehost.me\\\/#organization\",\"name\":\"Private Physiotherapie Pregler\",\"alternateName\":\"Private Physiotherapie Pregler\",\"url\":\"https:\\\/\\\/rzu.upx.mybluehost.me\\\/\",\"logo\":{\"@type\":\"ImageObject\",\"inLanguage\":\"en-US\",\"@id\":\"https:\\\/\\\/rzu.upx.mybluehost.me\\\/#\\\/schema\\\/logo\\\/image\\\/\",\"url\":\"https:\\\/\\\/physiotherapie-pregler.de\\\/wp-content\\\/uploads\\\/2025\\\/07\\\/Physiotherapie-Pregler-Logo-Green.webp\",\"contentUrl\":\"https:\\\/\\\/physiotherapie-pregler.de\\\/wp-content\\\/uploads\\\/2025\\\/07\\\/Physiotherapie-Pregler-Logo-Green.webp\",\"width\":512,\"height\":512,\"caption\":\"Private Physiotherapie Pregler\"},\"image\":{\"@id\":\"https:\\\/\\\/rzu.upx.mybluehost.me\\\/#\\\/schema\\\/logo\\\/image\\\/\"},\"sameAs\":[\"https:\\\/\\\/www.instagram.com\\\/physiopregler\\\/\"]}]}<\/script>\n<!-- \/ Yoast SEO plugin. -->","yoast_head_json":{"title":"Kontakt Physiotherapie M\u00fcnchen - Private Physiotherapie Pregler","description":"Kontaktieren Sie mich f\u00fcr Termine oder Fragen per Formular, Telefon oder E-Mail. Physiotherapie Praxis in M\u00fcnchen mit schneller R\u00fcckmeldung.","robots":{"index":"index","follow":"follow","max-snippet":"max-snippet:-1","max-image-preview":"max-image-preview:large","max-video-preview":"max-video-preview:-1"},"canonical":"https:\/\/physiotherapie-pregler.de\/en\/kontakt\/","og_locale":"en_US","og_type":"article","og_title":"Kontakt Physiotherapie M\u00fcnchen - Private Physiotherapie Pregler","og_description":"Kontaktieren Sie mich f\u00fcr Termine oder Fragen per Formular, Telefon oder E-Mail. Physiotherapie Praxis in M\u00fcnchen mit schneller R\u00fcckmeldung.","og_url":"https:\/\/physiotherapie-pregler.de\/en\/kontakt\/","og_site_name":"Private Physiotherapie Pregler","article_modified_time":"2026-04-20T07:26:49+00:00","og_image":[{"width":1920,"height":1080,"url":"https:\/\/physiotherapie-pregler.de\/wp-content\/uploads\/2025\/08\/Contact-Us-Hero-Pregler.webp","type":"image\/webp"}],"twitter_card":"summary_large_image","twitter_misc":{"Est. reading time":"2 minutes"},"schema":{"@context":"https:\/\/schema.org","@graph":[{"@type":["WebPage","ContactPage"],"@id":"https:\/\/physiotherapie-pregler.de\/kontakt\/","url":"https:\/\/physiotherapie-pregler.de\/kontakt\/","name":"Kontakt Physiotherapie M\u00fcnchen - Private Physiotherapie Pregler","isPartOf":{"@id":"https:\/\/rzu.upx.mybluehost.me\/#website"},"primaryImageOfPage":{"@id":"https:\/\/physiotherapie-pregler.de\/kontakt\/#primaryimage"},"image":{"@id":"https:\/\/physiotherapie-pregler.de\/kontakt\/#primaryimage"},"thumbnailUrl":"https:\/\/physiotherapie-pregler.de\/wp-content\/uploads\/2025\/08\/Contact-Us-Hero-Pregler.webp","datePublished":"2025-07-07T12:06:34+00:00","dateModified":"2026-04-20T07:26:49+00:00","description":"Kontaktieren Sie mich f\u00fcr Termine oder Fragen per Formular, Telefon oder E-Mail. Physiotherapie Praxis in M\u00fcnchen mit schneller R\u00fcckmeldung.","breadcrumb":{"@id":"https:\/\/physiotherapie-pregler.de\/kontakt\/#breadcrumb"},"inLanguage":"en-US","potentialAction":[{"@type":"ReadAction","target":["https:\/\/physiotherapie-pregler.de\/kontakt\/"]}]},{"@type":"ImageObject","inLanguage":"en-US","@id":"https:\/\/physiotherapie-pregler.de\/kontakt\/#primaryimage","url":"https:\/\/physiotherapie-pregler.de\/wp-content\/uploads\/2025\/08\/Contact-Us-Hero-Pregler.webp","contentUrl":"https:\/\/physiotherapie-pregler.de\/wp-content\/uploads\/2025\/08\/Contact-Us-Hero-Pregler.webp"},{"@type":"BreadcrumbList","@id":"https:\/\/physiotherapie-pregler.de\/kontakt\/#breadcrumb","itemListElement":[{"@type":"ListItem","position":1,"name":"Home","item":"https:\/\/physiotherapie-pregler.de\/"},{"@type":"ListItem","position":2,"name":"Kontakt"}]},{"@type":"WebSite","@id":"https:\/\/rzu.upx.mybluehost.me\/#website","url":"https:\/\/rzu.upx.mybluehost.me\/","name":"Pregler Private Physiotherapy","description":"PRIVATE PHYSIOTHERAPIE PREGLER","publisher":{"@id":"https:\/\/rzu.upx.mybluehost.me\/#organization"},"alternateName":"Private Physiotherapie Pregler","potentialAction":[{"@type":"SearchAction","target":{"@type":"EntryPoint","urlTemplate":"https:\/\/rzu.upx.mybluehost.me\/?s={search_term_string}"},"query-input":{"@type":"PropertyValueSpecification","valueRequired":true,"valueName":"search_term_string"}}],"inLanguage":"en-US"},{"@type":"Organization","@id":"https:\/\/rzu.upx.mybluehost.me\/#organization","name":"Pregler Private Physiotherapy","alternateName":"Private Physiotherapie Pregler","url":"https:\/\/rzu.upx.mybluehost.me\/","logo":{"@type":"ImageObject","inLanguage":"en-US","@id":"https:\/\/rzu.upx.mybluehost.me\/#\/schema\/logo\/image\/","url":"https:\/\/physiotherapie-pregler.de\/wp-content\/uploads\/2025\/07\/Physiotherapie-Pregler-Logo-Green.webp","contentUrl":"https:\/\/physiotherapie-pregler.de\/wp-content\/uploads\/2025\/07\/Physiotherapie-Pregler-Logo-Green.webp","width":512,"height":512,"caption":"Private Physiotherapie Pregler"},"image":{"@id":"https:\/\/rzu.upx.mybluehost.me\/#\/schema\/logo\/image\/"},"sameAs":["https:\/\/www.instagram.com\/physiopregler\/"]}]}},"_links":{"self":[{"href":"https:\/\/physiotherapie-pregler.de\/en\/wp-json\/wp\/v2\/pages\/22","targetHints":{"allow":["GET"]}}],"collection":[{"href":"https:\/\/physiotherapie-pregler.de\/en\/wp-json\/wp\/v2\/pages"}],"about":[{"href":"https:\/\/physiotherapie-pregler.de\/en\/wp-json\/wp\/v2\/types\/page"}],"author":[{"embeddable":true,"href":"https:\/\/physiotherapie-pregler.de\/en\/wp-json\/wp\/v2\/users\/1"}],"replies":[{"embeddable":true,"href":"https:\/\/physiotherapie-pregler.de\/en\/wp-json\/wp\/v2\/comments?post=22"}],"version-history":[{"count":20,"href":"https:\/\/physiotherapie-pregler.de\/en\/wp-json\/wp\/v2\/pages\/22\/revisions"}],"predecessor-version":[{"id":1367,"href":"https:\/\/physiotherapie-pregler.de\/en\/wp-json\/wp\/v2\/pages\/22\/revisions\/1367"}],"wp:attachment":[{"href":"https:\/\/physiotherapie-pregler.de\/en\/wp-json\/wp\/v2\/media?parent=22"}],"curies":[{"name":"wp","href":"https:\/\/api.w.org\/{rel}","templated":true}]}}