{"id":30,"date":"2025-07-07T14:08:08","date_gmt":"2025-07-07T12:08:08","guid":{"rendered":"https:\/\/physiotherapie-pregler.de\/?page_id=30"},"modified":"2026-04-20T09:18:09","modified_gmt":"2026-04-20T07:18:09","slug":"ueber-mich","status":"publish","type":"page","link":"https:\/\/physiotherapie-pregler.de\/en\/ueber-mich\/","title":{"rendered":"About Me"},"content":{"rendered":"<div class=\"wp-block-cover alignfull\" style=\"padding-top:0px;padding-right:1px;padding-bottom:0px;padding-left:1px;min-height:60vh;aspect-ratio:unset;\"><img decoding=\"async\" width=\"1920\" height=\"1080\" loading=\"lazy\" class=\"wp-block-cover__image-background wp-image-1024 size-full\" alt=\"Pamina Pregler \u2013 Physiotherapeutin in M\u00fcnchen\" src=\"https:\/\/physiotherapie-pregler.de\/wp-content\/uploads\/2025\/08\/Contact-Us-Hero-Pregler.webp\" data-object-fit=\"cover\" srcset=\"https:\/\/physiotherapie-pregler.de\/wp-content\/uploads\/2025\/08\/Contact-Us-Hero-Pregler.webp 1920w, https:\/\/physiotherapie-pregler.de\/wp-content\/uploads\/2025\/08\/Contact-Us-Hero-Pregler-300x169.webp 300w, https:\/\/physiotherapie-pregler.de\/wp-content\/uploads\/2025\/08\/Contact-Us-Hero-Pregler-1024x576.webp 1024w, https:\/\/physiotherapie-pregler.de\/wp-content\/uploads\/2025\/08\/Contact-Us-Hero-Pregler-768x432.webp 768w, https:\/\/physiotherapie-pregler.de\/wp-content\/uploads\/2025\/08\/Contact-Us-Hero-Pregler-1536x864.webp 1536w, https:\/\/physiotherapie-pregler.de\/wp-content\/uploads\/2025\/08\/Contact-Us-Hero-Pregler-18x10.webp 18w\" sizes=\"auto, (max-width: 1920px) 100vw, 1920px\" \/><span aria-hidden=\"true\" class=\"wp-block-cover__background has-contrast-background-color has-background-dim-60 has-background-dim\"><\/span><div class=\"wp-block-cover__inner-container is-layout-flow wp-block-cover-is-layout-flow\"><\/div><\/div>\n\n\n\n<div class=\"section-wrapper\" data-id=\"ltUtUZ\"><section class=\"wp-block-gutenverse-section guten-element guten-section guten-ltUtUZ layout-boxed align-stretch\"><div class=\"guten-container guten-column-gap-default\">\n<div class=\"wp-block-gutenverse-column guten-element guten-column guten-6xpRTD\"><div class=\"guten-column-wrapper\" data-id=\"6xpRTD\">\n<div class=\"guten-element guten-wrap-helper no-margin guten-VLcj20 block\"><div class=\"guten-inner-wrap\" data-id=\"VLcj20\">\n<p aria-label=\"Coverage of costs depends on your health insurance and the type of treatment. I am happy to discuss the details with you individually during a personal consultation.\" class=\"guten-element gutenverse-text guten-RPgGD7\">About Me<\/p>\n<\/div><\/div>\n\n\n\n<h2 class=\"wp-block-gutenverse-heading guten-element guten-Z5kuHS\">PAMINA PREGLER<\/h2>\n\n\n\n<div class=\"section-wrapper\" data-id=\"tsjWz4\"><section class=\"wp-block-gutenverse-section guten-element guten-section guten-tsjWz4 layout-fullwidth align-stretch\"><div class=\"guten-container guten-column-gap-no\">\n<div class=\"wp-block-gutenverse-column guten-element guten-column guten-tZBert\"><div class=\"guten-column-wrapper\" data-id=\"tZBert\">\n<p aria-label=\"Coverage of costs depends on your health insurance and the type of treatment. I am happy to discuss the details with you individually during a personal consultation.\" class=\"guten-element gutenverse-text guten-YB61z6\">Even as a stage dancer I engaged deeply with the human body, its mobility, and its limits. This early exploration of anatomy, expression, and body awareness eventually led me to physiotherapy\u2014a profession that, for me, represents the perfect combination of medical knowledge, movement, and holistic understanding. <br><br>I have been a state\u2011certified physiotherapist since 2020 (LMU Gro\u00dfhadern) and completed my training as well as my professional experience in Munich. Since graduating I have worked in various practices in Munich, developing a broad spectrum of therapeutic skills. My strengths lie in the orthopedic\u2011surgical field, although I also cover other areas of physiotherapy. In addition to my degree (OTH Regensburg), I have completed advanced training in manual therapy (Maitland concept), lymphatic drainage, and vagus nerve therapy to support my patients more specifically and sustainably. <br><br>My therapeutic approach combines solid medical expertise with a holistic view of the person. A structural assessment forms the foundation of every treatment for me\u2014so I can develop therapy plans that are individually tailored to your complaints. <br><br>My goal is to competently and empathetically support people on their way to greater pain\u2011free living, improved mobility, and a higher quality of life. <\/p>\n\n\n\n<p aria-label=\"Coverage of costs depends on your health insurance and the type of treatment. I am happy to discuss the details with you individually during a personal consultation.\" class=\"guten-element gutenverse-text guten-AzCsyd\"><\/p>\n\n\n\n<p aria-label=\"Coverage of costs depends on your health insurance and the type of treatment. I am happy to discuss the details with you individually during a personal consultation.\" class=\"guten-element gutenverse-text guten-r3wJsq\"><\/p>\n\n\n\n<p class=\"\"><\/p>\n\n\n\n<p aria-label=\"Coverage of costs depends on your health insurance and the type of treatment. I am happy to discuss the details with you individually during a personal consultation.\" class=\"guten-element gutenverse-text guten-7NPNEV\"><\/p>\n\n\n\n<p aria-label=\"Coverage of costs depends on your health insurance and the type of treatment. I am happy to discuss the details with you individually during a personal consultation.\" class=\"guten-element gutenverse-text guten-hnoL1S\"><\/p>\n<\/div><\/div>\n\n\n\n<div class=\"wp-block-gutenverse-column guten-element guten-column guten-oeloq2\"><div class=\"guten-column-wrapper\" data-id=\"oeloq2\">\n<div class=\"wp-block-gutenverse-image guten-element guten-image guten-9Bnx3E\"><div class=\"guten-image-wrapper\"><img decoding=\"async\" class=\"gutenverse-image-box-filled\" src=\"https:\/\/physiotherapie-pregler.de\/wp-content\/uploads\/2025\/07\/Pregler-Female-Avatar.webp\" height=\"500\" width=\"500\" alt=\"Pregler-Female-Avatar\" loading=\"lazy\"\/><\/div><\/div>\n<\/div><\/div>\n<\/div><\/section><\/div>\n\n\n\n<div class=\"section-wrapper\" data-id=\"EN7qpg\"><section class=\"wp-block-gutenverse-section guten-element guten-section guten-EN7qpg layout-fullwidth align-stretch\"><div class=\"guten-container guten-column-gap-narrow\">\n<div class=\"wp-block-gutenverse-column guten-element guten-column guten-fMp6MK\"><div class=\"guten-column-wrapper\" data-id=\"fMp6MK\">\n<div class=\"section-wrapper\" data-id=\"9VgflK\"><section class=\"wp-block-gutenverse-section guten-element guten-section guten-9VgflK layout-fullwidth align-stretch\"><div class=\"guten-container guten-column-gap-no\">\n<div class=\"wp-block-gutenverse-column guten-element guten-column guten-9k9I7p\"><div class=\"guten-column-wrapper\" data-id=\"9k9I7p\">\n<div class=\"section-wrapper\" data-id=\"x5uyT4\"><section class=\"wp-block-gutenverse-section guten-element guten-section guten-x5uyT4 animated guten-element-hide slow desktop-bounceInLeft layout-boxed align-stretch\"><div class=\"guten-container guten-column-gap-default\">\n<div class=\"wp-block-gutenverse-column guten-element guten-column guten-XuDpgE\"><div class=\"guten-column-wrapper\" data-id=\"XuDpgE\">\n<div class=\"guten-element guten-wrap-helper no-margin guten-pJOqyl block\"><div class=\"guten-inner-wrap\" data-id=\"pJOqyl\">\n<p aria-label=\"Coverage of costs depends on your health insurance and the type of treatment. I am happy to discuss the details with you individually during a personal consultation.\" class=\"guten-element gutenverse-text guten-0KtJNf\">Email<\/p>\n<\/div><\/div>\n<\/div><\/div>\n\n\n\n<div class=\"wp-block-gutenverse-column guten-element guten-column guten-Aa7a8I\"><div class=\"guten-column-wrapper\" data-id=\"Aa7a8I\">\n<div class=\"guten-element guten-icon-list guten-2qcvJF\"><div class=\"list-wrapper inline-icon-list\">\n<div class=\"guten-element guten-icon-list-item guten-fmAYmD\"><div class=\"list-divider\"><\/div><a id=\"guten-fmAYmD\" href=\"mailto:info@physiotherapie-pregler.de\" target=\"_blank\" rel=\"noreferrer noopener\" aria-label=\"EMail\"><i class=\"fas fa-envelope\"><\/i><span class=\"list-text\">info@physiotherapie-pregler.de<\/span><\/a><\/div>\n<\/div><\/div>\n<\/div><\/div>\n<\/div><\/section><\/div>\n\n\n\n<div class=\"section-wrapper\" data-id=\"xlSf2B\"><section class=\"wp-block-gutenverse-section guten-element guten-section guten-xlSf2B animated guten-element-hide slow desktop-bounceInRight layout-boxed align-stretch\"><div class=\"guten-container guten-column-gap-default\">\n<div class=\"wp-block-gutenverse-column guten-element guten-column guten-ULbdtP\"><div class=\"guten-column-wrapper\" data-id=\"ULbdtP\">\n<div class=\"guten-element guten-wrap-helper no-margin guten-AWXV5C block\"><div class=\"guten-inner-wrap\" data-id=\"AWXV5C\">\n<p aria-label=\"Coverage of costs depends on your health insurance and the type of treatment. I am happy to discuss the details with you individually during a personal consultation.\" class=\"guten-element gutenverse-text guten-udcs4w\">Phone<\/p>\n<\/div><\/div>\n<\/div><\/div>\n\n\n\n<div class=\"wp-block-gutenverse-column guten-element guten-column guten-MfaXOz\"><div class=\"guten-column-wrapper\" data-id=\"MfaXOz\">\n<div class=\"guten-element guten-icon-list guten-Lq2jlt\"><div class=\"list-wrapper inline-icon-list\">\n<div class=\"guten-element guten-icon-list-item guten-gvL3w2\"><div class=\"list-divider\"><\/div><a id=\"guten-gvL3w2\" href=\"tel:+4917632968761\" target=\"_blank\" rel=\"noreferrer noopener\" aria-label=\"EMail\"><i class=\"fas fa-phone\"><\/i><span class=\"list-text\">+49 176 329 68761<\/span><\/a><\/div>\n<\/div><\/div>\n<\/div><\/div>\n<\/div><\/section><\/div>\n\n\n\n<div class=\"section-wrapper\" data-id=\"aGPrMV\"><section class=\"wp-block-gutenverse-section guten-element guten-section guten-aGPrMV animated guten-element-hide slow desktop-bounceInLeft layout-boxed align-stretch\"><div class=\"guten-container guten-column-gap-default\">\n<div class=\"wp-block-gutenverse-column guten-element guten-column guten-yK8Cuq\"><div class=\"guten-column-wrapper\" data-id=\"yK8Cuq\">\n<div class=\"guten-element guten-wrap-helper no-margin guten-YwgoMx block\"><div class=\"guten-inner-wrap\" data-id=\"YwgoMx\">\n<p aria-label=\"Coverage of costs depends on your health insurance and the type of treatment. I am happy to discuss the details with you individually during a personal consultation.\" class=\"guten-element gutenverse-text guten-UjXiXJ\">Address<\/p>\n<\/div><\/div>\n<\/div><\/div>\n\n\n\n<div class=\"wp-block-gutenverse-column guten-element guten-column guten-iM0ZCf\"><div class=\"guten-column-wrapper\" data-id=\"iM0ZCf\">\n<div class=\"guten-element guten-icon-list guten-5tUCh4\"><div class=\"list-wrapper inline-icon-list\">\n<div class=\"guten-element guten-icon-list-item guten-F22pgR\"><div class=\"list-divider\"><\/div><a id=\"guten-F22pgR\" aria-label=\"EMail\"><i class=\"fas fa-map-marker-alt\"><\/i><span class=\"list-text\">Gr\u00fcnwalderstra\u00dfe 49, 81547 M\u00fcnchen<\/span><\/a><\/div>\n<\/div><\/div>\n<\/div><\/div>\n<\/div><\/section><\/div>\n\n\n\n<div class=\"section-wrapper\" data-id=\"jc9b73\"><section class=\"wp-block-gutenverse-section guten-element guten-section guten-jc9b73 animated guten-element-hide slow desktop-bounceInRight layout-boxed align-stretch\"><div class=\"guten-container guten-column-gap-default\">\n<div class=\"wp-block-gutenverse-column guten-element guten-column guten-RUawZ4\"><div class=\"guten-column-wrapper\" data-id=\"RUawZ4\">\n<div class=\"guten-element guten-wrap-helper no-margin guten-GUEpMo block\"><div class=\"guten-inner-wrap\" data-id=\"GUEpMo\">\n<p aria-label=\"Coverage of costs depends on your health insurance and the type of treatment. I am happy to discuss the details with you individually during a personal consultation.\" class=\"guten-element gutenverse-text guten-Skpfsa\">Social Media<\/p>\n<\/div><\/div>\n<\/div><\/div>\n\n\n\n<div class=\"wp-block-gutenverse-column guten-element guten-column guten-tdV7ju\"><div class=\"guten-column-wrapper\" data-id=\"tdV7ju\">\n<div class=\"guten-element guten-social-icons guten-no6FJx rounded horizontal custom\">\n<div class=\"guten-element guten-social-icon guten-jCCBKN instagram\"><a id=\"guten-jCCBKN\" href=\"https:\/\/www.instagram.com\/physiopregler\/\" target=\"_blank\" rel=\"noreferrer noopener\"><i class=\"gtn gtn-instagram-1-light\"><\/i><\/a><\/div>\n\n\n\n<div class=\"guten-element guten-social-icon guten-zJBQas whatsapp\"><a id=\"guten-zJBQas\" href=\"https:\/\/wa.me\/4917632968761?text=Hello,%0A\" target=\"_blank\" rel=\"noreferrer noopener\"><i class=\"fab fa-whatsapp\"><\/i><\/a><\/div>\n<\/div>\n<\/div><\/div>\n<\/div><\/section><\/div>\n<\/div><\/div>\n<\/div><\/section><\/div>\n<\/div><\/div>\n<\/div><\/section><\/div>\n<\/div><\/div>\n<\/div><\/section><\/div>\n\n\n\n<div class=\"section-wrapper\" data-id=\"nIEF7S\"><section class=\"wp-block-gutenverse-section guten-element guten-section guten-nIEF7S layout-boxed align-stretch\"><div class=\"guten-container guten-column-gap-default\">\n<div class=\"wp-block-gutenverse-column guten-element guten-column guten-iBVK8X\"><div class=\"guten-column-wrapper\" data-id=\"iBVK8X\">\n<div class=\"guten-element guten-wrap-helper no-margin guten-lDG49I block\"><div class=\"guten-inner-wrap\" data-id=\"lDG49I\">\n<p aria-label=\"Coverage of costs depends on your health insurance and the type of treatment. I am happy to discuss the details with you individually during a personal consultation.\" class=\"guten-element gutenverse-text guten-NTiKbA\">My Methodology<\/p>\n<\/div><\/div>\n\n\n\n<h2 class=\"wp-block-gutenverse-heading guten-element guten-Oosf4Q\">My Methodology<\/h2>\n\n\n\n<div class=\"section-wrapper\" data-id=\"RcDroV\"><section class=\"wp-block-gutenverse-section guten-element guten-section guten-RcDroV layout-fullwidth align-stretch\"><div class=\"guten-container guten-column-gap-narrow\">\n<div class=\"wp-block-gutenverse-column guten-element guten-column guten-fBRQaT\"><div class=\"guten-column-wrapper\" data-id=\"fBRQaT\">\n<p aria-label=\"Coverage of costs depends on your health insurance and the type of treatment. I am happy to discuss the details with you individually during a personal consultation.\" class=\"guten-element gutenverse-text guten-1g0ADB\">In my daily practice, I place high value on clear structure, a calm atmosphere, and a precise analysis of your symptoms.<br><br>Every therapy is based on an individual assessment and a transparent treatment plan. I combine manual techniques with active exercises to achieve sustainable, long-term results.<br><br>A partnership built on trust is central to my work\u2014because long-term improvement grows from clarity, consistency, and shared goals.<\/p>\n<\/div><\/div>\n<\/div><\/section><\/div>\n<\/div><\/div>\n<\/div><\/section><\/div>\n\n\n\n<div class=\"section-wrapper\" data-id=\"qTLaLz\"><section class=\"wp-block-gutenverse-section guten-element guten-section guten-qTLaLz layout-boxed align-stretch\"><div class=\"guten-container guten-column-gap-default\">\n<div class=\"wp-block-gutenverse-column guten-element guten-column guten-dm6lRj\"><div class=\"guten-column-wrapper\" data-id=\"dm6lRj\">\n<div class=\"guten-element guten-wrap-helper no-margin guten-TAxhcW block\"><div class=\"guten-inner-wrap\" data-id=\"TAxhcW\">\n<p aria-label=\"Coverage of costs depends on your health insurance and the type of treatment. I am happy to discuss the details with you individually during a personal consultation.\" class=\"guten-element gutenverse-text guten-7HduB0\"><strong>Education<\/strong><\/p>\n<\/div><\/div>\n\n\n\n<div class=\"section-wrapper\" data-id=\"xjPqow\"><section class=\"wp-block-gutenverse-section guten-element guten-section guten-xjPqow layout-boxed align-stretch\"><div class=\"guten-container guten-column-gap-default\">\n<div class=\"wp-block-gutenverse-column guten-element guten-column guten-BgLmwf\"><div class=\"guten-column-wrapper\" data-id=\"BgLmwf\">\n<div class=\"guten-element guten-wrap-helper no-margin guten-8j24pC block\"><div class=\"guten-inner-wrap\" data-id=\"8j24pC\">\n<p aria-label=\"Coverage of costs depends on your health insurance and the type of treatment. I am happy to discuss the details with you individually during a personal consultation.\" class=\"guten-element gutenverse-text guten-0chcCc\">2017 &#8211; 2020<\/p>\n<\/div><\/div>\n\n\n\n<h4 class=\"wp-block-gutenverse-heading guten-element guten-jKVEEU\"><strong>STATE VOCATION SCHOOL OF PHYSIOTHERAPY AT THE LMU UNIVERSITY HOSPITAL GRO\u00dfHADERN<\/strong><\/h4>\n\n\n\n<div class=\"section-wrapper\" data-id=\"ojUwoW\"><section class=\"wp-block-gutenverse-section guten-element guten-section guten-ojUwoW layout-fullwidth align-stretch\"><div class=\"guten-container guten-column-gap-narrow\">\n<div class=\"wp-block-gutenverse-column guten-element guten-column guten-dcBAOQ\"><div class=\"guten-column-wrapper\" data-id=\"dcBAOQ\">\n<p aria-label=\"Coverage of costs depends on your health insurance and the type of treatment. I am happy to discuss the details with you individually during a personal consultation.\" class=\"guten-element gutenverse-text guten-G1zXwB\">Graduated as a state-certified physiotherapist from the University of Munich Hospital \u2013 Gro\u00dfhadern.<\/p>\n<\/div><\/div>\n<\/div><\/section><\/div>\n<\/div><\/div>\n\n\n\n<div class=\"wp-block-gutenverse-column guten-element guten-column guten-hkz5YZ\"><div class=\"guten-column-wrapper\" data-id=\"hkz5YZ\">\n<div class=\"guten-element guten-wrap-helper no-margin guten-ulvsgR block\"><div class=\"guten-inner-wrap\" data-id=\"ulvsgR\">\n<p aria-label=\"Coverage of costs depends on your health insurance and the type of treatment. I am happy to discuss the details with you individually during a personal consultation.\" class=\"guten-element gutenverse-text guten-jOc1sB\">2018 &#8211; 2021<\/p>\n<\/div><\/div>\n\n\n\n<h4 class=\"wp-block-gutenverse-heading guten-element guten-oQXjW0\">Ostbayerische Technische Hochschule Regensburg <\/h4>\n\n\n\n<div class=\"section-wrapper\" data-id=\"qGEHVF\"><section class=\"wp-block-gutenverse-section guten-element guten-section guten-qGEHVF layout-fullwidth align-stretch\"><div class=\"guten-container guten-column-gap-narrow\">\n<div class=\"wp-block-gutenverse-column guten-element guten-column guten-4wecYg\"><div class=\"guten-column-wrapper\" data-id=\"4wecYg\">\n<p aria-label=\"Coverage of costs depends on your health insurance and the type of treatment. I am happy to discuss the details with you individually during a personal consultation.\" class=\"guten-element gutenverse-text guten-96L5Vh\">Degree in Physiotherapy <\/p>\n<\/div><\/div>\n<\/div><\/section><\/div>\n<\/div><\/div>\n<\/div><\/section><\/div>\n<\/div><\/div>\n<\/div><\/section><\/div>\n\n\n\n<div class=\"section-wrapper\" data-id=\"aOBLMa\"><section class=\"wp-block-gutenverse-section guten-element guten-section guten-aOBLMa layout-boxed align-stretch\"><div class=\"guten-container guten-column-gap-default\">\n<div class=\"wp-block-gutenverse-column guten-element guten-column guten-keGIgf\"><div class=\"guten-column-wrapper\" data-id=\"keGIgf\">\n<div class=\"guten-element guten-wrap-helper no-margin guten-auXLZ0 block\"><div class=\"guten-inner-wrap\" data-id=\"auXLZ0\">\n<p aria-label=\"Coverage of costs depends on your health insurance and the type of treatment. I am happy to discuss the details with you individually during a personal consultation.\" class=\"guten-element gutenverse-text guten-d71IyE\"><strong>Qualifications<\/strong><\/p>\n<\/div><\/div>\n\n\n\n<div class=\"section-wrapper\" data-id=\"Pr6cyZ\"><section class=\"wp-block-gutenverse-section guten-element guten-section guten-Pr6cyZ layout-boxed align-stretch\"><div class=\"guten-container guten-column-gap-default\">\n<div class=\"wp-block-gutenverse-column guten-element guten-column guten-6XiwVT\"><div class=\"guten-column-wrapper\" data-id=\"6XiwVT\">\n<div class=\"guten-element guten-wrap-helper no-margin guten-OAYqvw block\"><div class=\"guten-inner-wrap\" data-id=\"OAYqvw\">\n<p aria-label=\"Coverage of costs depends on your health insurance and the type of treatment. I am happy to discuss the details with you individually during a personal consultation.\" class=\"guten-element gutenverse-text guten-HnLTjU\">2024<\/p>\n<\/div><\/div>\n\n\n\n<div class=\"section-wrapper\" data-id=\"cNSuVh\"><section class=\"wp-block-gutenverse-section guten-element guten-section guten-cNSuVh layout-fullwidth align-stretch\"><div class=\"guten-container guten-column-gap-narrow\">\n<div class=\"wp-block-gutenverse-column guten-element guten-column guten-CdhQZ8\"><div class=\"guten-column-wrapper\" data-id=\"CdhQZ8\">\n<p aria-label=\"Coverage of costs depends on your health insurance and the type of treatment. I am happy to discuss the details with you individually during a personal consultation.\" class=\"guten-element gutenverse-text guten-gPdsdL\">Certification in Vagus Nerve Therapy and Training (2024)<\/p>\n<\/div><\/div>\n<\/div><\/section><\/div>\n<\/div><\/div>\n<\/div><\/section><\/div>\n\n\n\n<div class=\"section-wrapper\" data-id=\"DQqf8U\"><section class=\"wp-block-gutenverse-section guten-element guten-section guten-DQqf8U layout-boxed align-stretch\"><div class=\"guten-container guten-column-gap-default\">\n<div class=\"wp-block-gutenverse-column guten-element guten-column guten-8BpijU\"><div class=\"guten-column-wrapper\" data-id=\"8BpijU\">\n<div class=\"guten-element guten-wrap-helper no-margin guten-wNNuYZ block\"><div class=\"guten-inner-wrap\" data-id=\"wNNuYZ\">\n<p aria-label=\"Coverage of costs depends on your health insurance and the type of treatment. I am happy to discuss the details with you individually during a personal consultation.\" class=\"guten-element gutenverse-text guten-Ydar2j\">2022-2023<\/p>\n<\/div><\/div>\n\n\n\n<div class=\"section-wrapper\" data-id=\"OnZ6m8\"><section class=\"wp-block-gutenverse-section guten-element guten-section guten-OnZ6m8 layout-fullwidth align-stretch\"><div class=\"guten-container guten-column-gap-narrow\">\n<div class=\"wp-block-gutenverse-column guten-element guten-column guten-BrzL1C\"><div class=\"guten-column-wrapper\" data-id=\"BrzL1C\">\n<p aria-label=\"Coverage of costs depends on your health insurance and the type of treatment. I am happy to discuss the details with you individually during a personal consultation.\" class=\"guten-element gutenverse-text guten-w6xzRM\">Certificate in Manual Therapy Level 2a<\/p>\n<\/div><\/div>\n<\/div><\/section><\/div>\n<\/div><\/div>\n\n\n\n<div class=\"wp-block-gutenverse-column guten-element guten-column guten-kO1I9k\"><div class=\"guten-column-wrapper\" data-id=\"kO1I9k\">\n<div class=\"guten-element guten-wrap-helper no-margin guten-md4jux block\"><div class=\"guten-inner-wrap\" data-id=\"md4jux\">\n<p aria-label=\"Coverage of costs depends on your health insurance and the type of treatment. I am happy to discuss the details with you individually during a personal consultation.\" class=\"guten-element gutenverse-text guten-h8KhHs\">2021-2022<\/p>\n<\/div><\/div>\n\n\n\n<div class=\"section-wrapper\" data-id=\"FRIadk\"><section class=\"wp-block-gutenverse-section guten-element guten-section guten-FRIadk layout-fullwidth align-stretch\"><div class=\"guten-container guten-column-gap-narrow\">\n<div class=\"wp-block-gutenverse-column guten-element guten-column guten-zmXUUJ\"><div class=\"guten-column-wrapper\" data-id=\"zmXUUJ\">\n<p aria-label=\"Coverage of costs depends on your health insurance and the type of treatment. I am happy to discuss the details with you individually during a personal consultation.\" class=\"guten-element gutenverse-text guten-mawJlz\">Manual Therapy Level 1<\/p>\n<\/div><\/div>\n<\/div><\/section><\/div>\n<\/div><\/div>\n<\/div><\/section><\/div>\n\n\n\n<div class=\"section-wrapper\" data-id=\"EkwQRT\"><section class=\"wp-block-gutenverse-section guten-element guten-section guten-EkwQRT layout-boxed align-stretch\"><div class=\"guten-container guten-column-gap-default\">\n<div class=\"wp-block-gutenverse-column guten-element guten-column guten-0Vintx\"><div class=\"guten-column-wrapper\" data-id=\"0Vintx\">\n<div class=\"guten-element guten-wrap-helper no-margin guten-CqljlR block\"><div class=\"guten-inner-wrap\" data-id=\"CqljlR\">\n<p aria-label=\"Coverage of costs depends on your health insurance and the type of treatment. I am happy to discuss the details with you individually during a personal consultation.\" class=\"guten-element gutenverse-text guten-0ijhJy\">2020<\/p>\n<\/div><\/div>\n\n\n\n<div class=\"section-wrapper\" data-id=\"hAJb5p\"><section class=\"wp-block-gutenverse-section guten-element guten-section guten-hAJb5p layout-fullwidth align-stretch\"><div class=\"guten-container guten-column-gap-narrow\">\n<div class=\"wp-block-gutenverse-column guten-element guten-column guten-4rG47v\"><div class=\"guten-column-wrapper\" data-id=\"4rG47v\">\n<p aria-label=\"Coverage of costs depends on your health insurance and the type of treatment. I am happy to discuss the details with you individually during a personal consultation.\" class=\"guten-element gutenverse-text guten-Q7uQu4\">Manual lymphatic drainage \/ Complex physical decongestive therapy<\/p>\n<\/div><\/div>\n<\/div><\/section><\/div>\n<\/div><\/div>\n<\/div><\/section><\/div>\n\n\n\n<div class=\"section-wrapper\" data-id=\"xMCg4c\"><section class=\"wp-block-gutenverse-section guten-element guten-section guten-xMCg4c layout-boxed align-stretch\"><div class=\"guten-container guten-column-gap-default\"><\/div><\/section><\/div>\n<\/div><\/div>\n<\/div><\/section><\/div>\n\n\n\n<div class=\"section-wrapper\" data-id=\"I9SsZa\"><section class=\"wp-block-gutenverse-section guten-element guten-section guten-I9SsZa layout-boxed align-stretch\"><div class=\"guten-container guten-column-gap-default\">\n<div class=\"wp-block-gutenverse-column guten-element guten-column guten-klbfZ3\"><div class=\"guten-column-wrapper\" data-id=\"klbfZ3\">\n<div class=\"guten-element guten-wrap-helper no-margin guten-BjGgK7 block\"><div class=\"guten-inner-wrap\" data-id=\"BjGgK7\">\n<p aria-label=\"Coverage of costs depends on your health insurance and the type of treatment. I am happy to discuss the details with you individually during a personal consultation.\" class=\"guten-element gutenverse-text guten-Uw7na0\">My Treatment Philosophy<\/p>\n<\/div><\/div>\n\n\n\n<h2 class=\"wp-block-gutenverse-heading guten-element guten-IUz0cm\">My Treatment Philosophy<\/h2>\n\n\n\n<div class=\"section-wrapper\" data-id=\"cpzSvW\"><section class=\"wp-block-gutenverse-section guten-element guten-section guten-cpzSvW layout-fullwidth align-stretch\"><div class=\"guten-container guten-column-gap-narrow\">\n<div class=\"wp-block-gutenverse-column guten-element guten-column guten-Xm5YYO\"><div class=\"guten-column-wrapper\" data-id=\"Xm5YYO\">\n<p aria-label=\"Coverage of costs depends on your health insurance and the type of treatment. I am happy to discuss the details with you individually during a personal consultation.\" class=\"guten-element gutenverse-text guten-UDPUKe\">My work is evidence-based, functional, and goal-oriented. Each treatment begins with a careful analysis of your symptoms, movement patterns, and physical limits.<br><br>I combine manual techniques with active therapy to achieve not just short-term relief, but lasting stability.<\/p>\n<\/div><\/div>\n<\/div><\/section><\/div>\n<\/div><\/div>\n<\/div><\/section><\/div>\n\n\n\n<div class=\"section-wrapper\" data-id=\"dSJeMT\"><section class=\"wp-block-gutenverse-section guten-element guten-section guten-dSJeMT layout-boxed align-stretch\"><div class=\"guten-container guten-column-gap-default\">\n<div class=\"wp-block-gutenverse-column guten-element guten-column guten-rxudOV\"><div class=\"guten-column-wrapper\" data-id=\"rxudOV\">\n<div class=\"guten-element guten-wrap-helper no-margin guten-0maD9x block\"><div class=\"guten-inner-wrap\" data-id=\"0maD9x\">\n<p aria-label=\"Coverage of costs depends on your health insurance and the type of treatment. I am happy to discuss the details with you individually during a personal consultation.\" class=\"guten-element gutenverse-text guten-WNsrJG\">Professional Experience<\/p>\n<\/div><\/div>\n\n\n\n<div class=\"section-wrapper\" data-id=\"KzUkPl\"><section class=\"wp-block-gutenverse-section guten-element guten-section guten-KzUkPl layout-fullwidth align-stretch\"><div class=\"guten-container guten-column-gap-narrow\">\n<div class=\"wp-block-gutenverse-column guten-element guten-column guten-21889F\"><div class=\"guten-column-wrapper\" data-id=\"21889F\">\n<div class=\"section-wrapper\" data-id=\"tB1ahF\"><section class=\"wp-block-gutenverse-section guten-element guten-section guten-tB1ahF layout-boxed align-stretch\"><div class=\"guten-container guten-column-gap-default\">\n<div class=\"wp-block-gutenverse-column guten-element guten-column guten-igGdI2\"><div class=\"guten-column-wrapper\" data-id=\"igGdI2\">\n<div class=\"guten-element guten-wrap-helper no-margin guten-MPfQ9K block\"><div class=\"guten-inner-wrap\" data-id=\"MPfQ9K\">\n<p aria-label=\"Coverage of costs depends on your health insurance and the type of treatment. I am happy to discuss the details with you individually during a personal consultation.\" class=\"guten-element gutenverse-text guten-moLs2K\">2022 &#8211; 2024<\/p>\n<\/div><\/div>\n\n\n\n<h5 class=\"wp-block-gutenverse-heading guten-element guten-5VlTii\"><strong>PHYSIOTHERAPIST AT PRIVATE PHZSIOTHERAPY GRIESBACH, MUNICH<\/strong><\/h5>\n\n\n\n<div class=\"section-wrapper\" data-id=\"mKO4gt\"><section class=\"wp-block-gutenverse-section guten-element guten-section guten-mKO4gt layout-fullwidth align-stretch\"><div class=\"guten-container guten-column-gap-narrow\">\n<div class=\"wp-block-gutenverse-column guten-element guten-column guten-DpM20v\"><div class=\"guten-column-wrapper\" data-id=\"DpM20v\">\n<p aria-label=\"Coverage of costs depends on your health insurance and the type of treatment. I am happy to discuss the details with you individually during a personal consultation.\" class=\"guten-element gutenverse-text guten-7Jgfh0\">Physiotherapeutische Behandlung im orthop\u00e4disch\/chirurgischen und rehabilitativen Bereich. Organisation von Therapieabl\u00e4ufen sowie Einblick in Abrechnung und Praxismanagement.<\/p>\n<\/div><\/div>\n<\/div><\/section><\/div>\n<\/div><\/div>\n<\/div><\/section><\/div>\n\n\n\n<div class=\"section-wrapper\" data-id=\"uBMkin\"><section class=\"wp-block-gutenverse-section guten-element guten-section guten-uBMkin layout-boxed align-stretch\"><div class=\"guten-container guten-column-gap-default\">\n<div class=\"wp-block-gutenverse-column guten-element guten-column guten-5m5tJX\"><div class=\"guten-column-wrapper\" data-id=\"5m5tJX\">\n<div class=\"guten-element guten-wrap-helper no-margin guten-1ujhMA block\"><div class=\"guten-inner-wrap\" data-id=\"1ujhMA\">\n<p aria-label=\"Coverage of costs depends on your health insurance and the type of treatment. I am happy to discuss the details with you individually during a personal consultation.\" class=\"guten-element gutenverse-text guten-iqzdNC\">2020 &#8211; 2022<\/p>\n<\/div><\/div>\n\n\n\n<h5 class=\"wp-block-gutenverse-heading guten-element guten-gGmqkV\"><strong><strong><strong><strong>PHYSIOTHERAPIST AT SKYLINE TRAINING TRERAPIE, MUNICH 2020-2022<\/strong><\/strong><\/strong><\/strong><\/h5>\n\n\n\n<div class=\"section-wrapper\" data-id=\"L6Iads\"><section class=\"wp-block-gutenverse-section guten-element guten-section guten-L6Iads layout-fullwidth align-stretch\"><div class=\"guten-container guten-column-gap-narrow\">\n<div class=\"wp-block-gutenverse-column guten-element guten-column guten-Pkwy5a\"><div class=\"guten-column-wrapper\" data-id=\"Pkwy5a\">\n<p aria-label=\"Coverage of costs depends on your health insurance and the type of treatment. I am happy to discuss the details with you individually during a personal consultation.\" class=\"guten-element gutenverse-text guten-hBIjVb\">Physiotherapeutische Betreuung von Patient*innen im Trainings- und Therapiebereich sowie organisatorische Aufgaben im Praxisalltag.<\/p>\n<\/div><\/div>\n<\/div><\/section><\/div>\n<\/div><\/div>\n<\/div><\/section><\/div>\n<\/div><\/div>\n<\/div><\/section><\/div>\n<\/div><\/div>\n<\/div><\/section><\/div>\n\n\n\n<div class=\"section-wrapper\" data-id=\"m63sWB\"><section class=\"wp-block-gutenverse-section guten-element guten-section guten-m63sWB layout-boxed align-stretch\"><div class=\"guten-container guten-column-gap-default\">\n<div class=\"wp-block-gutenverse-column guten-element guten-column guten-LJ8L75\"><div class=\"guten-column-wrapper\" data-id=\"LJ8L75\">\n<div class=\"guten-element guten-wrap-helper no-margin guten-a8KVqt block\"><div class=\"guten-inner-wrap\" data-id=\"a8KVqt\">\n<p aria-label=\"Coverage of costs depends on your health insurance and the type of treatment. I am happy to discuss the details with you individually during a personal consultation.\" class=\"guten-element gutenverse-text guten-Q5frpS\">Appointments<\/p>\n<\/div><\/div>\n\n\n\n<h2 class=\"wp-block-gutenverse-heading guten-element guten-70r4iK\">Request an appointment online<\/h2>\n\n\n\n<div class=\"section-wrapper\" data-id=\"Ec5nKD\"><section class=\"wp-block-gutenverse-section guten-element guten-section guten-Ec5nKD layout-fullwidth align-stretch\"><div class=\"guten-container guten-column-gap-narrow\">\n<div class=\"wp-block-gutenverse-column guten-element guten-column guten-Kclwpo\"><div class=\"guten-column-wrapper\" data-id=\"Kclwpo\">\n<p aria-label=\"Coverage of costs depends on your health insurance and the type of treatment. I am happy to discuss the details with you individually during a personal consultation.\" class=\"guten-element gutenverse-text guten-5Wf6va\">To schedule an appointment, please use the button below. There you will find all the steps for booking, along with an overview of the most important information.<\/p>\n\n\n\n<div class=\"guten-element guten-button-wrapper guten-ah7Aw3\"><a class=\"guten-button guten-button-md\" href=\"https:\/\/physiotherapie-pregler.de\/en\/kontakt\/\"><span>Request an appointment online<\/span><i class=\"fa-lg far fa-calendar-alt\"><\/i><\/a><\/div>\n<\/div><\/div>\n<\/div><\/section><\/div>\n<\/div><\/div>\n<\/div><\/section><\/div>\n\n\n\n<div class=\"section-wrapper\" data-id=\"OZdHRl\"><section class=\"wp-block-gutenverse-section guten-element guten-section guten-OZdHRl layout-boxed align-stretch\"><div class=\"guten-container guten-column-gap-default\">\n<div class=\"wp-block-gutenverse-column guten-element guten-column guten-5KlVPM\"><div class=\"guten-column-wrapper\" data-id=\"5KlVPM\">\n<div class=\"guten-element guten-wrap-helper no-margin guten-i3noCE block\"><div class=\"guten-inner-wrap\" data-id=\"i3noCE\">\n<p aria-label=\"Coverage of costs depends on your health insurance and the type of treatment. I am happy to discuss the details with you individually during a personal consultation.\" class=\"guten-element gutenverse-text guten-Pet1ry\"><strong>Kenntnisse<\/strong><\/p>\n<\/div><\/div>\n\n\n\n<div class=\"section-wrapper\" data-id=\"EnuIrB\"><section class=\"wp-block-gutenverse-section guten-element guten-section guten-EnuIrB layout-boxed align-stretch\"><div class=\"guten-container guten-column-gap-default\">\n<div class=\"wp-block-gutenverse-column guten-element guten-column guten-hKjrdL\"><div class=\"guten-column-wrapper\" data-id=\"hKjrdL\">\n<div class=\"guten-element guten-wrap-helper no-margin guten-JrTd9o block\"><div class=\"guten-inner-wrap\" data-id=\"JrTd9o\">\n<p aria-label=\"Coverage of costs depends on your health insurance and the type of treatment. I am happy to discuss the details with you individually during a personal consultation.\" class=\"guten-element gutenverse-text guten-pnfE9P\">English (C1)<\/p>\n<\/div><\/div>\n<\/div><\/div>\n<\/div><\/section><\/div>\n\n\n\n<div class=\"section-wrapper\" data-id=\"ytMIXz\"><section class=\"wp-block-gutenverse-section guten-element guten-section guten-ytMIXz layout-boxed align-stretch\"><div class=\"guten-container guten-column-gap-default\">\n<div class=\"wp-block-gutenverse-column guten-element guten-column guten-TJPjid\"><div class=\"guten-column-wrapper\" data-id=\"TJPjid\">\n<div class=\"guten-element guten-wrap-helper no-margin guten-mt5FVs block\"><div class=\"guten-inner-wrap\" data-id=\"mt5FVs\">\n<p aria-label=\"Coverage of costs depends on your health insurance and the type of treatment. I am happy to discuss the details with you individually during a personal consultation.\" class=\"guten-element gutenverse-text guten-K46IvO\">Spanish (A1)<\/p>\n<\/div><\/div>\n<\/div><\/div>\n<\/div><\/section><\/div>\n<\/div><\/div>\n<\/div><\/section><\/div>","protected":false},"excerpt":{"rendered":"","protected":false},"author":1,"featured_media":0,"parent":0,"menu_order":0,"comment_status":"closed","ping_status":"closed","template":"","meta":{"nf_dc_page":"","footnotes":""},"class_list":["post-30","page","type-page","status-publish","hentry"],"yoast_head":"<!-- This site is optimized with the Yoast SEO plugin v27.3 - https:\/\/yoast.com\/product\/yoast-seo-wordpress\/ -->\n<title>Pamina Pregler \u2013 Physiotherapeutin in M\u00fcnchen \u2013 Privatpraxis<\/title>\n<meta name=\"description\" content=\"Pamina Pregler \u2013 Physiotherapeutin in M\u00fcnchen. Individuelle und evidenzbasierte Therapie in privater Atmosph\u00e4re. Termin online anfragen.\" \/>\n<meta name=\"robots\" content=\"index, follow, max-snippet:-1, max-image-preview:large, max-video-preview:-1\" \/>\n<link rel=\"canonical\" href=\"https:\/\/physiotherapie-pregler.de\/en\/ueber-mich\/\" \/>\n<meta property=\"og:locale\" content=\"en_US\" \/>\n<meta property=\"og:type\" content=\"article\" \/>\n<meta property=\"og:title\" content=\"Pamina Pregler \u2013 Physiotherapeutin in M\u00fcnchen \u2013 Privatpraxis\" \/>\n<meta property=\"og:description\" content=\"Pamina Pregler \u2013 Physiotherapeutin in M\u00fcnchen. Individuelle und evidenzbasierte Therapie in privater Atmosph\u00e4re. Termin online anfragen.\" \/>\n<meta property=\"og:url\" content=\"https:\/\/physiotherapie-pregler.de\/en\/ueber-mich\/\" \/>\n<meta property=\"og:site_name\" content=\"Private Physiotherapie Pregler\" \/>\n<meta property=\"article:modified_time\" content=\"2026-04-20T07:18:09+00:00\" \/>\n<meta property=\"og:image\" content=\"https:\/\/physiotherapie-pregler.de\/wp-content\/uploads\/2025\/08\/Contact-Us-Hero-Pregler.webp\" \/>\n\t<meta property=\"og:image:width\" content=\"1920\" \/>\n\t<meta property=\"og:image:height\" content=\"1080\" \/>\n\t<meta property=\"og:image:type\" content=\"image\/webp\" \/>\n<meta name=\"twitter:card\" content=\"summary_large_image\" \/>\n<meta name=\"twitter:label1\" content=\"Est. reading time\" \/>\n\t<meta name=\"twitter:data1\" content=\"3 minutes\" \/>\n<script type=\"application\/ld+json\" class=\"yoast-schema-graph\">{\"@context\":\"https:\\\/\\\/schema.org\",\"@graph\":[{\"@type\":[\"WebPage\",\"AboutPage\"],\"@id\":\"https:\\\/\\\/physiotherapie-pregler.de\\\/ueber-mich\\\/\",\"url\":\"https:\\\/\\\/physiotherapie-pregler.de\\\/ueber-mich\\\/\",\"name\":\"Pamina Pregler \u2013 Physiotherapeutin in M\u00fcnchen \u2013 Privatpraxis\",\"isPartOf\":{\"@id\":\"https:\\\/\\\/rzu.upx.mybluehost.me\\\/#website\"},\"primaryImageOfPage\":{\"@id\":\"https:\\\/\\\/physiotherapie-pregler.de\\\/ueber-mich\\\/#primaryimage\"},\"image\":{\"@id\":\"https:\\\/\\\/physiotherapie-pregler.de\\\/ueber-mich\\\/#primaryimage\"},\"thumbnailUrl\":\"https:\\\/\\\/physiotherapie-pregler.de\\\/wp-content\\\/uploads\\\/2025\\\/08\\\/Contact-Us-Hero-Pregler.webp\",\"datePublished\":\"2025-07-07T12:08:08+00:00\",\"dateModified\":\"2026-04-20T07:18:09+00:00\",\"description\":\"Pamina Pregler \u2013 Physiotherapeutin in M\u00fcnchen. Individuelle und evidenzbasierte Therapie in privater Atmosph\u00e4re. Termin online anfragen.\",\"breadcrumb\":{\"@id\":\"https:\\\/\\\/physiotherapie-pregler.de\\\/ueber-mich\\\/#breadcrumb\"},\"inLanguage\":\"en-US\",\"potentialAction\":[{\"@type\":\"ReadAction\",\"target\":[\"https:\\\/\\\/physiotherapie-pregler.de\\\/ueber-mich\\\/\"]}]},{\"@type\":\"ImageObject\",\"inLanguage\":\"en-US\",\"@id\":\"https:\\\/\\\/physiotherapie-pregler.de\\\/ueber-mich\\\/#primaryimage\",\"url\":\"https:\\\/\\\/physiotherapie-pregler.de\\\/wp-content\\\/uploads\\\/2025\\\/08\\\/Contact-Us-Hero-Pregler.webp\",\"contentUrl\":\"https:\\\/\\\/physiotherapie-pregler.de\\\/wp-content\\\/uploads\\\/2025\\\/08\\\/Contact-Us-Hero-Pregler.webp\"},{\"@type\":\"BreadcrumbList\",\"@id\":\"https:\\\/\\\/physiotherapie-pregler.de\\\/ueber-mich\\\/#breadcrumb\",\"itemListElement\":[{\"@type\":\"ListItem\",\"position\":1,\"name\":\"Home\",\"item\":\"https:\\\/\\\/physiotherapie-pregler.de\\\/\"},{\"@type\":\"ListItem\",\"position\":2,\"name\":\"\u00dcber Mich\"}]},{\"@type\":\"WebSite\",\"@id\":\"https:\\\/\\\/rzu.upx.mybluehost.me\\\/#website\",\"url\":\"https:\\\/\\\/rzu.upx.mybluehost.me\\\/\",\"name\":\"Private Physiotherapie Pregler\",\"description\":\"PRIVATE PHYSIOTHERAPIE PREGLER\",\"publisher\":{\"@id\":\"https:\\\/\\\/rzu.upx.mybluehost.me\\\/#organization\"},\"alternateName\":\"Private Physiotherapie Pregler\",\"potentialAction\":[{\"@type\":\"SearchAction\",\"target\":{\"@type\":\"EntryPoint\",\"urlTemplate\":\"https:\\\/\\\/rzu.upx.mybluehost.me\\\/?s={search_term_string}\"},\"query-input\":{\"@type\":\"PropertyValueSpecification\",\"valueRequired\":true,\"valueName\":\"search_term_string\"}}],\"inLanguage\":\"en-US\"},{\"@type\":\"Organization\",\"@id\":\"https:\\\/\\\/rzu.upx.mybluehost.me\\\/#organization\",\"name\":\"Private Physiotherapie Pregler\",\"alternateName\":\"Private Physiotherapie Pregler\",\"url\":\"https:\\\/\\\/rzu.upx.mybluehost.me\\\/\",\"logo\":{\"@type\":\"ImageObject\",\"inLanguage\":\"en-US\",\"@id\":\"https:\\\/\\\/rzu.upx.mybluehost.me\\\/#\\\/schema\\\/logo\\\/image\\\/\",\"url\":\"https:\\\/\\\/physiotherapie-pregler.de\\\/wp-content\\\/uploads\\\/2025\\\/07\\\/Physiotherapie-Pregler-Logo-Green.webp\",\"contentUrl\":\"https:\\\/\\\/physiotherapie-pregler.de\\\/wp-content\\\/uploads\\\/2025\\\/07\\\/Physiotherapie-Pregler-Logo-Green.webp\",\"width\":512,\"height\":512,\"caption\":\"Private Physiotherapie Pregler\"},\"image\":{\"@id\":\"https:\\\/\\\/rzu.upx.mybluehost.me\\\/#\\\/schema\\\/logo\\\/image\\\/\"},\"sameAs\":[\"https:\\\/\\\/www.instagram.com\\\/physiopregler\\\/\"]}]}<\/script>\n<!-- \/ Yoast SEO plugin. -->","yoast_head_json":{"title":"Pamina Pregler \u2013 Physiotherapeutin in M\u00fcnchen \u2013 Privatpraxis","description":"Pamina Pregler \u2013 Physiotherapeutin in M\u00fcnchen. Individuelle und evidenzbasierte Therapie in privater Atmosph\u00e4re. Termin online anfragen.","robots":{"index":"index","follow":"follow","max-snippet":"max-snippet:-1","max-image-preview":"max-image-preview:large","max-video-preview":"max-video-preview:-1"},"canonical":"https:\/\/physiotherapie-pregler.de\/en\/ueber-mich\/","og_locale":"en_US","og_type":"article","og_title":"Pamina Pregler \u2013 Physiotherapeutin in M\u00fcnchen \u2013 Privatpraxis","og_description":"Pamina Pregler \u2013 Physiotherapeutin in M\u00fcnchen. Individuelle und evidenzbasierte Therapie in privater Atmosph\u00e4re. Termin online anfragen.","og_url":"https:\/\/physiotherapie-pregler.de\/en\/ueber-mich\/","og_site_name":"Private Physiotherapie Pregler","article_modified_time":"2026-04-20T07:18:09+00:00","og_image":[{"width":1920,"height":1080,"url":"https:\/\/physiotherapie-pregler.de\/wp-content\/uploads\/2025\/08\/Contact-Us-Hero-Pregler.webp","type":"image\/webp"}],"twitter_card":"summary_large_image","twitter_misc":{"Est. reading time":"3 minutes"},"schema":{"@context":"https:\/\/schema.org","@graph":[{"@type":["WebPage","AboutPage"],"@id":"https:\/\/physiotherapie-pregler.de\/ueber-mich\/","url":"https:\/\/physiotherapie-pregler.de\/ueber-mich\/","name":"Pamina Pregler \u2013 Physiotherapeutin in M\u00fcnchen \u2013 Privatpraxis","isPartOf":{"@id":"https:\/\/rzu.upx.mybluehost.me\/#website"},"primaryImageOfPage":{"@id":"https:\/\/physiotherapie-pregler.de\/ueber-mich\/#primaryimage"},"image":{"@id":"https:\/\/physiotherapie-pregler.de\/ueber-mich\/#primaryimage"},"thumbnailUrl":"https:\/\/physiotherapie-pregler.de\/wp-content\/uploads\/2025\/08\/Contact-Us-Hero-Pregler.webp","datePublished":"2025-07-07T12:08:08+00:00","dateModified":"2026-04-20T07:18:09+00:00","description":"Pamina Pregler \u2013 Physiotherapeutin in M\u00fcnchen. Individuelle und evidenzbasierte Therapie in privater Atmosph\u00e4re. Termin online anfragen.","breadcrumb":{"@id":"https:\/\/physiotherapie-pregler.de\/ueber-mich\/#breadcrumb"},"inLanguage":"en-US","potentialAction":[{"@type":"ReadAction","target":["https:\/\/physiotherapie-pregler.de\/ueber-mich\/"]}]},{"@type":"ImageObject","inLanguage":"en-US","@id":"https:\/\/physiotherapie-pregler.de\/ueber-mich\/#primaryimage","url":"https:\/\/physiotherapie-pregler.de\/wp-content\/uploads\/2025\/08\/Contact-Us-Hero-Pregler.webp","contentUrl":"https:\/\/physiotherapie-pregler.de\/wp-content\/uploads\/2025\/08\/Contact-Us-Hero-Pregler.webp"},{"@type":"BreadcrumbList","@id":"https:\/\/physiotherapie-pregler.de\/ueber-mich\/#breadcrumb","itemListElement":[{"@type":"ListItem","position":1,"name":"Home","item":"https:\/\/physiotherapie-pregler.de\/"},{"@type":"ListItem","position":2,"name":"\u00dcber Mich"}]},{"@type":"WebSite","@id":"https:\/\/rzu.upx.mybluehost.me\/#website","url":"https:\/\/rzu.upx.mybluehost.me\/","name":"Pregler Private Physiotherapy","description":"PRIVATE PHYSIOTHERAPIE PREGLER","publisher":{"@id":"https:\/\/rzu.upx.mybluehost.me\/#organization"},"alternateName":"Private Physiotherapie Pregler","potentialAction":[{"@type":"SearchAction","target":{"@type":"EntryPoint","urlTemplate":"https:\/\/rzu.upx.mybluehost.me\/?s={search_term_string}"},"query-input":{"@type":"PropertyValueSpecification","valueRequired":true,"valueName":"search_term_string"}}],"inLanguage":"en-US"},{"@type":"Organization","@id":"https:\/\/rzu.upx.mybluehost.me\/#organization","name":"Pregler Private Physiotherapy","alternateName":"Private Physiotherapie Pregler","url":"https:\/\/rzu.upx.mybluehost.me\/","logo":{"@type":"ImageObject","inLanguage":"en-US","@id":"https:\/\/rzu.upx.mybluehost.me\/#\/schema\/logo\/image\/","url":"https:\/\/physiotherapie-pregler.de\/wp-content\/uploads\/2025\/07\/Physiotherapie-Pregler-Logo-Green.webp","contentUrl":"https:\/\/physiotherapie-pregler.de\/wp-content\/uploads\/2025\/07\/Physiotherapie-Pregler-Logo-Green.webp","width":512,"height":512,"caption":"Private Physiotherapie Pregler"},"image":{"@id":"https:\/\/rzu.upx.mybluehost.me\/#\/schema\/logo\/image\/"},"sameAs":["https:\/\/www.instagram.com\/physiopregler\/"]}]}},"_links":{"self":[{"href":"https:\/\/physiotherapie-pregler.de\/en\/wp-json\/wp\/v2\/pages\/30","targetHints":{"allow":["GET"]}}],"collection":[{"href":"https:\/\/physiotherapie-pregler.de\/en\/wp-json\/wp\/v2\/pages"}],"about":[{"href":"https:\/\/physiotherapie-pregler.de\/en\/wp-json\/wp\/v2\/types\/page"}],"author":[{"embeddable":true,"href":"https:\/\/physiotherapie-pregler.de\/en\/wp-json\/wp\/v2\/users\/1"}],"replies":[{"embeddable":true,"href":"https:\/\/physiotherapie-pregler.de\/en\/wp-json\/wp\/v2\/comments?post=30"}],"version-history":[{"count":20,"href":"https:\/\/physiotherapie-pregler.de\/en\/wp-json\/wp\/v2\/pages\/30\/revisions"}],"predecessor-version":[{"id":1364,"href":"https:\/\/physiotherapie-pregler.de\/en\/wp-json\/wp\/v2\/pages\/30\/revisions\/1364"}],"wp:attachment":[{"href":"https:\/\/physiotherapie-pregler.de\/en\/wp-json\/wp\/v2\/media?parent=30"}],"curies":[{"name":"wp","href":"https:\/\/api.w.org\/{rel}","templated":true}]}}