{"id":537,"date":"2025-07-21T13:42:55","date_gmt":"2025-07-21T11:42:55","guid":{"rendered":"https:\/\/physiotherapie-pregler.de\/?post_type=services&#038;p=537"},"modified":"2026-04-01T14:30:24","modified_gmt":"2026-04-01T12:30:24","slug":"elektrotherapie","status":"publish","type":"services","link":"https:\/\/physiotherapie-pregler.de\/en\/services\/elektrotherapie\/","title":{"rendered":"Electrotherapy (ET)"},"content":{"rendered":"<div class=\"wp-block-cover alignfull\" style=\"padding-top:0px;padding-right:1px;padding-bottom:0px;padding-left:1px;min-height:60vh;aspect-ratio:unset;\"><img decoding=\"async\" width=\"2560\" height=\"1707\" loading=\"lazy\" class=\"wp-block-cover__image-background wp-image-1210 size-full\" alt=\"\" src=\"https:\/\/physiotherapie-pregler.de\/wp-content\/uploads\/2026\/03\/midsection-doctor-with-patient-scaled.jpg\" data-object-fit=\"cover\" srcset=\"https:\/\/physiotherapie-pregler.de\/wp-content\/uploads\/2026\/03\/midsection-doctor-with-patient-scaled.jpg 2560w, https:\/\/physiotherapie-pregler.de\/wp-content\/uploads\/2026\/03\/midsection-doctor-with-patient-300x200.jpg 300w, https:\/\/physiotherapie-pregler.de\/wp-content\/uploads\/2026\/03\/midsection-doctor-with-patient-1024x683.jpg 1024w, https:\/\/physiotherapie-pregler.de\/wp-content\/uploads\/2026\/03\/midsection-doctor-with-patient-768x512.jpg 768w, https:\/\/physiotherapie-pregler.de\/wp-content\/uploads\/2026\/03\/midsection-doctor-with-patient-1536x1024.jpg 1536w, https:\/\/physiotherapie-pregler.de\/wp-content\/uploads\/2026\/03\/midsection-doctor-with-patient-2048x1365.jpg 2048w, https:\/\/physiotherapie-pregler.de\/wp-content\/uploads\/2026\/03\/midsection-doctor-with-patient-18x12.jpg 18w\" sizes=\"auto, (max-width: 2560px) 100vw, 2560px\" \/><span aria-hidden=\"true\" class=\"wp-block-cover__background has-contrast-background-color has-background-dim-60 has-background-dim\"><\/span><div class=\"wp-block-cover__inner-container is-layout-flow wp-block-cover-is-layout-flow\"><\/div><\/div>\n\n\n\n<div class=\"section-wrapper\" data-id=\"Pr6cyZ\"><section class=\"wp-block-gutenverse-section guten-element guten-section guten-Pr6cyZ layout-boxed align-stretch\"><div class=\"guten-container guten-column-gap-default\">\n<div class=\"wp-block-gutenverse-column guten-element guten-column guten-6XiwVT\"><div class=\"guten-column-wrapper\" data-id=\"6XiwVT\">\n<div class=\"guten-element guten-wrap-helper no-margin guten-OAYqvw block\"><div class=\"guten-inner-wrap\" data-id=\"OAYqvw\">\n<p aria-label=\"Coverage of costs depends on your health insurance and the type of treatment. I am happy to discuss the details with you individually during a personal consultation.\" class=\"guten-element gutenverse-text guten-HnLTjU\">What is<\/p>\n<\/div><\/div>\n\n\n\n<h2 class=\"wp-block-gutenverse-heading guten-element guten-p2Mlaq\"><strong>Electrotherapy (ET)<\/strong><\/h2>\n\n\n\n<div class=\"section-wrapper\" data-id=\"cNSuVh\"><section class=\"wp-block-gutenverse-section guten-element guten-section guten-cNSuVh layout-fullwidth align-stretch\"><div class=\"guten-container guten-column-gap-narrow\">\n<div class=\"wp-block-gutenverse-column guten-element guten-column guten-CdhQZ8\"><div class=\"guten-column-wrapper\" data-id=\"CdhQZ8\">\n<p aria-label=\"Coverage of costs depends on your health insurance and the type of treatment. I am happy to discuss the details with you individually during a personal consultation.\" class=\"guten-element gutenverse-text guten-gPdsdL\">Electrotherapy is a physical treatment method that uses targeted electrical currents or impulses to alleviate pain, stimulate muscles, and support the healing process.<br>Depending on your symptoms, different types of currents are used, such as stimulation current, interference current, or TENS. The application is carefully controlled and individually dosed.<br>At my private physiotherapy practice in Munich, I frequently use electrotherapy as a supplement to active measures such as physical therapy or manual therapy.<\/p>\n<\/div><\/div>\n\n\n\n<div class=\"wp-block-gutenverse-column guten-element guten-column guten-ggw4Hu\"><div class=\"guten-column-wrapper\" data-id=\"ggw4Hu\">\n<div class=\"guten-element guten-spacer guten-mKGy9a\"><\/div>\n<\/div><\/div>\n<\/div><\/section><\/div>\n<\/div><\/div>\n<\/div><\/section><\/div>\n\n\n\n<div class=\"section-wrapper\" data-id=\"esOvkQ\"><section class=\"wp-block-gutenverse-section guten-element guten-section guten-esOvkQ layout-boxed align-stretch\"><div class=\"guten-container guten-column-gap-default\">\n<div class=\"wp-block-gutenverse-column guten-element guten-column guten-llGzwF\"><div class=\"guten-column-wrapper\" data-id=\"llGzwF\">\n<div class=\"guten-element guten-wrap-helper no-margin guten-WR5OvD block\"><div class=\"guten-inner-wrap\" data-id=\"WR5OvD\">\n<p aria-label=\"Coverage of costs depends on your health insurance and the type of treatment. I am happy to discuss the details with you individually during a personal consultation.\" class=\"guten-element gutenverse-text guten-1ZVd2a\">Key benefits of<\/p>\n<\/div><\/div>\n\n\n\n<h2 class=\"wp-block-gutenverse-heading guten-element guten-eZ1Nx7\">Electrotherapy<\/h2>\n\n\n\n<div class=\"section-wrapper\" data-id=\"vv8rou\"><section class=\"wp-block-gutenverse-section guten-element guten-section guten-vv8rou layout-fullwidth align-stretch\"><div class=\"guten-container guten-column-gap-narrow\">\n<div class=\"wp-block-gutenverse-column guten-element guten-column guten-thaY08\"><div class=\"guten-column-wrapper\" data-id=\"thaY08\">\n<p aria-label=\"Coverage of costs depends on your health insurance and the type of treatment. I am happy to discuss the details with you individually during a personal consultation.\" class=\"guten-element gutenverse-text guten-D8Hzng\">Electrical impulses can specifically target nerves and muscles. This allows for pain reduction, activation of weakened muscles, and improvement of blood circulation.<\/p>\n<\/div><\/div>\n<\/div><\/section><\/div>\n\n\n\n<div class=\"section-wrapper\" data-id=\"QTIY9z\"><section class=\"wp-block-gutenverse-section guten-element guten-section guten-QTIY9z layout-fullwidth align-stretch\"><div class=\"guten-container guten-column-gap-narrow\">\n<div class=\"wp-block-gutenverse-column guten-element guten-column guten-YHvt5m\"><div class=\"guten-column-wrapper\" data-id=\"YHvt5m\">\n<div class=\"guten-element guten-SvdWXW guten-icon-box icon-position-top\"><div class=\"guten-icon-box-wrapper hover-from-left\"><div class=\"icon-box icon-box-header\"><div class=\"icon bg-style-color\"><i class=\"far fa-user icon-style-color\"><\/i><\/div><\/div><div class=\"icon-box icon-box-body\"><h2 class=\"title\">Pain Relief (Analgesic Effect)<\/h2><p class=\"icon-box-description\">Electrical impulses influence pain transmission in the nervous system and reduce both acute and chronic symptoms.<\/p><\/div><\/div><\/div>\n<\/div><\/div>\n<\/div><\/section><\/div>\n\n\n\n<div class=\"section-wrapper\" data-id=\"QcNn0n\"><section class=\"wp-block-gutenverse-section guten-element guten-section guten-QcNn0n layout-fullwidth align-stretch\"><div class=\"guten-container guten-column-gap-narrow\">\n<div class=\"wp-block-gutenverse-column guten-element guten-column guten-xLhZEy\"><div class=\"guten-column-wrapper\" data-id=\"xLhZEy\">\n<div class=\"guten-element guten-a2fGdZ guten-icon-box icon-position-top\"><div class=\"guten-icon-box-wrapper hover-from-left\"><div class=\"icon-box icon-box-header\"><div class=\"icon bg-style-color\"><i class=\"far fa-user icon-style-color\"><\/i><\/div><\/div><div class=\"icon-box icon-box-body\"><h2 class=\"title\">Improving Blood Circulation<\/h2><p class=\"icon-box-description\">Certain types of current increase local blood flow and support tissue regeneration.<\/p><\/div><\/div><\/div>\n<\/div><\/div>\n<\/div><\/section><\/div>\n\n\n\n<div class=\"section-wrapper\" data-id=\"KArI3U\"><section class=\"wp-block-gutenverse-section guten-element guten-section guten-KArI3U layout-fullwidth align-stretch\"><div class=\"guten-container guten-column-gap-narrow\">\n<div class=\"wp-block-gutenverse-column guten-element guten-column guten-bWHKvV\"><div class=\"guten-column-wrapper\" data-id=\"bWHKvV\">\n<div class=\"guten-element guten-d1dqFg guten-icon-box icon-position-top\"><div class=\"guten-icon-box-wrapper hover-from-left\"><div class=\"icon-box icon-box-header\"><div class=\"icon bg-style-color\"><i class=\"far fa-user icon-style-color\"><\/i><\/div><\/div><div class=\"icon-box icon-box-body\"><h2 class=\"title\">Muscle Stimulation for Weakness or Paralysis<\/h2><p class=\"icon-box-description\">Weakened muscles can be specifically activated and supported during the recovery process.<\/p><\/div><\/div><\/div>\n<\/div><\/div>\n<\/div><\/section><\/div>\n\n\n\n<div class=\"section-wrapper\" data-id=\"2b9HBi\"><section class=\"wp-block-gutenverse-section guten-element guten-section guten-2b9HBi layout-fullwidth align-stretch\"><div class=\"guten-container guten-column-gap-narrow\">\n<div class=\"wp-block-gutenverse-column guten-element guten-column guten-i6IZLq\"><div class=\"guten-column-wrapper\" data-id=\"i6IZLq\">\n<div class=\"guten-element guten-aq8ZEh guten-icon-box icon-position-top\"><div class=\"guten-icon-box-wrapper hover-from-left\"><div class=\"icon-box icon-box-header\"><div class=\"icon bg-style-color\"><i class=\"far fa-user icon-style-color\"><\/i><\/div><\/div><div class=\"icon-box icon-box-body\"><h2 class=\"title\">Enhancing Tissue Metabolism<\/h2><p class=\"icon-box-description\">Electrical stimulation promotes metabolic processes and accelerates healing mechanisms.<\/p><\/div><\/div><\/div>\n<\/div><\/div>\n<\/div><\/section><\/div>\n<\/div><\/div>\n<\/div><\/section><\/div>\n\n\n\n<div class=\"section-wrapper\" data-id=\"m63sWB\"><section class=\"wp-block-gutenverse-section guten-element guten-section guten-m63sWB layout-boxed align-stretch\"><div class=\"guten-container guten-column-gap-default\">\n<div class=\"wp-block-gutenverse-column guten-element guten-column guten-LJ8L75\"><div class=\"guten-column-wrapper\" data-id=\"LJ8L75\">\n<div class=\"guten-element guten-wrap-helper no-margin guten-a8KVqt block\"><div class=\"guten-inner-wrap\" data-id=\"a8KVqt\">\n<p aria-label=\"Coverage of costs depends on your health insurance and the type of treatment. I am happy to discuss the details with you individually during a personal consultation.\" class=\"guten-element gutenverse-text guten-Q5frpS\">Appointments<\/p>\n<\/div><\/div>\n\n\n\n<h2 class=\"wp-block-gutenverse-heading guten-element guten-70r4iK\">Request an appointment online<\/h2>\n\n\n\n<div class=\"section-wrapper\" data-id=\"Ec5nKD\"><section class=\"wp-block-gutenverse-section guten-element guten-section guten-Ec5nKD layout-fullwidth align-stretch\"><div class=\"guten-container guten-column-gap-narrow\">\n<div class=\"wp-block-gutenverse-column guten-element guten-column guten-Kclwpo\"><div class=\"guten-column-wrapper\" data-id=\"Kclwpo\">\n<p aria-label=\"Coverage of costs depends on your health insurance and the type of treatment. I am happy to discuss the details with you individually during a personal consultation.\" class=\"guten-element gutenverse-text guten-5Wf6va\">To schedule an appointment, please use the button below. There you will find all the steps for booking, along with an overview of the most important information.<\/p>\n\n\n\n<div class=\"guten-element guten-button-wrapper guten-ah7Aw3\"><a class=\"guten-button guten-button-md\" href=\"https:\/\/physiotherapie-pregler.de\/en\/kontakt\/\"><span>Request an appointment online<\/span><i class=\"fa-lg far fa-calendar-alt\"><\/i><\/a><\/div>\n<\/div><\/div>\n<\/div><\/section><\/div>\n<\/div><\/div>\n<\/div><\/section><\/div>\n\n\n\n<div class=\"section-wrapper\" data-id=\"BHd0dv\"><section class=\"wp-block-gutenverse-section guten-element guten-section guten-BHd0dv layout-boxed align-stretch\"><div class=\"guten-container guten-column-gap-default\">\n<div class=\"wp-block-gutenverse-column guten-element guten-column guten-5C7909\"><div class=\"guten-column-wrapper\" data-id=\"5C7909\">\n<div class=\"guten-element guten-wrap-helper no-margin guten-NAv5W0 block\"><div class=\"guten-inner-wrap\" data-id=\"NAv5W0\">\n<p aria-label=\"Coverage of costs depends on your health insurance and the type of treatment. I am happy to discuss the details with you individually during a personal consultation.\" class=\"guten-element gutenverse-text guten-wLPIWK\">Any questions?<\/p>\n<\/div><\/div>\n\n\n\n<h2 class=\"wp-block-gutenverse-heading guten-element guten-roQnam\">Your coverage<\/h2>\n\n\n\n<div class=\"section-wrapper\" data-id=\"iL2pCj\"><section class=\"wp-block-gutenverse-section guten-element guten-section guten-iL2pCj layout-fullwidth align-stretch\"><div class=\"guten-container guten-column-gap-narrow\">\n<div class=\"wp-block-gutenverse-column guten-element guten-column guten-OhAi2O\"><div class=\"guten-column-wrapper\" data-id=\"OhAi2O\">\n<p aria-label=\"Coverage of costs depends on your health insurance and the type of treatment. I am happy to discuss the details with you individually during a personal consultation.\" class=\"guten-element gutenverse-text guten-coZtXs\">As a private practice I treat privately insured patients, patients with civil\u2011servant medical\u2011benefit coverage (Beihilfe), and self\u2011paying patients. I will be happy to inform you transparently about the treatment process, duration, and cost structure before therapy begins.<\/p>\n<\/div><\/div>\n<\/div><\/section><\/div>\n\n\n\n<div class=\"section-wrapper\" data-id=\"golk3U\"><section class=\"wp-block-gutenverse-section guten-element guten-section guten-golk3U layout-fullwidth align-stretch\"><div class=\"guten-container guten-column-gap-narrow\">\n<div class=\"wp-block-gutenverse-column guten-element guten-column guten-9lyIpE\"><div class=\"guten-column-wrapper\" data-id=\"9lyIpE\">\n<div class=\"guten-element guten-accordions-wrapper guten-nxYD3K\"><div class=\"guten-accordions\">\n<div class=\"accordion-item guten-4ZPyeZ\"><div class=\"accordion-heading\"><div class=\"accordion-icon\"><span class=\"accordion-icon-open\"><i class=\"fas fa-arrow-alt-circle-down\"><\/i><\/span><span class=\"accordion-icon-closed\"><i class=\"fas fa-arrow-alt-circle-right\"><\/i><\/span><\/div><span class=\"accordion-text\">What is electrotherapy?<\/span><\/div><div class=\"accordion-body\"><div class=\"accordion-content\">\n<p aria-label=\"Coverage of costs depends on your health insurance and the type of treatment. I am happy to discuss the details with you individually during a personal consultation.\" class=\"guten-element gutenverse-text guten-JIpoXD\">Electrotherapy is a physiotherapeutic method that uses electrical currents to alleviate pain, stimulate muscles, and promote the healing process.<\/p>\n<\/div><\/div><\/div>\n\n\n\n<div class=\"accordion-item guten-vLwRgC\"><div class=\"accordion-heading\"><div class=\"accordion-icon\"><span class=\"accordion-icon-open\"><i class=\"fas fa-arrow-alt-circle-down\"><\/i><\/span><span class=\"accordion-icon-closed\"><i class=\"fas fa-arrow-alt-circle-right\"><\/i><\/span><\/div><span class=\"accordion-text\">When is electrotherapy used?<\/span><\/div><div class=\"accordion-body\"><div class=\"accordion-content\">\n<p aria-label=\"Coverage of costs depends on your health insurance and the type of treatment. I am happy to discuss the details with you individually during a personal consultation.\" class=\"guten-element gutenverse-text guten-QyIWyl\">It is used for pain, muscle tension, muscle weakness, nerve irritation, and to support rehabilitation following surgery.<\/p>\n<\/div><\/div><\/div>\n\n\n\n<div class=\"accordion-item guten-LCco79 active\"><div class=\"accordion-heading\"><div class=\"accordion-icon\"><span class=\"accordion-icon-open\"><i class=\"fas fa-arrow-alt-circle-down\"><\/i><\/span><span class=\"accordion-icon-closed\"><i class=\"fas fa-arrow-alt-circle-right\"><\/i><\/span><\/div><span class=\"accordion-text\">Is the treatment painful?<\/span><\/div><div class=\"accordion-body\"><div class=\"accordion-content\">\n<p aria-label=\"Coverage of costs depends on your health insurance and the type of treatment. I am happy to discuss the details with you individually during a personal consultation.\" class=\"guten-element gutenverse-text guten-huG5tq\">As a rule, the treatment is very well tolerated. You will usually feel a slight tingling sensation or gentle muscle activation.<\/p>\n<\/div><\/div><\/div>\n<\/div><\/div>\n<\/div><\/div>\n\n\n\n<div class=\"mobile-overlay-vertical wp-block-gutenverse-column guten-element guten-column guten-ngPuHZ\"><div class=\"guten-column-wrapper\" data-id=\"ngPuHZ\"><div class=\"guten-background-overlay\"><\/div>\n<div class=\"guten-element guten-spacer guten-2GpJaK\"><\/div>\n<\/div><\/div>\n<\/div><\/section><\/div>\n<\/div><\/div>\n<\/div><\/section><\/div>","protected":false},"excerpt":{"rendered":"","protected":false},"featured_media":0,"menu_order":0,"template":"","meta":{"nf_dc_page":""},"class_list":["post-537","services","type-services","status-publish","hentry"],"yoast_head":"<!-- This site is optimized with the Yoast SEO plugin v27.3 - https:\/\/yoast.com\/product\/yoast-seo-wordpress\/ -->\n<title>Elektrotherapie (ET) in M\u00fcnchen - Private Physiotherapie Pregler<\/title>\n<meta name=\"description\" content=\"Elektrotherapie in M\u00fcnchen: Gezielte Behandlung bei Schmerzen, Muskelschw\u00e4che und Reizzust\u00e4nden. Jetzt Termin vereinbaren.\" \/>\n<meta name=\"robots\" content=\"index, follow, max-snippet:-1, max-image-preview:large, max-video-preview:-1\" \/>\n<link rel=\"canonical\" href=\"https:\/\/physiotherapie-pregler.de\/en\/services\/elektrotherapie\/\" \/>\n<meta property=\"og:locale\" content=\"en_US\" \/>\n<meta property=\"og:type\" content=\"article\" \/>\n<meta property=\"og:title\" content=\"Elektrotherapie (ET) in M\u00fcnchen - Private Physiotherapie Pregler\" \/>\n<meta property=\"og:description\" content=\"Elektrotherapie in M\u00fcnchen: Gezielte Behandlung bei Schmerzen, Muskelschw\u00e4che und Reizzust\u00e4nden. Jetzt Termin vereinbaren.\" \/>\n<meta property=\"og:url\" content=\"https:\/\/physiotherapie-pregler.de\/en\/services\/elektrotherapie\/\" \/>\n<meta property=\"og:site_name\" content=\"Private Physiotherapie Pregler\" \/>\n<meta property=\"article:modified_time\" content=\"2026-04-01T12:30:24+00:00\" \/>\n<meta property=\"og:image\" content=\"https:\/\/physiotherapie-pregler.de\/wp-content\/uploads\/2026\/03\/midsection-doctor-with-patient-scaled.jpg\" \/>\n\t<meta property=\"og:image:width\" content=\"2560\" \/>\n\t<meta property=\"og:image:height\" content=\"1707\" \/>\n\t<meta property=\"og:image:type\" content=\"image\/jpeg\" \/>\n<meta name=\"twitter:card\" content=\"summary_large_image\" \/>\n<meta name=\"twitter:label1\" content=\"Est. reading time\" \/>\n\t<meta name=\"twitter:data1\" content=\"2 minutes\" \/>\n<script type=\"application\/ld+json\" class=\"yoast-schema-graph\">{\"@context\":\"https:\\\/\\\/schema.org\",\"@graph\":[{\"@type\":[\"WebPage\",\"MedicalWebPage\"],\"@id\":\"https:\\\/\\\/physiotherapie-pregler.de\\\/services\\\/elektrotherapie\\\/\",\"url\":\"https:\\\/\\\/physiotherapie-pregler.de\\\/services\\\/elektrotherapie\\\/\",\"name\":\"Elektrotherapie (ET) in M\u00fcnchen - Private Physiotherapie Pregler\",\"isPartOf\":{\"@id\":\"https:\\\/\\\/rzu.upx.mybluehost.me\\\/#website\"},\"primaryImageOfPage\":{\"@id\":\"https:\\\/\\\/physiotherapie-pregler.de\\\/services\\\/elektrotherapie\\\/#primaryimage\"},\"image\":{\"@id\":\"https:\\\/\\\/physiotherapie-pregler.de\\\/services\\\/elektrotherapie\\\/#primaryimage\"},\"thumbnailUrl\":\"https:\\\/\\\/physiotherapie-pregler.de\\\/wp-content\\\/uploads\\\/2026\\\/03\\\/midsection-doctor-with-patient-scaled.jpg\",\"datePublished\":\"2025-07-21T11:42:55+00:00\",\"dateModified\":\"2026-04-01T12:30:24+00:00\",\"description\":\"Elektrotherapie in M\u00fcnchen: Gezielte Behandlung bei Schmerzen, Muskelschw\u00e4che und Reizzust\u00e4nden. Jetzt Termin vereinbaren.\",\"breadcrumb\":{\"@id\":\"https:\\\/\\\/physiotherapie-pregler.de\\\/services\\\/elektrotherapie\\\/#breadcrumb\"},\"inLanguage\":\"en-US\",\"potentialAction\":[{\"@type\":\"ReadAction\",\"target\":[\"https:\\\/\\\/physiotherapie-pregler.de\\\/services\\\/elektrotherapie\\\/\"]}]},{\"@type\":\"ImageObject\",\"inLanguage\":\"en-US\",\"@id\":\"https:\\\/\\\/physiotherapie-pregler.de\\\/services\\\/elektrotherapie\\\/#primaryimage\",\"url\":\"https:\\\/\\\/physiotherapie-pregler.de\\\/wp-content\\\/uploads\\\/2026\\\/03\\\/midsection-doctor-with-patient-scaled.jpg\",\"contentUrl\":\"https:\\\/\\\/physiotherapie-pregler.de\\\/wp-content\\\/uploads\\\/2026\\\/03\\\/midsection-doctor-with-patient-scaled.jpg\"},{\"@type\":\"BreadcrumbList\",\"@id\":\"https:\\\/\\\/physiotherapie-pregler.de\\\/services\\\/elektrotherapie\\\/#breadcrumb\",\"itemListElement\":[{\"@type\":\"ListItem\",\"position\":1,\"name\":\"Home\",\"item\":\"https:\\\/\\\/physiotherapie-pregler.de\\\/\"},{\"@type\":\"ListItem\",\"position\":2,\"name\":\"Elektrotherapie (ET)\"}]},{\"@type\":\"WebSite\",\"@id\":\"https:\\\/\\\/rzu.upx.mybluehost.me\\\/#website\",\"url\":\"https:\\\/\\\/rzu.upx.mybluehost.me\\\/\",\"name\":\"Private Physiotherapie Pregler\",\"description\":\"PRIVATE PHYSIOTHERAPIE PREGLER\",\"publisher\":{\"@id\":\"https:\\\/\\\/rzu.upx.mybluehost.me\\\/#organization\"},\"alternateName\":\"Private Physiotherapie Pregler\",\"potentialAction\":[{\"@type\":\"SearchAction\",\"target\":{\"@type\":\"EntryPoint\",\"urlTemplate\":\"https:\\\/\\\/rzu.upx.mybluehost.me\\\/?s={search_term_string}\"},\"query-input\":{\"@type\":\"PropertyValueSpecification\",\"valueRequired\":true,\"valueName\":\"search_term_string\"}}],\"inLanguage\":\"en-US\"},{\"@type\":\"Organization\",\"@id\":\"https:\\\/\\\/rzu.upx.mybluehost.me\\\/#organization\",\"name\":\"Private Physiotherapie Pregler\",\"alternateName\":\"Private Physiotherapie Pregler\",\"url\":\"https:\\\/\\\/rzu.upx.mybluehost.me\\\/\",\"logo\":{\"@type\":\"ImageObject\",\"inLanguage\":\"en-US\",\"@id\":\"https:\\\/\\\/rzu.upx.mybluehost.me\\\/#\\\/schema\\\/logo\\\/image\\\/\",\"url\":\"https:\\\/\\\/physiotherapie-pregler.de\\\/wp-content\\\/uploads\\\/2025\\\/07\\\/Physiotherapie-Pregler-Logo-Green.webp\",\"contentUrl\":\"https:\\\/\\\/physiotherapie-pregler.de\\\/wp-content\\\/uploads\\\/2025\\\/07\\\/Physiotherapie-Pregler-Logo-Green.webp\",\"width\":512,\"height\":512,\"caption\":\"Private Physiotherapie Pregler\"},\"image\":{\"@id\":\"https:\\\/\\\/rzu.upx.mybluehost.me\\\/#\\\/schema\\\/logo\\\/image\\\/\"},\"sameAs\":[\"https:\\\/\\\/www.instagram.com\\\/physiopregler\\\/\"]}]}<\/script>\n<!-- \/ Yoast SEO plugin. -->","yoast_head_json":{"title":"Elektrotherapie (ET) in M\u00fcnchen - Private Physiotherapie Pregler","description":"Elektrotherapie in M\u00fcnchen: Gezielte Behandlung bei Schmerzen, Muskelschw\u00e4che und Reizzust\u00e4nden. Jetzt Termin vereinbaren.","robots":{"index":"index","follow":"follow","max-snippet":"max-snippet:-1","max-image-preview":"max-image-preview:large","max-video-preview":"max-video-preview:-1"},"canonical":"https:\/\/physiotherapie-pregler.de\/en\/services\/elektrotherapie\/","og_locale":"en_US","og_type":"article","og_title":"Elektrotherapie (ET) in M\u00fcnchen - Private Physiotherapie Pregler","og_description":"Elektrotherapie in M\u00fcnchen: Gezielte Behandlung bei Schmerzen, Muskelschw\u00e4che und Reizzust\u00e4nden. Jetzt Termin vereinbaren.","og_url":"https:\/\/physiotherapie-pregler.de\/en\/services\/elektrotherapie\/","og_site_name":"Private Physiotherapie Pregler","article_modified_time":"2026-04-01T12:30:24+00:00","og_image":[{"width":2560,"height":1707,"url":"https:\/\/physiotherapie-pregler.de\/wp-content\/uploads\/2026\/03\/midsection-doctor-with-patient-scaled.jpg","type":"image\/jpeg"}],"twitter_card":"summary_large_image","twitter_misc":{"Est. reading time":"2 minutes"},"schema":{"@context":"https:\/\/schema.org","@graph":[{"@type":["WebPage","MedicalWebPage"],"@id":"https:\/\/physiotherapie-pregler.de\/services\/elektrotherapie\/","url":"https:\/\/physiotherapie-pregler.de\/services\/elektrotherapie\/","name":"Elektrotherapie (ET) in M\u00fcnchen - Private Physiotherapie Pregler","isPartOf":{"@id":"https:\/\/rzu.upx.mybluehost.me\/#website"},"primaryImageOfPage":{"@id":"https:\/\/physiotherapie-pregler.de\/services\/elektrotherapie\/#primaryimage"},"image":{"@id":"https:\/\/physiotherapie-pregler.de\/services\/elektrotherapie\/#primaryimage"},"thumbnailUrl":"https:\/\/physiotherapie-pregler.de\/wp-content\/uploads\/2026\/03\/midsection-doctor-with-patient-scaled.jpg","datePublished":"2025-07-21T11:42:55+00:00","dateModified":"2026-04-01T12:30:24+00:00","description":"Elektrotherapie in M\u00fcnchen: Gezielte Behandlung bei Schmerzen, Muskelschw\u00e4che und Reizzust\u00e4nden. Jetzt Termin vereinbaren.","breadcrumb":{"@id":"https:\/\/physiotherapie-pregler.de\/services\/elektrotherapie\/#breadcrumb"},"inLanguage":"en-US","potentialAction":[{"@type":"ReadAction","target":["https:\/\/physiotherapie-pregler.de\/services\/elektrotherapie\/"]}]},{"@type":"ImageObject","inLanguage":"en-US","@id":"https:\/\/physiotherapie-pregler.de\/services\/elektrotherapie\/#primaryimage","url":"https:\/\/physiotherapie-pregler.de\/wp-content\/uploads\/2026\/03\/midsection-doctor-with-patient-scaled.jpg","contentUrl":"https:\/\/physiotherapie-pregler.de\/wp-content\/uploads\/2026\/03\/midsection-doctor-with-patient-scaled.jpg"},{"@type":"BreadcrumbList","@id":"https:\/\/physiotherapie-pregler.de\/services\/elektrotherapie\/#breadcrumb","itemListElement":[{"@type":"ListItem","position":1,"name":"Home","item":"https:\/\/physiotherapie-pregler.de\/"},{"@type":"ListItem","position":2,"name":"Elektrotherapie (ET)"}]},{"@type":"WebSite","@id":"https:\/\/rzu.upx.mybluehost.me\/#website","url":"https:\/\/rzu.upx.mybluehost.me\/","name":"Pregler Private Physiotherapy","description":"PRIVATE PHYSIOTHERAPIE PREGLER","publisher":{"@id":"https:\/\/rzu.upx.mybluehost.me\/#organization"},"alternateName":"Private Physiotherapie Pregler","potentialAction":[{"@type":"SearchAction","target":{"@type":"EntryPoint","urlTemplate":"https:\/\/rzu.upx.mybluehost.me\/?s={search_term_string}"},"query-input":{"@type":"PropertyValueSpecification","valueRequired":true,"valueName":"search_term_string"}}],"inLanguage":"en-US"},{"@type":"Organization","@id":"https:\/\/rzu.upx.mybluehost.me\/#organization","name":"Pregler Private Physiotherapy","alternateName":"Private Physiotherapie Pregler","url":"https:\/\/rzu.upx.mybluehost.me\/","logo":{"@type":"ImageObject","inLanguage":"en-US","@id":"https:\/\/rzu.upx.mybluehost.me\/#\/schema\/logo\/image\/","url":"https:\/\/physiotherapie-pregler.de\/wp-content\/uploads\/2025\/07\/Physiotherapie-Pregler-Logo-Green.webp","contentUrl":"https:\/\/physiotherapie-pregler.de\/wp-content\/uploads\/2025\/07\/Physiotherapie-Pregler-Logo-Green.webp","width":512,"height":512,"caption":"Private Physiotherapie Pregler"},"image":{"@id":"https:\/\/rzu.upx.mybluehost.me\/#\/schema\/logo\/image\/"},"sameAs":["https:\/\/www.instagram.com\/physiopregler\/"]}]}},"_links":{"self":[{"href":"https:\/\/physiotherapie-pregler.de\/en\/wp-json\/wp\/v2\/services\/537","targetHints":{"allow":["GET"]}}],"collection":[{"href":"https:\/\/physiotherapie-pregler.de\/en\/wp-json\/wp\/v2\/services"}],"about":[{"href":"https:\/\/physiotherapie-pregler.de\/en\/wp-json\/wp\/v2\/types\/services"}],"wp:attachment":[{"href":"https:\/\/physiotherapie-pregler.de\/en\/wp-json\/wp\/v2\/media?parent=537"}],"curies":[{"name":"wp","href":"https:\/\/api.w.org\/{rel}","templated":true}]}}